{"id":54,"date":"2017-07-14T10:59:47","date_gmt":"2017-07-14T08:59:47","guid":{"rendered":"https:\/\/jabietz.de\/fregatte-luebeck\/?page_id=54"},"modified":"2017-07-19T10:43:37","modified_gmt":"2017-07-19T08:43:37","slug":"bildergalerie","status":"publish","type":"page","link":"https:\/\/jabietz.de\/fregatte-luebeck\/bildergalerie\/","title":{"rendered":"Bildergalerie der &#8222;F214&#8220;"},"content":{"rendered":"<p style=\"text-align: justify;\">Viele der hier gezeigten Bilder, Zeitungsausschnitte, Einladungskarten und Urkunden habe ich von meinem Vater geerbt, der in W\u00fcrdigung seiner Verdienste um die enge Verbundenheit zwischen der Marinekameradschaft L\u00fcbeck und den Portepeeunteroffizieren der Fregatte &#8222;L\u00dcBECK&#8220; im Juni 1993 die Ehrenmitgliedschaft der Portepeeunteroffiziers-Messe verliehen wurde. Gleichzeitig hat er ein Kartonmodell der Fregatte &#8222;L\u00dcBECK&#8220; Klasse 120 der Portepeemesse gestiftet.<\/p>\n<hr \/>\n<h1><span style=\"font-size: 18pt;\">Patenschaftsbesuch in L\u00fcbeck 10.03. &#8211; 13.03.2017<\/span><\/h1>\n<h2>Bilder vom Auslaufen am Montag, den 13.M\u00e4rz<\/h2>\n<p style=\"text-align: justify;\">Heute Morgen hat die &#8222;L\u00dcBECK&#8220; um 10 Uhr den Burgtorhafen in L\u00fcbeck verlassen und nach 90 Minuten Travefahrt kam sie durch Travem\u00fcnde. Hier ein paar Eindr\u00fccke der Vorbeifahrt von der Halbinsel Priwall aufgenommen.<\/p>\n<p><a href=\"https:\/\/jabietz.de\/fregatte-luebeck\/wp-content\/uploads\/2017\/07\/20170313-01.jpg\" rel=\"lightbox[20170313]\" data-lbwps-width=\"2000\" data-lbwps-height=\"1124\" data-lbwps-srcsmall=\"https:\/\/jabietz.de\/fregatte-luebeck\/wp-content\/uploads\/2017\/07\/20170313-01-300x169.jpg\"><img loading=\"lazy\" decoding=\"async\" class=\"alignnone wp-image-418 size-medium\" title=\"Auslaufen 13.03.2017\" src=\"https:\/\/jabietz.de\/fregatte-luebeck\/wp-content\/uploads\/2017\/07\/20170313-01-300x169.jpg\" alt=\"\" width=\"300\" height=\"169\" srcset=\"https:\/\/jabietz.de\/fregatte-luebeck\/wp-content\/uploads\/2017\/07\/20170313-01-300x169.jpg 300w, https:\/\/jabietz.de\/fregatte-luebeck\/wp-content\/uploads\/2017\/07\/20170313-01-768x432.jpg 768w, https:\/\/jabietz.de\/fregatte-luebeck\/wp-content\/uploads\/2017\/07\/20170313-01-1024x575.jpg 1024w, https:\/\/jabietz.de\/fregatte-luebeck\/wp-content\/uploads\/2017\/07\/20170313-01-500x281.jpg 500w, https:\/\/jabietz.de\/fregatte-luebeck\/wp-content\/uploads\/2017\/07\/20170313-01.jpg 2000w\" sizes=\"auto, (max-width: 300px) 100vw, 300px\" \/><\/a> <a href=\"https:\/\/jabietz.de\/fregatte-luebeck\/wp-content\/uploads\/2017\/07\/20170313-02.jpg\" rel=\"lightbox[20170313]\" data-lbwps-width=\"2000\" data-lbwps-height=\"1124\" data-lbwps-srcsmall=\"https:\/\/jabietz.de\/fregatte-luebeck\/wp-content\/uploads\/2017\/07\/20170313-02-300x169.jpg\"><img loading=\"lazy\" decoding=\"async\" class=\"alignnone wp-image-419 size-medium\" title=\"Auslaufen 13.03.2017\" src=\"https:\/\/jabietz.de\/fregatte-luebeck\/wp-content\/uploads\/2017\/07\/20170313-02-300x169.jpg\" alt=\"\" width=\"300\" height=\"169\" srcset=\"https:\/\/jabietz.de\/fregatte-luebeck\/wp-content\/uploads\/2017\/07\/20170313-02-300x169.jpg 300w, https:\/\/jabietz.de\/fregatte-luebeck\/wp-content\/uploads\/2017\/07\/20170313-02-768x432.jpg 768w, https:\/\/jabietz.de\/fregatte-luebeck\/wp-content\/uploads\/2017\/07\/20170313-02-1024x575.jpg 1024w, https:\/\/jabietz.de\/fregatte-luebeck\/wp-content\/uploads\/2017\/07\/20170313-02-500x281.jpg 500w, https:\/\/jabietz.de\/fregatte-luebeck\/wp-content\/uploads\/2017\/07\/20170313-02.jpg 2000w\" sizes=\"auto, (max-width: 300px) 100vw, 300px\" \/><\/a> <a href=\"https:\/\/jabietz.de\/fregatte-luebeck\/wp-content\/uploads\/2017\/07\/20170313-03.jpg\" rel=\"lightbox[20170313]\" data-lbwps-width=\"2000\" data-lbwps-height=\"1124\" data-lbwps-srcsmall=\"https:\/\/jabietz.de\/fregatte-luebeck\/wp-content\/uploads\/2017\/07\/20170313-03-300x169.jpg\"><img loading=\"lazy\" decoding=\"async\" class=\"alignnone wp-image-420 size-medium\" title=\"Auslaufen 13.03.2017\" src=\"https:\/\/jabietz.de\/fregatte-luebeck\/wp-content\/uploads\/2017\/07\/20170313-03-300x169.jpg\" alt=\"\" width=\"300\" height=\"169\" srcset=\"https:\/\/jabietz.de\/fregatte-luebeck\/wp-content\/uploads\/2017\/07\/20170313-03-300x169.jpg 300w, https:\/\/jabietz.de\/fregatte-luebeck\/wp-content\/uploads\/2017\/07\/20170313-03-768x432.jpg 768w, https:\/\/jabietz.de\/fregatte-luebeck\/wp-content\/uploads\/2017\/07\/20170313-03-1024x575.jpg 1024w, https:\/\/jabietz.de\/fregatte-luebeck\/wp-content\/uploads\/2017\/07\/20170313-03-500x281.jpg 500w, https:\/\/jabietz.de\/fregatte-luebeck\/wp-content\/uploads\/2017\/07\/20170313-03.jpg 2000w\" sizes=\"auto, (max-width: 300px) 100vw, 300px\" \/><\/a> <a href=\"https:\/\/jabietz.de\/fregatte-luebeck\/wp-content\/uploads\/2017\/07\/20170313-04.jpg\" rel=\"lightbox[20170313]\" data-lbwps-width=\"2000\" data-lbwps-height=\"1124\" data-lbwps-srcsmall=\"https:\/\/jabietz.de\/fregatte-luebeck\/wp-content\/uploads\/2017\/07\/20170313-04-300x169.jpg\"><img loading=\"lazy\" decoding=\"async\" class=\"alignnone wp-image-422 size-medium\" title=\"Auslaufen 13.03.2017\" src=\"https:\/\/jabietz.de\/fregatte-luebeck\/wp-content\/uploads\/2017\/07\/20170313-04-300x169.jpg\" alt=\"\" width=\"300\" height=\"169\" srcset=\"https:\/\/jabietz.de\/fregatte-luebeck\/wp-content\/uploads\/2017\/07\/20170313-04-300x169.jpg 300w, https:\/\/jabietz.de\/fregatte-luebeck\/wp-content\/uploads\/2017\/07\/20170313-04-768x432.jpg 768w, https:\/\/jabietz.de\/fregatte-luebeck\/wp-content\/uploads\/2017\/07\/20170313-04-1024x575.jpg 1024w, https:\/\/jabietz.de\/fregatte-luebeck\/wp-content\/uploads\/2017\/07\/20170313-04-500x281.jpg 500w, https:\/\/jabietz.de\/fregatte-luebeck\/wp-content\/uploads\/2017\/07\/20170313-04.jpg 2000w\" sizes=\"auto, (max-width: 300px) 100vw, 300px\" \/><\/a> <a href=\"https:\/\/jabietz.de\/fregatte-luebeck\/wp-content\/uploads\/2017\/07\/20170313-05.jpg\" rel=\"lightbox[20170313]\" data-lbwps-width=\"2000\" data-lbwps-height=\"1124\" data-lbwps-srcsmall=\"https:\/\/jabietz.de\/fregatte-luebeck\/wp-content\/uploads\/2017\/07\/20170313-05-300x169.jpg\"><img loading=\"lazy\" decoding=\"async\" class=\"alignnone wp-image-423 size-medium\" title=\"Auslaufen 13.03.2017\" src=\"https:\/\/jabietz.de\/fregatte-luebeck\/wp-content\/uploads\/2017\/07\/20170313-05-300x169.jpg\" alt=\"\" width=\"300\" height=\"169\" srcset=\"https:\/\/jabietz.de\/fregatte-luebeck\/wp-content\/uploads\/2017\/07\/20170313-05-300x169.jpg 300w, https:\/\/jabietz.de\/fregatte-luebeck\/wp-content\/uploads\/2017\/07\/20170313-05-768x432.jpg 768w, https:\/\/jabietz.de\/fregatte-luebeck\/wp-content\/uploads\/2017\/07\/20170313-05-1024x575.jpg 1024w, https:\/\/jabietz.de\/fregatte-luebeck\/wp-content\/uploads\/2017\/07\/20170313-05-500x281.jpg 500w, https:\/\/jabietz.de\/fregatte-luebeck\/wp-content\/uploads\/2017\/07\/20170313-05.jpg 2000w\" sizes=\"auto, (max-width: 300px) 100vw, 300px\" \/><\/a> <a href=\"https:\/\/jabietz.de\/fregatte-luebeck\/wp-content\/uploads\/2017\/07\/20170313-06.jpg\" rel=\"lightbox[20170313]\" data-lbwps-width=\"2000\" data-lbwps-height=\"1124\" data-lbwps-srcsmall=\"https:\/\/jabietz.de\/fregatte-luebeck\/wp-content\/uploads\/2017\/07\/20170313-06-300x169.jpg\"><img loading=\"lazy\" decoding=\"async\" class=\"alignnone wp-image-424 size-medium\" title=\"Auslaufen 13.03.2017\" src=\"https:\/\/jabietz.de\/fregatte-luebeck\/wp-content\/uploads\/2017\/07\/20170313-06-300x169.jpg\" alt=\"\" width=\"300\" height=\"169\" srcset=\"https:\/\/jabietz.de\/fregatte-luebeck\/wp-content\/uploads\/2017\/07\/20170313-06-300x169.jpg 300w, https:\/\/jabietz.de\/fregatte-luebeck\/wp-content\/uploads\/2017\/07\/20170313-06-768x432.jpg 768w, https:\/\/jabietz.de\/fregatte-luebeck\/wp-content\/uploads\/2017\/07\/20170313-06-1024x575.jpg 1024w, https:\/\/jabietz.de\/fregatte-luebeck\/wp-content\/uploads\/2017\/07\/20170313-06-500x281.jpg 500w, https:\/\/jabietz.de\/fregatte-luebeck\/wp-content\/uploads\/2017\/07\/20170313-06.jpg 2000w\" sizes=\"auto, (max-width: 300px) 100vw, 300px\" \/><\/a><\/p>\n<p style=\"text-align: justify;\">Um 13:00 Uhr kringelte die &#8222;L\u00dcBECK&#8220; wieder in der L\u00fcbecker Bucht &#8211; war vermutlich ein Mann-\u00fcber-Bord-Man\u00f6ver. Das n\u00e4chste Ziel soll Bergen in Norwegen sein.<\/p>\n<p>Gute Fahrt und immer eine Handbreit Wasser unter dem Kiel.<\/p>\n<h2>Bilder vom OpenShip am Samstag, den 11.M\u00e4rz &#8211;\u00a0<span style=\"color: #ff0000;\">FEHLANZEIGE<\/span><\/h2>\n<p style=\"text-align: justify;\">War ich am Einlauftag noch entt\u00e4uscht von der Resonanz zur Begr\u00fc\u00dfung des Schiffes, so war das OpenShip das traurigste, was ich jemals bei einer Besichtigung eines Marineschiffes erleben durfte. Auch dieses Mal durfte man sich w\u00e4hrend des OpenShip nur an Oberdeck aufhalten und einen Rundgang machen. Im Hangar gab es auch dieses Mal keine Cola, kein Bierchen und auch keine Grillwurst. Im Vergleich zum letzten Besuch 2014 ist es dieses Mal sogar noch schlimmer geworden, denn es gab noch nicht einmal Feuerzeuge, T-Shirts oder M\u00fctzen.<\/p>\n<p>Und deshalb gibt es auch keine Bilder. Die Entt\u00e4uschung meinerseits ist sogar so gro\u00df, dass ich am Montag nicht zur Verabschiedung zum Burgtorhafen nach L\u00fcbeck fahren werde.<\/p>\n<h2>Bilder vom Einlaufen am Freitag, den 10.M\u00e4rz<\/h2>\n<p style=\"text-align: justify;\">Heute Morgen war die &#8222;L\u00dcBECK&#8220; gegen 8 Uhr an der Ansteuerungstonne &#8218;Trave&#8216; und hat den Lotsen \u00fcbernommen.<\/p>\n<p><a href=\"https:\/\/jabietz.de\/fregatte-luebeck\/wp-content\/uploads\/2017\/07\/20170310-01.jpg\" rel=\"lightbox[20170310]\" data-lbwps-width=\"2000\" data-lbwps-height=\"1124\" data-lbwps-srcsmall=\"https:\/\/jabietz.de\/fregatte-luebeck\/wp-content\/uploads\/2017\/07\/20170310-01-300x169.jpg\"><img loading=\"lazy\" decoding=\"async\" class=\"alignnone wp-image-425 size-medium\" title=\"Einlaufen 10.03.2017\" src=\"https:\/\/jabietz.de\/fregatte-luebeck\/wp-content\/uploads\/2017\/07\/20170310-01-300x169.jpg\" alt=\"\" width=\"300\" height=\"169\" srcset=\"https:\/\/jabietz.de\/fregatte-luebeck\/wp-content\/uploads\/2017\/07\/20170310-01-300x169.jpg 300w, https:\/\/jabietz.de\/fregatte-luebeck\/wp-content\/uploads\/2017\/07\/20170310-01-768x432.jpg 768w, https:\/\/jabietz.de\/fregatte-luebeck\/wp-content\/uploads\/2017\/07\/20170310-01-1024x575.jpg 1024w, https:\/\/jabietz.de\/fregatte-luebeck\/wp-content\/uploads\/2017\/07\/20170310-01-500x281.jpg 500w, https:\/\/jabietz.de\/fregatte-luebeck\/wp-content\/uploads\/2017\/07\/20170310-01.jpg 2000w\" sizes=\"auto, (max-width: 300px) 100vw, 300px\" \/><\/a><\/p>\n<p style=\"text-align: justify;\">Etwa eine halbe Stunde sp\u00e4ter steuerte die Fregatte um die Mole von Travem\u00fcnde. Begeitet wurde sie von den Schleppern &#8222;Axel&#8220; und &#8222;Arion&#8220;&#8230;<\/p>\n<p><a href=\"https:\/\/jabietz.de\/fregatte-luebeck\/wp-content\/uploads\/2017\/07\/20170310-02.jpg\" rel=\"lightbox[20170310]\" data-lbwps-width=\"2000\" data-lbwps-height=\"1124\" data-lbwps-srcsmall=\"https:\/\/jabietz.de\/fregatte-luebeck\/wp-content\/uploads\/2017\/07\/20170310-02-300x169.jpg\"><img loading=\"lazy\" decoding=\"async\" class=\"alignnone wp-image-426 size-medium\" title=\"Einlaufen 10.03.2017\" src=\"https:\/\/jabietz.de\/fregatte-luebeck\/wp-content\/uploads\/2017\/07\/20170310-02-300x169.jpg\" alt=\"\" width=\"300\" height=\"169\" srcset=\"https:\/\/jabietz.de\/fregatte-luebeck\/wp-content\/uploads\/2017\/07\/20170310-02-300x169.jpg 300w, https:\/\/jabietz.de\/fregatte-luebeck\/wp-content\/uploads\/2017\/07\/20170310-02-768x432.jpg 768w, https:\/\/jabietz.de\/fregatte-luebeck\/wp-content\/uploads\/2017\/07\/20170310-02-1024x575.jpg 1024w, https:\/\/jabietz.de\/fregatte-luebeck\/wp-content\/uploads\/2017\/07\/20170310-02-500x281.jpg 500w, https:\/\/jabietz.de\/fregatte-luebeck\/wp-content\/uploads\/2017\/07\/20170310-02.jpg 2000w\" sizes=\"auto, (max-width: 300px) 100vw, 300px\" \/><\/a><\/p>\n<p>&#8230; und dem L\u00f6schboot &#8222;SENATOR EMIL PETERS&#8220; der L\u00fcbecker Berufsfeuerwehr.<\/p>\n<p><a href=\"https:\/\/jabietz.de\/fregatte-luebeck\/wp-content\/uploads\/2017\/07\/20170310-03.jpg\" rel=\"lightbox[20170310]\" data-lbwps-width=\"2000\" data-lbwps-height=\"1124\" data-lbwps-srcsmall=\"https:\/\/jabietz.de\/fregatte-luebeck\/wp-content\/uploads\/2017\/07\/20170310-03-300x169.jpg\"><img loading=\"lazy\" decoding=\"async\" class=\"alignnone wp-image-427 size-medium\" title=\"Einlaufen 10.03.2017\" src=\"https:\/\/jabietz.de\/fregatte-luebeck\/wp-content\/uploads\/2017\/07\/20170310-03-300x169.jpg\" alt=\"\" width=\"300\" height=\"169\" srcset=\"https:\/\/jabietz.de\/fregatte-luebeck\/wp-content\/uploads\/2017\/07\/20170310-03-300x169.jpg 300w, https:\/\/jabietz.de\/fregatte-luebeck\/wp-content\/uploads\/2017\/07\/20170310-03-768x432.jpg 768w, https:\/\/jabietz.de\/fregatte-luebeck\/wp-content\/uploads\/2017\/07\/20170310-03-1024x575.jpg 1024w, https:\/\/jabietz.de\/fregatte-luebeck\/wp-content\/uploads\/2017\/07\/20170310-03-500x281.jpg 500w, https:\/\/jabietz.de\/fregatte-luebeck\/wp-content\/uploads\/2017\/07\/20170310-03.jpg 2000w\" sizes=\"auto, (max-width: 300px) 100vw, 300px\" \/><\/a> <a href=\"https:\/\/jabietz.de\/fregatte-luebeck\/wp-content\/uploads\/2017\/07\/20170310-04.jpg\" rel=\"lightbox[20170310]\" data-lbwps-width=\"2000\" data-lbwps-height=\"1124\" data-lbwps-srcsmall=\"https:\/\/jabietz.de\/fregatte-luebeck\/wp-content\/uploads\/2017\/07\/20170310-04-300x169.jpg\"><img loading=\"lazy\" decoding=\"async\" class=\"alignnone wp-image-428 size-medium\" title=\"Einlaufen 10.03.2017\" src=\"https:\/\/jabietz.de\/fregatte-luebeck\/wp-content\/uploads\/2017\/07\/20170310-04-300x169.jpg\" alt=\"\" width=\"300\" height=\"169\" srcset=\"https:\/\/jabietz.de\/fregatte-luebeck\/wp-content\/uploads\/2017\/07\/20170310-04-300x169.jpg 300w, https:\/\/jabietz.de\/fregatte-luebeck\/wp-content\/uploads\/2017\/07\/20170310-04-768x432.jpg 768w, https:\/\/jabietz.de\/fregatte-luebeck\/wp-content\/uploads\/2017\/07\/20170310-04-1024x575.jpg 1024w, https:\/\/jabietz.de\/fregatte-luebeck\/wp-content\/uploads\/2017\/07\/20170310-04-500x281.jpg 500w, https:\/\/jabietz.de\/fregatte-luebeck\/wp-content\/uploads\/2017\/07\/20170310-04.jpg 2000w\" sizes=\"auto, (max-width: 300px) 100vw, 300px\" \/><\/a> <a href=\"https:\/\/jabietz.de\/fregatte-luebeck\/wp-content\/uploads\/2017\/07\/20170310-05.jpg\" rel=\"lightbox[20170310]\" data-lbwps-width=\"2000\" data-lbwps-height=\"1124\" data-lbwps-srcsmall=\"https:\/\/jabietz.de\/fregatte-luebeck\/wp-content\/uploads\/2017\/07\/20170310-05-300x169.jpg\"><img loading=\"lazy\" decoding=\"async\" class=\"alignnone wp-image-429 size-medium\" title=\"Einlaufen 10.03.2017\" src=\"https:\/\/jabietz.de\/fregatte-luebeck\/wp-content\/uploads\/2017\/07\/20170310-05-300x169.jpg\" alt=\"\" width=\"300\" height=\"169\" srcset=\"https:\/\/jabietz.de\/fregatte-luebeck\/wp-content\/uploads\/2017\/07\/20170310-05-300x169.jpg 300w, https:\/\/jabietz.de\/fregatte-luebeck\/wp-content\/uploads\/2017\/07\/20170310-05-768x432.jpg 768w, https:\/\/jabietz.de\/fregatte-luebeck\/wp-content\/uploads\/2017\/07\/20170310-05-1024x575.jpg 1024w, https:\/\/jabietz.de\/fregatte-luebeck\/wp-content\/uploads\/2017\/07\/20170310-05-500x281.jpg 500w, https:\/\/jabietz.de\/fregatte-luebeck\/wp-content\/uploads\/2017\/07\/20170310-05.jpg 2000w\" sizes=\"auto, (max-width: 300px) 100vw, 300px\" \/><\/a><\/p>\n<p>Ist sie nicht sch\u00f6n???<\/p>\n<p><a href=\"https:\/\/jabietz.de\/fregatte-luebeck\/wp-content\/uploads\/2017\/07\/20170310-06.jpg\" rel=\"lightbox[20170310]\" data-lbwps-width=\"2000\" data-lbwps-height=\"1124\" data-lbwps-srcsmall=\"https:\/\/jabietz.de\/fregatte-luebeck\/wp-content\/uploads\/2017\/07\/20170310-06-300x169.jpg\"><img loading=\"lazy\" decoding=\"async\" class=\"alignnone wp-image-430 size-medium\" title=\"Einlaufen 10.03.2017\" src=\"https:\/\/jabietz.de\/fregatte-luebeck\/wp-content\/uploads\/2017\/07\/20170310-06-300x169.jpg\" alt=\"\" width=\"300\" height=\"169\" srcset=\"https:\/\/jabietz.de\/fregatte-luebeck\/wp-content\/uploads\/2017\/07\/20170310-06-300x169.jpg 300w, https:\/\/jabietz.de\/fregatte-luebeck\/wp-content\/uploads\/2017\/07\/20170310-06-768x432.jpg 768w, https:\/\/jabietz.de\/fregatte-luebeck\/wp-content\/uploads\/2017\/07\/20170310-06-1024x575.jpg 1024w, https:\/\/jabietz.de\/fregatte-luebeck\/wp-content\/uploads\/2017\/07\/20170310-06-500x281.jpg 500w, https:\/\/jabietz.de\/fregatte-luebeck\/wp-content\/uploads\/2017\/07\/20170310-06.jpg 2000w\" sizes=\"auto, (max-width: 300px) 100vw, 300px\" \/><\/a><\/p>\n<p style=\"text-align: justify;\">Die Kappen der Sea-Sparrow wurden nach der Werftliegezeit \u00fcberwiegend beibehalten.<\/p>\n<p><a href=\"https:\/\/jabietz.de\/fregatte-luebeck\/wp-content\/uploads\/2017\/07\/20170310-07.jpg\" rel=\"lightbox[20170310]\" data-lbwps-width=\"2000\" data-lbwps-height=\"1124\" data-lbwps-srcsmall=\"https:\/\/jabietz.de\/fregatte-luebeck\/wp-content\/uploads\/2017\/07\/20170310-07-300x169.jpg\"><img loading=\"lazy\" decoding=\"async\" class=\"alignnone wp-image-431 size-medium\" title=\"Einlaufen 10.03.2017\" src=\"https:\/\/jabietz.de\/fregatte-luebeck\/wp-content\/uploads\/2017\/07\/20170310-07-300x169.jpg\" alt=\"\" width=\"300\" height=\"169\" srcset=\"https:\/\/jabietz.de\/fregatte-luebeck\/wp-content\/uploads\/2017\/07\/20170310-07-300x169.jpg 300w, https:\/\/jabietz.de\/fregatte-luebeck\/wp-content\/uploads\/2017\/07\/20170310-07-768x432.jpg 768w, https:\/\/jabietz.de\/fregatte-luebeck\/wp-content\/uploads\/2017\/07\/20170310-07-1024x575.jpg 1024w, https:\/\/jabietz.de\/fregatte-luebeck\/wp-content\/uploads\/2017\/07\/20170310-07-500x281.jpg 500w, https:\/\/jabietz.de\/fregatte-luebeck\/wp-content\/uploads\/2017\/07\/20170310-07.jpg 2000w\" sizes=\"auto, (max-width: 300px) 100vw, 300px\" \/><\/a><\/p>\n<p style=\"text-align: justify;\">Hier noch zwei Fotos von der Vorbeifahrt am Fischereihafen und dem Skandinavienkai.<\/p>\n<p><a href=\"https:\/\/jabietz.de\/fregatte-luebeck\/wp-content\/uploads\/2017\/07\/20170310-08.jpg\" rel=\"lightbox[20170310]\" data-lbwps-width=\"2000\" data-lbwps-height=\"1124\" data-lbwps-srcsmall=\"https:\/\/jabietz.de\/fregatte-luebeck\/wp-content\/uploads\/2017\/07\/20170310-08-300x169.jpg\"><img loading=\"lazy\" decoding=\"async\" class=\"alignnone wp-image-432 size-medium\" title=\"Einlaufen 10.03.2017\" src=\"https:\/\/jabietz.de\/fregatte-luebeck\/wp-content\/uploads\/2017\/07\/20170310-08-300x169.jpg\" alt=\"\" width=\"300\" height=\"169\" srcset=\"https:\/\/jabietz.de\/fregatte-luebeck\/wp-content\/uploads\/2017\/07\/20170310-08-300x169.jpg 300w, https:\/\/jabietz.de\/fregatte-luebeck\/wp-content\/uploads\/2017\/07\/20170310-08-768x432.jpg 768w, https:\/\/jabietz.de\/fregatte-luebeck\/wp-content\/uploads\/2017\/07\/20170310-08-1024x575.jpg 1024w, https:\/\/jabietz.de\/fregatte-luebeck\/wp-content\/uploads\/2017\/07\/20170310-08-500x281.jpg 500w, https:\/\/jabietz.de\/fregatte-luebeck\/wp-content\/uploads\/2017\/07\/20170310-08.jpg 2000w\" sizes=\"auto, (max-width: 300px) 100vw, 300px\" \/><\/a> <a href=\"https:\/\/jabietz.de\/fregatte-luebeck\/wp-content\/uploads\/2017\/07\/20170310-09.jpg\" rel=\"lightbox[20170310]\" data-lbwps-width=\"2000\" data-lbwps-height=\"1124\" data-lbwps-srcsmall=\"https:\/\/jabietz.de\/fregatte-luebeck\/wp-content\/uploads\/2017\/07\/20170310-09-300x169.jpg\"><img loading=\"lazy\" decoding=\"async\" class=\"alignnone wp-image-433 size-medium\" title=\"Einlaufen 10.03.2017\" src=\"https:\/\/jabietz.de\/fregatte-luebeck\/wp-content\/uploads\/2017\/07\/20170310-09-300x169.jpg\" alt=\"\" width=\"300\" height=\"169\" srcset=\"https:\/\/jabietz.de\/fregatte-luebeck\/wp-content\/uploads\/2017\/07\/20170310-09-300x169.jpg 300w, https:\/\/jabietz.de\/fregatte-luebeck\/wp-content\/uploads\/2017\/07\/20170310-09-768x432.jpg 768w, https:\/\/jabietz.de\/fregatte-luebeck\/wp-content\/uploads\/2017\/07\/20170310-09-1024x575.jpg 1024w, https:\/\/jabietz.de\/fregatte-luebeck\/wp-content\/uploads\/2017\/07\/20170310-09-500x281.jpg 500w, https:\/\/jabietz.de\/fregatte-luebeck\/wp-content\/uploads\/2017\/07\/20170310-09.jpg 2000w\" sizes=\"auto, (max-width: 300px) 100vw, 300px\" \/><\/a><\/p>\n<p style=\"text-align: justify;\">Im L\u00fcbecker Stadtteil Herrenwyk gibt es ein Steilufer, von dem man einen guten Blick auf die &#8222;L\u00dcBECK&#8220; hat.<\/p>\n<p><a href=\"https:\/\/jabietz.de\/fregatte-luebeck\/wp-content\/uploads\/2017\/07\/20170310-10.jpg\" rel=\"lightbox[20170310]\" data-lbwps-width=\"2000\" data-lbwps-height=\"1124\" data-lbwps-srcsmall=\"https:\/\/jabietz.de\/fregatte-luebeck\/wp-content\/uploads\/2017\/07\/20170310-10-300x169.jpg\"><img loading=\"lazy\" decoding=\"async\" class=\"alignnone wp-image-434 size-medium\" title=\"Einlaufen 10.03.2017\" src=\"https:\/\/jabietz.de\/fregatte-luebeck\/wp-content\/uploads\/2017\/07\/20170310-10-300x169.jpg\" alt=\"\" width=\"300\" height=\"169\" srcset=\"https:\/\/jabietz.de\/fregatte-luebeck\/wp-content\/uploads\/2017\/07\/20170310-10-300x169.jpg 300w, https:\/\/jabietz.de\/fregatte-luebeck\/wp-content\/uploads\/2017\/07\/20170310-10-768x432.jpg 768w, https:\/\/jabietz.de\/fregatte-luebeck\/wp-content\/uploads\/2017\/07\/20170310-10-1024x575.jpg 1024w, https:\/\/jabietz.de\/fregatte-luebeck\/wp-content\/uploads\/2017\/07\/20170310-10-500x281.jpg 500w, https:\/\/jabietz.de\/fregatte-luebeck\/wp-content\/uploads\/2017\/07\/20170310-10.jpg 2000w\" sizes=\"auto, (max-width: 300px) 100vw, 300px\" \/><\/a> <a href=\"https:\/\/jabietz.de\/fregatte-luebeck\/wp-content\/uploads\/2017\/07\/20170310-11.jpg\" rel=\"lightbox[20170310]\" data-lbwps-width=\"2000\" data-lbwps-height=\"1124\" data-lbwps-srcsmall=\"https:\/\/jabietz.de\/fregatte-luebeck\/wp-content\/uploads\/2017\/07\/20170310-11-300x169.jpg\"><img loading=\"lazy\" decoding=\"async\" class=\"alignnone wp-image-435 size-medium\" title=\"Einlaufen 10.03.2017\" src=\"https:\/\/jabietz.de\/fregatte-luebeck\/wp-content\/uploads\/2017\/07\/20170310-11-300x169.jpg\" alt=\"\" width=\"300\" height=\"169\" srcset=\"https:\/\/jabietz.de\/fregatte-luebeck\/wp-content\/uploads\/2017\/07\/20170310-11-300x169.jpg 300w, https:\/\/jabietz.de\/fregatte-luebeck\/wp-content\/uploads\/2017\/07\/20170310-11-768x432.jpg 768w, https:\/\/jabietz.de\/fregatte-luebeck\/wp-content\/uploads\/2017\/07\/20170310-11-1024x575.jpg 1024w, https:\/\/jabietz.de\/fregatte-luebeck\/wp-content\/uploads\/2017\/07\/20170310-11-500x281.jpg 500w, https:\/\/jabietz.de\/fregatte-luebeck\/wp-content\/uploads\/2017\/07\/20170310-11.jpg 2000w\" sizes=\"auto, (max-width: 300px) 100vw, 300px\" \/><\/a><\/p>\n<p style=\"text-align: justify;\">Ein St\u00fcckchen weiter wird die Trave sehr schmal. Hier stand mal die Herrenbr\u00fccke &#8211; eine Klappbr\u00fccke, die durch den Herrentunnel ersetzt wurde. Hier hat sich Besatzung langsam zur Passieraufstellung fertig gemacht.<\/p>\n<p><a href=\"https:\/\/jabietz.de\/fregatte-luebeck\/wp-content\/uploads\/2017\/07\/20170310-12.jpg\" rel=\"lightbox[20170310]\" data-lbwps-width=\"2000\" data-lbwps-height=\"1124\" data-lbwps-srcsmall=\"https:\/\/jabietz.de\/fregatte-luebeck\/wp-content\/uploads\/2017\/07\/20170310-12-300x169.jpg\"><img loading=\"lazy\" decoding=\"async\" class=\"alignnone wp-image-436 size-medium\" title=\"Einlaufen 10.03.2017\" src=\"https:\/\/jabietz.de\/fregatte-luebeck\/wp-content\/uploads\/2017\/07\/20170310-12-300x169.jpg\" alt=\"\" width=\"300\" height=\"169\" srcset=\"https:\/\/jabietz.de\/fregatte-luebeck\/wp-content\/uploads\/2017\/07\/20170310-12-300x169.jpg 300w, https:\/\/jabietz.de\/fregatte-luebeck\/wp-content\/uploads\/2017\/07\/20170310-12-768x432.jpg 768w, https:\/\/jabietz.de\/fregatte-luebeck\/wp-content\/uploads\/2017\/07\/20170310-12-1024x575.jpg 1024w, https:\/\/jabietz.de\/fregatte-luebeck\/wp-content\/uploads\/2017\/07\/20170310-12-500x281.jpg 500w, https:\/\/jabietz.de\/fregatte-luebeck\/wp-content\/uploads\/2017\/07\/20170310-12.jpg 2000w\" sizes=\"auto, (max-width: 300px) 100vw, 300px\" \/><\/a> <a href=\"https:\/\/jabietz.de\/fregatte-luebeck\/wp-content\/uploads\/2017\/07\/20170310-13.jpg\" rel=\"lightbox[20170310]\" data-lbwps-width=\"2000\" data-lbwps-height=\"1124\" data-lbwps-srcsmall=\"https:\/\/jabietz.de\/fregatte-luebeck\/wp-content\/uploads\/2017\/07\/20170310-13-300x169.jpg\"><img loading=\"lazy\" decoding=\"async\" class=\"alignnone wp-image-437 size-medium\" title=\"Einlaufen 10.03.2017\" src=\"https:\/\/jabietz.de\/fregatte-luebeck\/wp-content\/uploads\/2017\/07\/20170310-13-300x169.jpg\" alt=\"\" width=\"300\" height=\"169\" srcset=\"https:\/\/jabietz.de\/fregatte-luebeck\/wp-content\/uploads\/2017\/07\/20170310-13-300x169.jpg 300w, https:\/\/jabietz.de\/fregatte-luebeck\/wp-content\/uploads\/2017\/07\/20170310-13-768x432.jpg 768w, https:\/\/jabietz.de\/fregatte-luebeck\/wp-content\/uploads\/2017\/07\/20170310-13-1024x575.jpg 1024w, https:\/\/jabietz.de\/fregatte-luebeck\/wp-content\/uploads\/2017\/07\/20170310-13-500x281.jpg 500w, https:\/\/jabietz.de\/fregatte-luebeck\/wp-content\/uploads\/2017\/07\/20170310-13.jpg 2000w\" sizes=\"auto, (max-width: 300px) 100vw, 300px\" \/><\/a> <a href=\"https:\/\/jabietz.de\/fregatte-luebeck\/wp-content\/uploads\/2017\/07\/20170310-14.jpg\" rel=\"lightbox[20170310]\" data-lbwps-width=\"2000\" data-lbwps-height=\"1124\" data-lbwps-srcsmall=\"https:\/\/jabietz.de\/fregatte-luebeck\/wp-content\/uploads\/2017\/07\/20170310-14-300x169.jpg\"><img loading=\"lazy\" decoding=\"async\" class=\"alignnone wp-image-438 size-medium\" title=\"Einlaufen 10.03.2017\" src=\"https:\/\/jabietz.de\/fregatte-luebeck\/wp-content\/uploads\/2017\/07\/20170310-14-300x169.jpg\" alt=\"\" width=\"300\" height=\"169\" srcset=\"https:\/\/jabietz.de\/fregatte-luebeck\/wp-content\/uploads\/2017\/07\/20170310-14-300x169.jpg 300w, https:\/\/jabietz.de\/fregatte-luebeck\/wp-content\/uploads\/2017\/07\/20170310-14-768x432.jpg 768w, https:\/\/jabietz.de\/fregatte-luebeck\/wp-content\/uploads\/2017\/07\/20170310-14-1024x575.jpg 1024w, https:\/\/jabietz.de\/fregatte-luebeck\/wp-content\/uploads\/2017\/07\/20170310-14-500x281.jpg 500w, https:\/\/jabietz.de\/fregatte-luebeck\/wp-content\/uploads\/2017\/07\/20170310-14.jpg 2000w\" sizes=\"auto, (max-width: 300px) 100vw, 300px\" \/><\/a> <a href=\"https:\/\/jabietz.de\/fregatte-luebeck\/wp-content\/uploads\/2017\/07\/20170310-15.jpg\" rel=\"lightbox[20170310]\" data-lbwps-width=\"2000\" data-lbwps-height=\"1124\" data-lbwps-srcsmall=\"https:\/\/jabietz.de\/fregatte-luebeck\/wp-content\/uploads\/2017\/07\/20170310-15-300x169.jpg\"><img loading=\"lazy\" decoding=\"async\" class=\"alignnone wp-image-439 size-medium\" title=\"Einlaufen 10.03.2017\" src=\"https:\/\/jabietz.de\/fregatte-luebeck\/wp-content\/uploads\/2017\/07\/20170310-15-300x169.jpg\" alt=\"\" width=\"300\" height=\"169\" srcset=\"https:\/\/jabietz.de\/fregatte-luebeck\/wp-content\/uploads\/2017\/07\/20170310-15-300x169.jpg 300w, https:\/\/jabietz.de\/fregatte-luebeck\/wp-content\/uploads\/2017\/07\/20170310-15-768x432.jpg 768w, https:\/\/jabietz.de\/fregatte-luebeck\/wp-content\/uploads\/2017\/07\/20170310-15-1024x575.jpg 1024w, https:\/\/jabietz.de\/fregatte-luebeck\/wp-content\/uploads\/2017\/07\/20170310-15-500x281.jpg 500w, https:\/\/jabietz.de\/fregatte-luebeck\/wp-content\/uploads\/2017\/07\/20170310-15.jpg 2000w\" sizes=\"auto, (max-width: 300px) 100vw, 300px\" \/><\/a><\/p>\n<p style=\"text-align: justify;\">Der weitere Verlauf der Trave f\u00fchrt die Fregatte am NSG Schellbruch vorbei bis in die H\u00e4fen in Innenstadtn\u00e4he. Hier wartet das n\u00e4chste Nadel\u00f6hr, die Eric-Warburg-Br\u00fccke &#8211; eine Klappbr\u00fccke.<\/p>\n<p><a href=\"https:\/\/jabietz.de\/fregatte-luebeck\/wp-content\/uploads\/2017\/07\/20170310-16.jpg\" rel=\"lightbox[20170310]\" data-lbwps-width=\"2000\" data-lbwps-height=\"1124\" data-lbwps-srcsmall=\"https:\/\/jabietz.de\/fregatte-luebeck\/wp-content\/uploads\/2017\/07\/20170310-16-300x169.jpg\"><img loading=\"lazy\" decoding=\"async\" class=\"alignnone wp-image-440 size-medium\" title=\"Einlaufen 10.03.2017\" src=\"https:\/\/jabietz.de\/fregatte-luebeck\/wp-content\/uploads\/2017\/07\/20170310-16-300x169.jpg\" alt=\"\" width=\"300\" height=\"169\" srcset=\"https:\/\/jabietz.de\/fregatte-luebeck\/wp-content\/uploads\/2017\/07\/20170310-16-300x169.jpg 300w, https:\/\/jabietz.de\/fregatte-luebeck\/wp-content\/uploads\/2017\/07\/20170310-16-768x432.jpg 768w, https:\/\/jabietz.de\/fregatte-luebeck\/wp-content\/uploads\/2017\/07\/20170310-16-1024x575.jpg 1024w, https:\/\/jabietz.de\/fregatte-luebeck\/wp-content\/uploads\/2017\/07\/20170310-16-500x281.jpg 500w, https:\/\/jabietz.de\/fregatte-luebeck\/wp-content\/uploads\/2017\/07\/20170310-16.jpg 2000w\" sizes=\"auto, (max-width: 300px) 100vw, 300px\" \/><\/a> <a href=\"https:\/\/jabietz.de\/fregatte-luebeck\/wp-content\/uploads\/2017\/07\/20170310-17.jpg\" rel=\"lightbox[20170310]\" data-lbwps-width=\"2000\" data-lbwps-height=\"1124\" data-lbwps-srcsmall=\"https:\/\/jabietz.de\/fregatte-luebeck\/wp-content\/uploads\/2017\/07\/20170310-17-300x169.jpg\"><img loading=\"lazy\" decoding=\"async\" class=\"alignnone wp-image-441 size-medium\" title=\"Einlaufen 10.03.2017\" src=\"https:\/\/jabietz.de\/fregatte-luebeck\/wp-content\/uploads\/2017\/07\/20170310-17-300x169.jpg\" alt=\"\" width=\"300\" height=\"169\" srcset=\"https:\/\/jabietz.de\/fregatte-luebeck\/wp-content\/uploads\/2017\/07\/20170310-17-300x169.jpg 300w, https:\/\/jabietz.de\/fregatte-luebeck\/wp-content\/uploads\/2017\/07\/20170310-17-768x432.jpg 768w, https:\/\/jabietz.de\/fregatte-luebeck\/wp-content\/uploads\/2017\/07\/20170310-17-1024x575.jpg 1024w, https:\/\/jabietz.de\/fregatte-luebeck\/wp-content\/uploads\/2017\/07\/20170310-17-500x281.jpg 500w, https:\/\/jabietz.de\/fregatte-luebeck\/wp-content\/uploads\/2017\/07\/20170310-17.jpg 2000w\" sizes=\"auto, (max-width: 300px) 100vw, 300px\" \/><\/a> <a href=\"https:\/\/jabietz.de\/fregatte-luebeck\/wp-content\/uploads\/2017\/07\/20170310-18.jpg\" rel=\"lightbox[20170310]\" data-lbwps-width=\"2000\" data-lbwps-height=\"1124\" data-lbwps-srcsmall=\"https:\/\/jabietz.de\/fregatte-luebeck\/wp-content\/uploads\/2017\/07\/20170310-18-300x169.jpg\"><img loading=\"lazy\" decoding=\"async\" class=\"alignnone wp-image-442 size-medium\" title=\"Einlaufen 10.03.2017\" src=\"https:\/\/jabietz.de\/fregatte-luebeck\/wp-content\/uploads\/2017\/07\/20170310-18-300x169.jpg\" alt=\"\" width=\"300\" height=\"169\" srcset=\"https:\/\/jabietz.de\/fregatte-luebeck\/wp-content\/uploads\/2017\/07\/20170310-18-300x169.jpg 300w, https:\/\/jabietz.de\/fregatte-luebeck\/wp-content\/uploads\/2017\/07\/20170310-18-768x432.jpg 768w, https:\/\/jabietz.de\/fregatte-luebeck\/wp-content\/uploads\/2017\/07\/20170310-18-1024x575.jpg 1024w, https:\/\/jabietz.de\/fregatte-luebeck\/wp-content\/uploads\/2017\/07\/20170310-18-500x281.jpg 500w, https:\/\/jabietz.de\/fregatte-luebeck\/wp-content\/uploads\/2017\/07\/20170310-18.jpg 2000w\" sizes=\"auto, (max-width: 300px) 100vw, 300px\" \/><\/a> <a href=\"https:\/\/jabietz.de\/fregatte-luebeck\/wp-content\/uploads\/2017\/07\/20170310-19.jpg\" rel=\"lightbox[20170310]\" data-lbwps-width=\"2000\" data-lbwps-height=\"1124\" data-lbwps-srcsmall=\"https:\/\/jabietz.de\/fregatte-luebeck\/wp-content\/uploads\/2017\/07\/20170310-19-300x169.jpg\"><img loading=\"lazy\" decoding=\"async\" class=\"alignnone wp-image-443 size-medium\" title=\"Einlaufen 10.03.2017\" src=\"https:\/\/jabietz.de\/fregatte-luebeck\/wp-content\/uploads\/2017\/07\/20170310-19-300x169.jpg\" alt=\"\" width=\"300\" height=\"169\" srcset=\"https:\/\/jabietz.de\/fregatte-luebeck\/wp-content\/uploads\/2017\/07\/20170310-19-300x169.jpg 300w, https:\/\/jabietz.de\/fregatte-luebeck\/wp-content\/uploads\/2017\/07\/20170310-19-768x432.jpg 768w, https:\/\/jabietz.de\/fregatte-luebeck\/wp-content\/uploads\/2017\/07\/20170310-19-1024x575.jpg 1024w, https:\/\/jabietz.de\/fregatte-luebeck\/wp-content\/uploads\/2017\/07\/20170310-19-500x281.jpg 500w, https:\/\/jabietz.de\/fregatte-luebeck\/wp-content\/uploads\/2017\/07\/20170310-19.jpg 2000w\" sizes=\"auto, (max-width: 300px) 100vw, 300px\" \/><\/a><\/p>\n<p style=\"text-align: justify;\">Einmal mehr war ich von der Begr\u00fc\u00dfung seitens der Hansestadt oder auch der Marinekameradschaft am Hafen selbst entt\u00e4uscht. Ich w\u00fcrde sagen, es waren sogar noch weniger Menschen dort als 2014. Traurig, echt traurig!<\/p>\n<p>Vielleicht war es aber auch gut so, denn die Besatzung hat sich bei dem Anlegeman\u00f6ver wei\u00df Gott nicht mit Ruhm bekleckert. Die Wurfleine der Achterspring landete erst im dritten Versuch auf der Pier, am Bug war ein m\u00e4chtiges Kuddelmuddel in den Leinen zu erkennen und zu guter Letzt hat sch auch noch die Backbordschraube eine der Wurfleinen &#8222;geschnappt und f\u00fcr sich aufgeschossen&#8220;.<\/p>\n<p><a href=\"https:\/\/jabietz.de\/fregatte-luebeck\/wp-content\/uploads\/2017\/07\/20170310-20.jpg\" rel=\"lightbox[20170310]\" data-lbwps-width=\"2000\" data-lbwps-height=\"1124\" data-lbwps-srcsmall=\"https:\/\/jabietz.de\/fregatte-luebeck\/wp-content\/uploads\/2017\/07\/20170310-20-300x169.jpg\"><img loading=\"lazy\" decoding=\"async\" class=\"alignnone wp-image-444 size-medium\" title=\"Einlaufen 10.03.2017\" src=\"https:\/\/jabietz.de\/fregatte-luebeck\/wp-content\/uploads\/2017\/07\/20170310-20-300x169.jpg\" alt=\"\" width=\"300\" height=\"169\" srcset=\"https:\/\/jabietz.de\/fregatte-luebeck\/wp-content\/uploads\/2017\/07\/20170310-20-300x169.jpg 300w, https:\/\/jabietz.de\/fregatte-luebeck\/wp-content\/uploads\/2017\/07\/20170310-20-768x432.jpg 768w, https:\/\/jabietz.de\/fregatte-luebeck\/wp-content\/uploads\/2017\/07\/20170310-20-1024x575.jpg 1024w, https:\/\/jabietz.de\/fregatte-luebeck\/wp-content\/uploads\/2017\/07\/20170310-20-500x281.jpg 500w, https:\/\/jabietz.de\/fregatte-luebeck\/wp-content\/uploads\/2017\/07\/20170310-20.jpg 2000w\" sizes=\"auto, (max-width: 300px) 100vw, 300px\" \/><\/a><\/p>\n<p>Abschlie\u00dfend noch eine Gesamtaufnahme der &#8222;L\u00dcBECK&#8220; an ihrem Liegeplatz im Burgtorhafen.<\/p>\n<p><a href=\"https:\/\/jabietz.de\/fregatte-luebeck\/wp-content\/uploads\/2017\/07\/20170310-21.jpg\" rel=\"lightbox[20170310]\" data-lbwps-width=\"2000\" data-lbwps-height=\"1124\" data-lbwps-srcsmall=\"https:\/\/jabietz.de\/fregatte-luebeck\/wp-content\/uploads\/2017\/07\/20170310-21-300x169.jpg\"><img loading=\"lazy\" decoding=\"async\" class=\"alignnone wp-image-445 size-medium\" title=\"Einlaufen 10.03.2017\" src=\"https:\/\/jabietz.de\/fregatte-luebeck\/wp-content\/uploads\/2017\/07\/20170310-21-300x169.jpg\" alt=\"\" width=\"300\" height=\"169\" srcset=\"https:\/\/jabietz.de\/fregatte-luebeck\/wp-content\/uploads\/2017\/07\/20170310-21-300x169.jpg 300w, https:\/\/jabietz.de\/fregatte-luebeck\/wp-content\/uploads\/2017\/07\/20170310-21-768x432.jpg 768w, https:\/\/jabietz.de\/fregatte-luebeck\/wp-content\/uploads\/2017\/07\/20170310-21-1024x575.jpg 1024w, https:\/\/jabietz.de\/fregatte-luebeck\/wp-content\/uploads\/2017\/07\/20170310-21-500x281.jpg 500w, https:\/\/jabietz.de\/fregatte-luebeck\/wp-content\/uploads\/2017\/07\/20170310-21.jpg 2000w\" sizes=\"auto, (max-width: 300px) 100vw, 300px\" \/><\/a><\/p>\n<hr \/>\n<h1><span style=\"font-size: 18pt;\">Kommandantenwechsel am 02. Oktober 2015 in Kiel<\/span><\/h1>\n<p style=\"text-align: justify;\"><span style=\"font-size: 14pt;\">&#8222;Lucky L\u00fcbeck&#8220; bekommt einen neuen Kommandanten<\/span><br \/>\n<span style=\"color: #0000ff; font-size: 10pt;\">Quelle: presseportal.de<\/span><\/p>\n<p>Am Freitag, den 2. Oktober 2015 um 10 Uhr, wird der Kommandeur des 4. Fregattengeschwaders, Kapit\u00e4n zur See Thorsten Marx, das Kommando \u00fcber die Fregatte &#8222;L\u00dcBECK&#8220; von Fregattenkapit\u00e4n Peter Christian Semrau an Fregattenkapit\u00e4n Matthias Schmitt (40) \u00fcbergeben. Das Zeremoniell findet aus einsatztechnischen Gr\u00fcnden nicht im Heimathafen Wilhelmshaven, sondern im Marinest\u00fctzpunkt Kiel statt.<\/p>\n<p><a href=\"https:\/\/jabietz.de\/fregatte-luebeck\/wp-content\/uploads\/2017\/07\/20150929-05.jpg\" rel=\"lightbox[20151002]\" data-lbwps-width=\"214\" data-lbwps-height=\"317\" data-lbwps-srcsmall=\"https:\/\/jabietz.de\/fregatte-luebeck\/wp-content\/uploads\/2017\/07\/20150929-05-203x300.jpg\"><img loading=\"lazy\" decoding=\"async\" class=\"alignnone wp-image-1059 size-medium\" title=\"Kommandantenwechsel\" src=\"https:\/\/jabietz.de\/fregatte-luebeck\/wp-content\/uploads\/2017\/07\/20150929-05-203x300.jpg\" alt=\"\" width=\"203\" height=\"300\" srcset=\"https:\/\/jabietz.de\/fregatte-luebeck\/wp-content\/uploads\/2017\/07\/20150929-05-203x300.jpg 203w, https:\/\/jabietz.de\/fregatte-luebeck\/wp-content\/uploads\/2017\/07\/20150929-05.jpg 214w\" sizes=\"auto, (max-width: 203px) 100vw, 203px\" \/><\/a><br \/>\n<span style=\"color: #0000ff; font-size: 10pt;\">Scheidender Kommandant FKpt. Peter Christian Semrau\u00a0(Quelle: presseportal.de)<\/span><\/p>\n<p style=\"text-align: justify;\">Fregattenkapit\u00e4n Semrau f\u00fchrte die Fregatte zwei Jahre als Kommandant. &#8222;Wir, die Fregatte mit ihrer tollen Besatzung, absolvierten in den letzten zwei Jahren von der Einsatzausbildung \u00fcber die Teilnahme am EU-Einsatz &#8222;Atalanta&#8220; bis hin zu internationalen Gro\u00df\u00fcbungen wie &#8222;US Baltops&#8220; das komplette Spektrum an Seefahrten. Eins der gr\u00f6\u00dften Ereignisse f\u00fcr uns war sicherlich der Besuch auf Madagaskar, denn vor mehr als 100 Jahren war zuletzt ein deutsches Kriegsschiff dort. Ein weiteres Highlight war die diesj\u00e4hrige Teilnahme als Flaggschiff bei der Kieler Woche&#8220;, schildert Semrau die Schwerpunkte seiner Amtszeit. Er wechselt nun ins Bundesministerium der Verteidigung nach Berlin, um dort als Referent in der Abteilung f\u00fcr Einsatz und Strategie eine neue anspruchsvolle Aufgabe anzutreten.<\/p>\n<p><a href=\"https:\/\/jabietz.de\/fregatte-luebeck\/wp-content\/uploads\/2017\/07\/20150929-06.jpg\" rel=\"lightbox[20151002]\" data-lbwps-width=\"256\" data-lbwps-height=\"355\" data-lbwps-srcsmall=\"https:\/\/jabietz.de\/fregatte-luebeck\/wp-content\/uploads\/2017\/07\/20150929-06-216x300.jpg\"><img loading=\"lazy\" decoding=\"async\" class=\"alignnone wp-image-1060 size-medium\" title=\"Kommandantenwechsel\" src=\"https:\/\/jabietz.de\/fregatte-luebeck\/wp-content\/uploads\/2017\/07\/20150929-06-216x300.jpg\" alt=\"\" width=\"216\" height=\"300\" srcset=\"https:\/\/jabietz.de\/fregatte-luebeck\/wp-content\/uploads\/2017\/07\/20150929-06-216x300.jpg 216w, https:\/\/jabietz.de\/fregatte-luebeck\/wp-content\/uploads\/2017\/07\/20150929-06.jpg 256w\" sizes=\"auto, (max-width: 216px) 100vw, 216px\" \/><\/a><br \/>\n<span style=\"font-size: 10pt; color: #0000ff;\">\u00dcbernehmender Kommandant FKpt. Matthias Schmitt\u00a0(Quelle: presseportal.de)<\/span><\/p>\n<p style=\"text-align: justify;\">Fregattenkapit\u00e4n Schmitt war bereits vor 15 Jahren als Waffenoffizier auf der &#8222;L\u00dcBECK&#8220; eingesetzt. Wenige Jahre sp\u00e4ter leistete er f\u00fcr l\u00e4ngere Zeit als Schiffseinsatzoffizier seinen Dienst auf dem Marineschiff. Nun als Kommandant den F\u00fchrungsstab in der Hand zu halten sei f\u00fcr den Seemann eine besondere Ehre. &#8222;Nach acht Jahren kehre ich wieder auf die &#8222;L\u00dcBECK&#8220; zur\u00fcck. Ich freue mich besonders, dass ich gerade diese Fregatte und diese Besatzung als Kommandant f\u00fchren darf. Die bevorstehenden Aufgaben m\u00f6chte ich gemeinsam mit der Besatzung aktiv angehen, um Anfang 2017 wieder f\u00fcr Eins\u00e4tze der Marine und der Bundeswehr zur Verf\u00fcgung zu stehen&#8220;, so Schmitt.<\/p>\n<p style=\"text-align: justify;\"><span style=\"font-size: 14pt;\"><strong>&#8222;Lucky L\u00fcbeck&#8220; hat einen neuen Kommandanten<\/strong><\/span><br \/>\n<span style=\"font-size: 10pt; color: #0000ff;\">Quelle: Presse- und Informationszentrum Marine<\/span><\/p>\n<p>Am 2. Oktober wurde das Kommando der Fregatte &#8222;L\u00dcBECK&#8220; \u00fcbergeben. Der Kommandeur des 4. Fregattengeschwaders, Kapit\u00e4n zur See Thorsten Marx, verabschiedete Fregattenkapit\u00e4n Peter Christian Semrau als Kommandanten und vertraute Fregattenkapit\u00e4n Matthias Schmitt die F\u00fchrung an.<\/p>\n<p><a href=\"https:\/\/jabietz.de\/fregatte-luebeck\/wp-content\/uploads\/2017\/07\/20151002-01.jpg\" rel=\"lightbox[20151002]\" data-lbwps-width=\"640\" data-lbwps-height=\"432\" data-lbwps-srcsmall=\"https:\/\/jabietz.de\/fregatte-luebeck\/wp-content\/uploads\/2017\/07\/20151002-01-300x203.jpg\"><br \/>\n<\/a><a href=\"https:\/\/jabietz.de\/fregatte-luebeck\/wp-content\/uploads\/2017\/07\/20151002-01.jpg\" data-lbwps-width=\"640\" data-lbwps-height=\"432\" data-lbwps-srcsmall=\"https:\/\/jabietz.de\/fregatte-luebeck\/wp-content\/uploads\/2017\/07\/20151002-01-300x203.jpg\"><img loading=\"lazy\" decoding=\"async\" class=\"alignnone wp-image-1061 size-medium\" title=\"Kommandantenwechsel\" src=\"https:\/\/jabietz.de\/fregatte-luebeck\/wp-content\/uploads\/2017\/07\/20151002-01-300x203.jpg\" alt=\"\" width=\"300\" height=\"203\" srcset=\"https:\/\/jabietz.de\/fregatte-luebeck\/wp-content\/uploads\/2017\/07\/20151002-01-300x203.jpg 300w, https:\/\/jabietz.de\/fregatte-luebeck\/wp-content\/uploads\/2017\/07\/20151002-01-444x300.jpg 444w, https:\/\/jabietz.de\/fregatte-luebeck\/wp-content\/uploads\/2017\/07\/20151002-01.jpg 640w\" sizes=\"auto, (max-width: 300px) 100vw, 300px\" \/><\/a><br \/>\n<span style=\"font-size: 10pt; color: #0000ff;\">Der scheidende Kommandant wird im Marinekutter traditionell abgepullt\u00a0(Quelle: Bundeswehr\/Steve Back)<\/span><\/p>\n<p style=\"text-align: justify;\">&#8222;Wir, die Fregatte mit ihrer tollen Besatzung, absolvierten in den letzten zwei Jahren von der Einsatzausbildung \u00fcber die Teilnahme am EU-Einsatz Atalanta bis hin zu internationalen Gro\u00df\u00fcbungen wie US BALTOPS das komplette Spektrum an Seefahrten.&#8220;, schildert der scheidende Kommandant. Nach zwei Jahren als &#8222;Chef&#8220; der Fregatte wechselt er nun ins Bundesministerium der Verteidigung nach Berlin, um dort als Referent in der Abteilung f\u00fcr Einsatz und Strategie eine neue anspruchsvolle Aufgabe anzutreten.<\/p>\n<p>Sein Nachfolger Fregattenkapit\u00e4n Schmitt war bereits vor 15 Jahren als Waffenoffizier auf der &#8222;L\u00dcBECK&#8220; eingesetzt. Nun als Kommandant den F\u00fchrungsstab in der Hand zu halten sei f\u00fcr den Seemann eine besondere Ehre. &#8222;Nach acht Jahren kehre ich wieder auf die L\u00dcBECK zur\u00fcck. Ich freue mich besonders, dass ich gerade diese Fregatte und diese Besatzung als Kommandant f\u00fchren darf. Die bevorstehenden Aufgaben m\u00f6chte ich gemeinsam mit der Besatzung aktiv angehen.&#8220;, so Schmitt.<\/p>\n<p style=\"text-align: justify;\"><span style=\"font-size: 14pt;\"><strong>&#8222;L\u00fcbeck&#8220; hat neuen Kommandanten<\/strong><\/span><br \/>\n<span style=\"font-size: 10pt; color: #0000ff;\">Quelle: Frank Behling &#8211; Kieler Nachrichten<\/span><\/p>\n<p>An der Tirpitzmole in Kiel \u00fcbergab am Freitag Fregattenkapit\u00e4n Peter Christian Semrau (44) das 130 Meter lange Schiff mit seinen 200 Besatzungsmitgliedern an Fregattenkapit\u00e4n Matthias Schmitt (40).<\/p>\n<p><a href=\"https:\/\/jabietz.de\/fregatte-luebeck\/wp-content\/uploads\/2017\/07\/20151002-02.jpg\" rel=\"lightbox[20151002]\" data-lbwps-width=\"505\" data-lbwps-height=\"335\" data-lbwps-srcsmall=\"https:\/\/jabietz.de\/fregatte-luebeck\/wp-content\/uploads\/2017\/07\/20151002-02-300x199.jpg\"><img loading=\"lazy\" decoding=\"async\" class=\"alignnone wp-image-1062 size-medium\" title=\"Kommandantenwechsel\" src=\"https:\/\/jabietz.de\/fregatte-luebeck\/wp-content\/uploads\/2017\/07\/20151002-02-300x199.jpg\" alt=\"\" width=\"300\" height=\"199\" srcset=\"https:\/\/jabietz.de\/fregatte-luebeck\/wp-content\/uploads\/2017\/07\/20151002-02-300x199.jpg 300w, https:\/\/jabietz.de\/fregatte-luebeck\/wp-content\/uploads\/2017\/07\/20151002-02-452x300.jpg 452w, https:\/\/jabietz.de\/fregatte-luebeck\/wp-content\/uploads\/2017\/07\/20151002-02.jpg 505w\" sizes=\"auto, (max-width: 300px) 100vw, 300px\" \/><\/a><br \/>\n<span style=\"font-size: 10pt; color: #0000ff;\">Kommando\u00fcbergabe\u00a0(Quelle: Kieler Nachrichten\/Frank Behling)<\/span><\/p>\n<p>Der Grund, weshalb diese feierliche Zeremonie nicht im Heimathafen Wilhelmshaven erfolgen konnte, lag schlicht an dem derzeitigen Mangel an einsatzbereiten Fregatten in der Marine. Statt 15 Fregatten gibt es derzeit nur noch elf. Die Folge ist, dass die aktiven Schiffe jetzt vermehrt fahren m\u00fcssen. Piratenbek\u00e4mpfung, Seenotrettung, Nato-Eins\u00e4tze und zahlreiche Gro\u00dfman\u00f6ver fordern diese Schiffe. So hat es auch die &#8222;L\u00dcBECK&#8220; erwischt.<br \/>\n&#8222;Das Schiff war in den vergangenen zwei Jahren 540 Tage in See, das ist f\u00fcr Schiff und Besatzung eine Leistung, aber auch eine Herausforderung&#8220;, sagte Kapit\u00e4n zur See Thorsten Marx. Der Kommandeur des 4. Fregattengeschwaders war am Freitag zusammen mit einer Delegation nach Kiel gekommen, um an der Tirpitzmole in der Wik den Wechsel zu vollziehen.<\/p>\n<p>Seit fast einem Jahr ist die &#8222;L\u00dcBECK&#8220; nahezu pausenlos unterwegs. 13 Man\u00f6ver und Eins\u00e4tze stehen in der Bilanz des scheidenden Kommandanten. Piratenbek\u00e4mpfung vor Somalia, US-Man\u00f6ver Baltops oder das Gro\u00dfman\u00f6ver Northern Coast wurden absolviert. Dabei war der Start 2013 durchaus holprig, wie Semrau bilanziert. Mehrfach seien Radarsysteme und Kommunikationsanlagen w\u00e4hrend der Ausbildung ausgefallen. Mit hoher Einsatzbereitschaft und Motivation sei es der Besatzung aber gelungen, mit dem Schiff au\u00dfergew\u00f6hnlich gute Ergebnisse zu erzielen.<br \/>\nSo bestand die &#8222;L\u00dcBECK&#8220; das Gefechts- und Einsatztraining GOST in Gro\u00dfbritannien mit Auszeichnung. &#8222;Das ist ein Verdienst der gesamten Besatzung&#8220;, w\u00fcrdigte Semrau. Das Schiff habe seinem Spitznamen &#8222;Lucky L\u00fcbeck&#8220; alle Ehre gemacht, wie Kommandeur Marx sagte.<\/p>\n<p>Der scheidende Kommandant wechselt ins Verteidigungsministerium und wird dort zuk\u00fcnftig f\u00fcr die Planung von Auslandseins\u00e4tzen zust\u00e4ndig sein. &#8222;F\u00fcr mich ist dieser Moment hier in Kiel etwas Besonders. Meine Seefahrtszeit endet ausgerechnet hier in Kiel. Nur wenige hundert Meter von dem Ort entfernt, wo 1993 meine Seefahrtzeit mit dem Zerst\u00f6rer &#8222;ROMMEL&#8220; begann&#8220;, sagte Semrau. In den folgenden Jahren diente er mehrfach in Kiel auf den Zerst\u00f6rern &#8222;ROMMEL\u201c und &#8222;L\u00dcTJENS&#8220; und zwei Jahre als Navigationsoffizier auf dem US-Kreuzer &#8222;LEYTE GULF&#8220;. Bevor er 2013 Kommandant der Fregatte &#8222;L\u00dcBECK&#8220; wurde war er zwei Jahre erster Offizier der Fregatte &#8222;AUGSBURG&#8220;. Die Zeit als Kommandant begann er zun\u00e4chst mit einer Elternzeit, die er f\u00fcr seinen Sohn nahm.<\/p>\n<p>W\u00e4hrend der scheidende Kommandant jetzt den Schreibtisch in einem B\u00fcro des Verteidigungsministeriums bekommt, wechselt sein Nachfolger genau von dort an die K\u00fcste. &#8222;Sie werden es jetzt etwas ruhiger haben&#8220;, sagte Kommandeur Marx an die Adresse des neuen Kommandanten. Matthias Schmitt war zuletzt Pressesprecher im Verteidigungsministerium. Er darf jetzt Schiff und Besatzung zun\u00e4chst auf eine kurze Werft\u00fcberholung vorbereiten. Au\u00dferdem steht 2017 ein Jubil\u00e4um an. Dann wird der 30. Jahrestag des Stapellaufs gefeiert.<\/p>\n<p><span style=\"font-size: 14pt;\"><strong>Fregatte &#8222;L\u00fcbeck&#8220;: neuer Kommandant eingef\u00fchrt<\/strong><\/span><br \/>\n<span style=\"font-size: 10pt; color: #0000ff;\">Quelle: L\u00fcbecker Nachrichten<\/span><\/p>\n<p><a href=\"https:\/\/jabietz.de\/fregatte-luebeck\/wp-content\/uploads\/2017\/07\/20151002-03.jpg\" rel=\"lightbox[20151002]\" data-lbwps-width=\"400\" data-lbwps-height=\"757\" data-lbwps-srcsmall=\"https:\/\/jabietz.de\/fregatte-luebeck\/wp-content\/uploads\/2017\/07\/20151002-03-159x300.jpg\"><img loading=\"lazy\" decoding=\"async\" class=\"alignnone wp-image-1063 size-medium\" title=\"Kommandantenwechsel\" src=\"https:\/\/jabietz.de\/fregatte-luebeck\/wp-content\/uploads\/2017\/07\/20151002-03-159x300.jpg\" alt=\"\" width=\"159\" height=\"300\" srcset=\"https:\/\/jabietz.de\/fregatte-luebeck\/wp-content\/uploads\/2017\/07\/20151002-03-159x300.jpg 159w, https:\/\/jabietz.de\/fregatte-luebeck\/wp-content\/uploads\/2017\/07\/20151002-03.jpg 400w\" sizes=\"auto, (max-width: 159px) 100vw, 159px\" \/><\/a><\/p>\n<hr \/>\n<h1><span style=\"font-size: 18pt;\"><strong>Sonderf\u00fchrung am 26. Juni 2015 w\u00e4hrend der Kieler Woche<\/strong><\/span><\/h1>\n<p style=\"text-align: justify;\">Ende Mai diesen Jahres habe ich eine Anfrage an die Fregatte gestellt, ob ich w\u00e4hrend der Kieler Woche die M\u00f6glichkeit bekommen k\u00f6nnte, um Fotos insbesondere vom Hangar und der Br\u00fcckeneinrichtung zu machen, damit der neue Modellbaubogen auf dem aktuellen Stand der Fregatten konstruiert wird.<br \/>\nDie Antwort lie\u00df nicht lange auf sich warten und ich hatte einen Termin au\u00dferhalb der normalen Besichtigungszeiten und nach den offiziellen Events auf der Fregatte &#8230;\u00a0<b>und das war gestern<\/b>.<\/p>\n<p>Die folgenden Bilder sind nur eine kleine Auswahl aus vielen Aufnahmen, die ich gestern machen durfte.<\/p>\n<p><a href=\"https:\/\/jabietz.de\/fregatte-luebeck\/wp-content\/uploads\/2017\/07\/20150626-01.jpg\" rel=\"lightbox[20150626]\" data-lbwps-width=\"1200\" data-lbwps-height=\"674\" data-lbwps-srcsmall=\"https:\/\/jabietz.de\/fregatte-luebeck\/wp-content\/uploads\/2017\/07\/20150626-01-300x169.jpg\"><img loading=\"lazy\" decoding=\"async\" class=\"alignnone wp-image-1067 size-medium\" title=\"Sonderf\u00fchrung\" src=\"https:\/\/jabietz.de\/fregatte-luebeck\/wp-content\/uploads\/2017\/07\/20150626-01-300x169.jpg\" alt=\"\" width=\"300\" height=\"169\" srcset=\"https:\/\/jabietz.de\/fregatte-luebeck\/wp-content\/uploads\/2017\/07\/20150626-01-300x169.jpg 300w, https:\/\/jabietz.de\/fregatte-luebeck\/wp-content\/uploads\/2017\/07\/20150626-01-768x431.jpg 768w, https:\/\/jabietz.de\/fregatte-luebeck\/wp-content\/uploads\/2017\/07\/20150626-01-1024x575.jpg 1024w, https:\/\/jabietz.de\/fregatte-luebeck\/wp-content\/uploads\/2017\/07\/20150626-01-500x281.jpg 500w, https:\/\/jabietz.de\/fregatte-luebeck\/wp-content\/uploads\/2017\/07\/20150626-01.jpg 1200w\" sizes=\"auto, (max-width: 300px) 100vw, 300px\" \/><\/a><\/p>\n<p style=\"text-align: justify;\">An der Wache begr\u00fc\u00dfte mich der WTO und fragte gleich, was ich sehen m\u00f6chte. Ich d\u00fcrfe \u00fcberall hin, nur nicht \u00fcberall auch Fotos machen. So begannen wir auf dem Hubschrauberlandedeck und im Hangar. Der Hangar war ziemlich leer ger\u00e4umt, so dass ich besten Blick auf die Ger\u00e4tschaften im Inneren hatte. Ebenso waren alle Decksmarkierungen und Laschings zu sehen.<\/p>\n<p><a href=\"https:\/\/jabietz.de\/fregatte-luebeck\/wp-content\/uploads\/2017\/07\/20150626-02.jpg\" rel=\"lightbox[20150626]\" data-lbwps-width=\"1200\" data-lbwps-height=\"674\" data-lbwps-srcsmall=\"https:\/\/jabietz.de\/fregatte-luebeck\/wp-content\/uploads\/2017\/07\/20150626-02-300x169.jpg\"><img loading=\"lazy\" decoding=\"async\" class=\"alignnone wp-image-1068 size-medium\" title=\"Sonderf\u00fchrung\" src=\"https:\/\/jabietz.de\/fregatte-luebeck\/wp-content\/uploads\/2017\/07\/20150626-02-300x169.jpg\" alt=\"\" width=\"300\" height=\"169\" srcset=\"https:\/\/jabietz.de\/fregatte-luebeck\/wp-content\/uploads\/2017\/07\/20150626-02-300x169.jpg 300w, https:\/\/jabietz.de\/fregatte-luebeck\/wp-content\/uploads\/2017\/07\/20150626-02-768x431.jpg 768w, https:\/\/jabietz.de\/fregatte-luebeck\/wp-content\/uploads\/2017\/07\/20150626-02-1024x575.jpg 1024w, https:\/\/jabietz.de\/fregatte-luebeck\/wp-content\/uploads\/2017\/07\/20150626-02-500x281.jpg 500w, https:\/\/jabietz.de\/fregatte-luebeck\/wp-content\/uploads\/2017\/07\/20150626-02.jpg 1200w\" sizes=\"auto, (max-width: 300px) 100vw, 300px\" \/><\/a> <a href=\"https:\/\/jabietz.de\/fregatte-luebeck\/wp-content\/uploads\/2017\/07\/20150626-03.jpg\" rel=\"lightbox[20150626]\" data-lbwps-width=\"1200\" data-lbwps-height=\"674\" data-lbwps-srcsmall=\"https:\/\/jabietz.de\/fregatte-luebeck\/wp-content\/uploads\/2017\/07\/20150626-03-300x169.jpg\"><img loading=\"lazy\" decoding=\"async\" class=\"alignnone wp-image-1069 size-medium\" title=\"Sonderf\u00fchrung\" src=\"https:\/\/jabietz.de\/fregatte-luebeck\/wp-content\/uploads\/2017\/07\/20150626-03-300x169.jpg\" alt=\"\" width=\"300\" height=\"169\" srcset=\"https:\/\/jabietz.de\/fregatte-luebeck\/wp-content\/uploads\/2017\/07\/20150626-03-300x169.jpg 300w, https:\/\/jabietz.de\/fregatte-luebeck\/wp-content\/uploads\/2017\/07\/20150626-03-768x431.jpg 768w, https:\/\/jabietz.de\/fregatte-luebeck\/wp-content\/uploads\/2017\/07\/20150626-03-1024x575.jpg 1024w, https:\/\/jabietz.de\/fregatte-luebeck\/wp-content\/uploads\/2017\/07\/20150626-03-500x281.jpg 500w, https:\/\/jabietz.de\/fregatte-luebeck\/wp-content\/uploads\/2017\/07\/20150626-03.jpg 1200w\" sizes=\"auto, (max-width: 300px) 100vw, 300px\" \/><\/a> <a href=\"https:\/\/jabietz.de\/fregatte-luebeck\/wp-content\/uploads\/2017\/07\/20150626-04.jpg\" rel=\"lightbox[20150626]\" data-lbwps-width=\"1200\" data-lbwps-height=\"674\" data-lbwps-srcsmall=\"https:\/\/jabietz.de\/fregatte-luebeck\/wp-content\/uploads\/2017\/07\/20150626-04-300x169.jpg\"><img loading=\"lazy\" decoding=\"async\" class=\"alignnone wp-image-1070 size-medium\" title=\"Sonderf\u00fchrung\" src=\"https:\/\/jabietz.de\/fregatte-luebeck\/wp-content\/uploads\/2017\/07\/20150626-04-300x169.jpg\" alt=\"\" width=\"300\" height=\"169\" srcset=\"https:\/\/jabietz.de\/fregatte-luebeck\/wp-content\/uploads\/2017\/07\/20150626-04-300x169.jpg 300w, https:\/\/jabietz.de\/fregatte-luebeck\/wp-content\/uploads\/2017\/07\/20150626-04-768x431.jpg 768w, https:\/\/jabietz.de\/fregatte-luebeck\/wp-content\/uploads\/2017\/07\/20150626-04-1024x575.jpg 1024w, https:\/\/jabietz.de\/fregatte-luebeck\/wp-content\/uploads\/2017\/07\/20150626-04-500x281.jpg 500w, https:\/\/jabietz.de\/fregatte-luebeck\/wp-content\/uploads\/2017\/07\/20150626-04.jpg 1200w\" sizes=\"auto, (max-width: 300px) 100vw, 300px\" \/><\/a><\/p>\n<p style=\"text-align: justify;\">Als ich im Hangar gesehen habe, dass die T\u00fcr zum Raum der Flugkontrolle ein Spalt offen stand, da wusste ich, wo ich hin musste.<\/p>\n<p><a href=\"https:\/\/jabietz.de\/fregatte-luebeck\/wp-content\/uploads\/2017\/07\/20150626-05.jpg\" rel=\"lightbox[20150626]\" data-lbwps-width=\"1200\" data-lbwps-height=\"674\" data-lbwps-srcsmall=\"https:\/\/jabietz.de\/fregatte-luebeck\/wp-content\/uploads\/2017\/07\/20150626-05-300x169.jpg\"><img loading=\"lazy\" decoding=\"async\" class=\"alignnone wp-image-1071 size-medium\" title=\"Sonderf\u00fchrung\" src=\"https:\/\/jabietz.de\/fregatte-luebeck\/wp-content\/uploads\/2017\/07\/20150626-05-300x169.jpg\" alt=\"\" width=\"300\" height=\"169\" srcset=\"https:\/\/jabietz.de\/fregatte-luebeck\/wp-content\/uploads\/2017\/07\/20150626-05-300x169.jpg 300w, https:\/\/jabietz.de\/fregatte-luebeck\/wp-content\/uploads\/2017\/07\/20150626-05-768x431.jpg 768w, https:\/\/jabietz.de\/fregatte-luebeck\/wp-content\/uploads\/2017\/07\/20150626-05-1024x575.jpg 1024w, https:\/\/jabietz.de\/fregatte-luebeck\/wp-content\/uploads\/2017\/07\/20150626-05-500x281.jpg 500w, https:\/\/jabietz.de\/fregatte-luebeck\/wp-content\/uploads\/2017\/07\/20150626-05.jpg 1200w\" sizes=\"auto, (max-width: 300px) 100vw, 300px\" \/><\/a> <a href=\"https:\/\/jabietz.de\/fregatte-luebeck\/wp-content\/uploads\/2017\/07\/20150626-06.jpg\" rel=\"lightbox[20150626]\" data-lbwps-width=\"1200\" data-lbwps-height=\"674\" data-lbwps-srcsmall=\"https:\/\/jabietz.de\/fregatte-luebeck\/wp-content\/uploads\/2017\/07\/20150626-06-300x169.jpg\"><img loading=\"lazy\" decoding=\"async\" class=\"alignnone wp-image-1072 size-medium\" title=\"Sonderf\u00fchrung\" src=\"https:\/\/jabietz.de\/fregatte-luebeck\/wp-content\/uploads\/2017\/07\/20150626-06-300x169.jpg\" alt=\"\" width=\"300\" height=\"169\" srcset=\"https:\/\/jabietz.de\/fregatte-luebeck\/wp-content\/uploads\/2017\/07\/20150626-06-300x169.jpg 300w, https:\/\/jabietz.de\/fregatte-luebeck\/wp-content\/uploads\/2017\/07\/20150626-06-768x431.jpg 768w, https:\/\/jabietz.de\/fregatte-luebeck\/wp-content\/uploads\/2017\/07\/20150626-06-1024x575.jpg 1024w, https:\/\/jabietz.de\/fregatte-luebeck\/wp-content\/uploads\/2017\/07\/20150626-06-500x281.jpg 500w, https:\/\/jabietz.de\/fregatte-luebeck\/wp-content\/uploads\/2017\/07\/20150626-06.jpg 1200w\" sizes=\"auto, (max-width: 300px) 100vw, 300px\" \/><\/a><\/p>\n<p style=\"text-align: justify;\">Leider konnte ich wegen Funk- und Radarbetrieb nicht auf das Hangardach, deshalb ging es weiter mit einem Rundgang \u00fcber das Hauptdeck.<\/p>\n<p style=\"text-align: justify;\"><a href=\"https:\/\/jabietz.de\/fregatte-luebeck\/wp-content\/uploads\/2017\/07\/20150626-07.jpg\" rel=\"lightbox[20150626]\" data-lbwps-width=\"1200\" data-lbwps-height=\"674\" data-lbwps-srcsmall=\"https:\/\/jabietz.de\/fregatte-luebeck\/wp-content\/uploads\/2017\/07\/20150626-07-300x169.jpg\"><img loading=\"lazy\" decoding=\"async\" class=\"alignnone wp-image-1073 size-medium\" title=\"Sonderf\u00fchrung\" src=\"https:\/\/jabietz.de\/fregatte-luebeck\/wp-content\/uploads\/2017\/07\/20150626-07-300x169.jpg\" alt=\"\" width=\"300\" height=\"169\" srcset=\"https:\/\/jabietz.de\/fregatte-luebeck\/wp-content\/uploads\/2017\/07\/20150626-07-300x169.jpg 300w, https:\/\/jabietz.de\/fregatte-luebeck\/wp-content\/uploads\/2017\/07\/20150626-07-768x431.jpg 768w, https:\/\/jabietz.de\/fregatte-luebeck\/wp-content\/uploads\/2017\/07\/20150626-07-1024x575.jpg 1024w, https:\/\/jabietz.de\/fregatte-luebeck\/wp-content\/uploads\/2017\/07\/20150626-07-500x281.jpg 500w, https:\/\/jabietz.de\/fregatte-luebeck\/wp-content\/uploads\/2017\/07\/20150626-07.jpg 1200w\" sizes=\"auto, (max-width: 300px) 100vw, 300px\" \/><\/a><\/p>\n<p style=\"text-align: justify;\">Im Schiffsinneren interessierte mich zun\u00e4chst die O-Messe, in der ein Messingmodell ausgestellt ist, welches nur mit viel gutem Willen der Fregatte \u00e4hnlich ist.<\/p>\n<p style=\"text-align: justify;\"><a href=\"https:\/\/jabietz.de\/fregatte-luebeck\/wp-content\/uploads\/2017\/07\/20150626-08.jpg\" rel=\"lightbox[20150626]\" data-lbwps-width=\"1200\" data-lbwps-height=\"674\" data-lbwps-srcsmall=\"https:\/\/jabietz.de\/fregatte-luebeck\/wp-content\/uploads\/2017\/07\/20150626-08-300x169.jpg\"><img loading=\"lazy\" decoding=\"async\" class=\"alignnone wp-image-1074 size-medium\" title=\"Sonderf\u00fchrung\" src=\"https:\/\/jabietz.de\/fregatte-luebeck\/wp-content\/uploads\/2017\/07\/20150626-08-300x169.jpg\" alt=\"\" width=\"300\" height=\"169\" srcset=\"https:\/\/jabietz.de\/fregatte-luebeck\/wp-content\/uploads\/2017\/07\/20150626-08-300x169.jpg 300w, https:\/\/jabietz.de\/fregatte-luebeck\/wp-content\/uploads\/2017\/07\/20150626-08-768x431.jpg 768w, https:\/\/jabietz.de\/fregatte-luebeck\/wp-content\/uploads\/2017\/07\/20150626-08-1024x575.jpg 1024w, https:\/\/jabietz.de\/fregatte-luebeck\/wp-content\/uploads\/2017\/07\/20150626-08-500x281.jpg 500w, https:\/\/jabietz.de\/fregatte-luebeck\/wp-content\/uploads\/2017\/07\/20150626-08.jpg 1200w\" sizes=\"auto, (max-width: 300px) 100vw, 300px\" \/><\/a> <a href=\"https:\/\/jabietz.de\/fregatte-luebeck\/wp-content\/uploads\/2017\/07\/20150626-09.jpg\" rel=\"lightbox[20150626]\" data-lbwps-width=\"1200\" data-lbwps-height=\"674\" data-lbwps-srcsmall=\"https:\/\/jabietz.de\/fregatte-luebeck\/wp-content\/uploads\/2017\/07\/20150626-09-300x169.jpg\"><img loading=\"lazy\" decoding=\"async\" class=\"alignnone wp-image-1075 size-medium\" title=\"Sonderf\u00fchrung\" src=\"https:\/\/jabietz.de\/fregatte-luebeck\/wp-content\/uploads\/2017\/07\/20150626-09-300x169.jpg\" alt=\"\" width=\"300\" height=\"169\" srcset=\"https:\/\/jabietz.de\/fregatte-luebeck\/wp-content\/uploads\/2017\/07\/20150626-09-300x169.jpg 300w, https:\/\/jabietz.de\/fregatte-luebeck\/wp-content\/uploads\/2017\/07\/20150626-09-768x431.jpg 768w, https:\/\/jabietz.de\/fregatte-luebeck\/wp-content\/uploads\/2017\/07\/20150626-09-1024x575.jpg 1024w, https:\/\/jabietz.de\/fregatte-luebeck\/wp-content\/uploads\/2017\/07\/20150626-09-500x281.jpg 500w, https:\/\/jabietz.de\/fregatte-luebeck\/wp-content\/uploads\/2017\/07\/20150626-09.jpg 1200w\" sizes=\"auto, (max-width: 300px) 100vw, 300px\" \/><\/a><\/p>\n<p style=\"text-align: justify;\">Von der O-Messe ging es auf die Br\u00fccke. Zwischendurch versorgte mich Herr Oberleutnant mit sehr viel Informationen und interessanten Geschichten um die &#8222;L\u00dcBECK&#8220;.<\/p>\n<p style=\"text-align: justify;\"><a href=\"https:\/\/jabietz.de\/fregatte-luebeck\/wp-content\/uploads\/2017\/07\/20150626-10.jpg\" rel=\"lightbox[20150626]\" data-lbwps-width=\"1200\" data-lbwps-height=\"674\" data-lbwps-srcsmall=\"https:\/\/jabietz.de\/fregatte-luebeck\/wp-content\/uploads\/2017\/07\/20150626-10-300x169.jpg\"><img loading=\"lazy\" decoding=\"async\" class=\"alignnone wp-image-1076 size-medium\" title=\"Sonderf\u00fchrung\" src=\"https:\/\/jabietz.de\/fregatte-luebeck\/wp-content\/uploads\/2017\/07\/20150626-10-300x169.jpg\" alt=\"\" width=\"300\" height=\"169\" srcset=\"https:\/\/jabietz.de\/fregatte-luebeck\/wp-content\/uploads\/2017\/07\/20150626-10-300x169.jpg 300w, https:\/\/jabietz.de\/fregatte-luebeck\/wp-content\/uploads\/2017\/07\/20150626-10-768x431.jpg 768w, https:\/\/jabietz.de\/fregatte-luebeck\/wp-content\/uploads\/2017\/07\/20150626-10-1024x575.jpg 1024w, https:\/\/jabietz.de\/fregatte-luebeck\/wp-content\/uploads\/2017\/07\/20150626-10-500x281.jpg 500w, https:\/\/jabietz.de\/fregatte-luebeck\/wp-content\/uploads\/2017\/07\/20150626-10.jpg 1200w\" sizes=\"auto, (max-width: 300px) 100vw, 300px\" \/><\/a> <a href=\"https:\/\/jabietz.de\/fregatte-luebeck\/wp-content\/uploads\/2017\/07\/20150626-11.jpg\" rel=\"lightbox[20150626]\" data-lbwps-width=\"1200\" data-lbwps-height=\"674\" data-lbwps-srcsmall=\"https:\/\/jabietz.de\/fregatte-luebeck\/wp-content\/uploads\/2017\/07\/20150626-11-300x169.jpg\"><img loading=\"lazy\" decoding=\"async\" class=\"alignnone wp-image-1077 size-medium\" title=\"Sonderf\u00fchrung\" src=\"https:\/\/jabietz.de\/fregatte-luebeck\/wp-content\/uploads\/2017\/07\/20150626-11-300x169.jpg\" alt=\"\" width=\"300\" height=\"169\" srcset=\"https:\/\/jabietz.de\/fregatte-luebeck\/wp-content\/uploads\/2017\/07\/20150626-11-300x169.jpg 300w, https:\/\/jabietz.de\/fregatte-luebeck\/wp-content\/uploads\/2017\/07\/20150626-11-768x431.jpg 768w, https:\/\/jabietz.de\/fregatte-luebeck\/wp-content\/uploads\/2017\/07\/20150626-11-1024x575.jpg 1024w, https:\/\/jabietz.de\/fregatte-luebeck\/wp-content\/uploads\/2017\/07\/20150626-11-500x281.jpg 500w, https:\/\/jabietz.de\/fregatte-luebeck\/wp-content\/uploads\/2017\/07\/20150626-11.jpg 1200w\" sizes=\"auto, (max-width: 300px) 100vw, 300px\" \/><\/a><\/p>\n<p style=\"text-align: justify;\">Von der Br\u00fccke ging es zu meiner Freude in die OPZ, wo ich erneut einen Einblick in die Technik erhalten habe. Von der OPZ ging es zun\u00e4chst in die Umladekammer unter dem76mm-Gesch\u00fctz und dann weiter in die PUO-Messe.<br \/>\nDort konnte ich nach vielen Jahren wieder ein Blick auf das Modell der Fregatte &#8222;L\u00dcBECK&#8220; Klasse 120 meines Vaters wahrnehmen. Als ich den Anwesenden erz\u00e4hlte, dass es ein Kartonmodell sei, sah man mich leicht unglaubw\u00fcrdig an. Zum Gl\u00fcck hatte ich den Probebau vom Heck des neuen Modells mit den geplanten Decksrundungen vom Konstrukteurstreffen dabei und konnte damit etwas \u00fcberzeugen.<\/p>\n<p style=\"text-align: justify;\"><a href=\"https:\/\/jabietz.de\/fregatte-luebeck\/wp-content\/uploads\/2017\/07\/20150626-12.jpg\" rel=\"lightbox[20150626]\" data-lbwps-width=\"1200\" data-lbwps-height=\"674\" data-lbwps-srcsmall=\"https:\/\/jabietz.de\/fregatte-luebeck\/wp-content\/uploads\/2017\/07\/20150626-12-300x169.jpg\"><img loading=\"lazy\" decoding=\"async\" class=\"alignnone wp-image-1078 size-medium\" title=\"Sonderf\u00fchrung\" src=\"https:\/\/jabietz.de\/fregatte-luebeck\/wp-content\/uploads\/2017\/07\/20150626-12-300x169.jpg\" alt=\"\" width=\"300\" height=\"169\" srcset=\"https:\/\/jabietz.de\/fregatte-luebeck\/wp-content\/uploads\/2017\/07\/20150626-12-300x169.jpg 300w, https:\/\/jabietz.de\/fregatte-luebeck\/wp-content\/uploads\/2017\/07\/20150626-12-768x431.jpg 768w, https:\/\/jabietz.de\/fregatte-luebeck\/wp-content\/uploads\/2017\/07\/20150626-12-1024x575.jpg 1024w, https:\/\/jabietz.de\/fregatte-luebeck\/wp-content\/uploads\/2017\/07\/20150626-12-500x281.jpg 500w, https:\/\/jabietz.de\/fregatte-luebeck\/wp-content\/uploads\/2017\/07\/20150626-12.jpg 1200w\" sizes=\"auto, (max-width: 300px) 100vw, 300px\" \/><\/a> <a href=\"https:\/\/jabietz.de\/fregatte-luebeck\/wp-content\/uploads\/2017\/07\/20150626-13.jpg\" rel=\"lightbox[20150626]\" data-lbwps-width=\"1200\" data-lbwps-height=\"674\" data-lbwps-srcsmall=\"https:\/\/jabietz.de\/fregatte-luebeck\/wp-content\/uploads\/2017\/07\/20150626-13-300x169.jpg\"><img loading=\"lazy\" decoding=\"async\" class=\"alignnone wp-image-1079 size-medium\" title=\"Sonderf\u00fchrung\" src=\"https:\/\/jabietz.de\/fregatte-luebeck\/wp-content\/uploads\/2017\/07\/20150626-13-300x169.jpg\" alt=\"\" width=\"300\" height=\"169\" srcset=\"https:\/\/jabietz.de\/fregatte-luebeck\/wp-content\/uploads\/2017\/07\/20150626-13-300x169.jpg 300w, https:\/\/jabietz.de\/fregatte-luebeck\/wp-content\/uploads\/2017\/07\/20150626-13-768x431.jpg 768w, https:\/\/jabietz.de\/fregatte-luebeck\/wp-content\/uploads\/2017\/07\/20150626-13-1024x575.jpg 1024w, https:\/\/jabietz.de\/fregatte-luebeck\/wp-content\/uploads\/2017\/07\/20150626-13-500x281.jpg 500w, https:\/\/jabietz.de\/fregatte-luebeck\/wp-content\/uploads\/2017\/07\/20150626-13.jpg 1200w\" sizes=\"auto, (max-width: 300px) 100vw, 300px\" \/><\/a><\/p>\n<p style=\"text-align: justify;\">Letztes Ziel war erneut die Schanz, wo ich die Infos zur Farbgebung der Schlepp-\u00d6se (ich glaube diese hei\u00dft im Fachjargon <strong>Smit-Bracket<\/strong>) bekommen habe.<\/p>\n<p style=\"text-align: justify;\"><a href=\"https:\/\/jabietz.de\/fregatte-luebeck\/wp-content\/uploads\/2017\/07\/20150626-14.jpg\" rel=\"lightbox[20150626]\" data-lbwps-width=\"1200\" data-lbwps-height=\"674\" data-lbwps-srcsmall=\"https:\/\/jabietz.de\/fregatte-luebeck\/wp-content\/uploads\/2017\/07\/20150626-14-300x169.jpg\"><img loading=\"lazy\" decoding=\"async\" class=\"alignnone wp-image-1080 size-medium\" title=\"Sonderf\u00fchrung\" src=\"https:\/\/jabietz.de\/fregatte-luebeck\/wp-content\/uploads\/2017\/07\/20150626-14-300x169.jpg\" alt=\"\" width=\"300\" height=\"169\" srcset=\"https:\/\/jabietz.de\/fregatte-luebeck\/wp-content\/uploads\/2017\/07\/20150626-14-300x169.jpg 300w, https:\/\/jabietz.de\/fregatte-luebeck\/wp-content\/uploads\/2017\/07\/20150626-14-768x431.jpg 768w, https:\/\/jabietz.de\/fregatte-luebeck\/wp-content\/uploads\/2017\/07\/20150626-14-1024x575.jpg 1024w, https:\/\/jabietz.de\/fregatte-luebeck\/wp-content\/uploads\/2017\/07\/20150626-14-500x281.jpg 500w, https:\/\/jabietz.de\/fregatte-luebeck\/wp-content\/uploads\/2017\/07\/20150626-14.jpg 1200w\" sizes=\"auto, (max-width: 300px) 100vw, 300px\" \/><\/a><\/p>\n<p style=\"text-align: justify;\">Alles in allem hatte sich die Fahrt nach Kiel total gelohnt. Ich m\u00f6chte mich an dieser Stelle bei allen Beteiligten bedanken, insbesondere beim WTO der Fregatte &#8222;L\u00dcBECK&#8220;, der mir bis auf eine Frage alle Fragen beantworten konnte (nur nicht, warum der Schiffsname an der Nock auf einem holzfarbenen Brett steht und nicht den blauen Hintergrund hat) und mir bis auf das Hangardach alle f\u00fcr mich wichtigen Bereiche gezeigt hat. Vielen, vielen Dank daf\u00fcr.<\/p>\n<p>Ich hoffe, es gibt ein Wiedersehen auf dem Weihnachtsmarkt in L\u00fcbeck, wo es in diesem Jahr auf jeden Fall wieder den leckeren Punsch der Fregatte geben soll.<\/p>\n<hr \/>\n<h1><span style=\"font-size: 18pt;\"><strong>Flottenflaggschiff zur Kieler Woche 2015<\/strong><\/span><\/h1>\n<p style=\"text-align: justify;\">Die folgenden Bilder sind nur eine kleine Auswahl aus vielen Fotos, die am 20.Juni 2015 w\u00e4hrend des Opens Ships zur Kieler Woche entstanden sind.<\/p>\n<p><a href=\"https:\/\/jabietz.de\/fregatte-luebeck\/wp-content\/uploads\/2017\/07\/20150620-01.jpg\" rel=\"lightbox[20150620]\" data-lbwps-width=\"1200\" data-lbwps-height=\"674\" data-lbwps-srcsmall=\"https:\/\/jabietz.de\/fregatte-luebeck\/wp-content\/uploads\/2017\/07\/20150620-01-300x169.jpg\"><img loading=\"lazy\" decoding=\"async\" class=\"alignnone wp-image-1082 size-medium\" title=\"Kieler Woche 2015\" src=\"https:\/\/jabietz.de\/fregatte-luebeck\/wp-content\/uploads\/2017\/07\/20150620-01-300x169.jpg\" alt=\"\" width=\"300\" height=\"169\" srcset=\"https:\/\/jabietz.de\/fregatte-luebeck\/wp-content\/uploads\/2017\/07\/20150620-01-300x169.jpg 300w, https:\/\/jabietz.de\/fregatte-luebeck\/wp-content\/uploads\/2017\/07\/20150620-01-768x431.jpg 768w, https:\/\/jabietz.de\/fregatte-luebeck\/wp-content\/uploads\/2017\/07\/20150620-01-1024x575.jpg 1024w, https:\/\/jabietz.de\/fregatte-luebeck\/wp-content\/uploads\/2017\/07\/20150620-01-500x281.jpg 500w, https:\/\/jabietz.de\/fregatte-luebeck\/wp-content\/uploads\/2017\/07\/20150620-01.jpg 1200w\" sizes=\"auto, (max-width: 300px) 100vw, 300px\" \/><\/a> <a href=\"https:\/\/jabietz.de\/fregatte-luebeck\/wp-content\/uploads\/2017\/07\/20150620-02.jpg\" rel=\"lightbox[20150620]\" data-lbwps-width=\"1200\" data-lbwps-height=\"674\" data-lbwps-srcsmall=\"https:\/\/jabietz.de\/fregatte-luebeck\/wp-content\/uploads\/2017\/07\/20150620-02-300x169.jpg\"><img loading=\"lazy\" decoding=\"async\" class=\"alignnone wp-image-1083 size-medium\" title=\"Kieler Woche 2015\" src=\"https:\/\/jabietz.de\/fregatte-luebeck\/wp-content\/uploads\/2017\/07\/20150620-02-300x169.jpg\" alt=\"\" width=\"300\" height=\"169\" srcset=\"https:\/\/jabietz.de\/fregatte-luebeck\/wp-content\/uploads\/2017\/07\/20150620-02-300x169.jpg 300w, https:\/\/jabietz.de\/fregatte-luebeck\/wp-content\/uploads\/2017\/07\/20150620-02-768x431.jpg 768w, https:\/\/jabietz.de\/fregatte-luebeck\/wp-content\/uploads\/2017\/07\/20150620-02-1024x575.jpg 1024w, https:\/\/jabietz.de\/fregatte-luebeck\/wp-content\/uploads\/2017\/07\/20150620-02-500x281.jpg 500w, https:\/\/jabietz.de\/fregatte-luebeck\/wp-content\/uploads\/2017\/07\/20150620-02.jpg 1200w\" sizes=\"auto, (max-width: 300px) 100vw, 300px\" \/><\/a> <a href=\"https:\/\/jabietz.de\/fregatte-luebeck\/wp-content\/uploads\/2017\/07\/20150620-03.jpg\" rel=\"lightbox[20150620]\" data-lbwps-width=\"1200\" data-lbwps-height=\"674\" data-lbwps-srcsmall=\"https:\/\/jabietz.de\/fregatte-luebeck\/wp-content\/uploads\/2017\/07\/20150620-03-300x169.jpg\"><img loading=\"lazy\" decoding=\"async\" class=\"alignnone wp-image-1084 size-medium\" title=\"Kieler Woche 2015\" src=\"https:\/\/jabietz.de\/fregatte-luebeck\/wp-content\/uploads\/2017\/07\/20150620-03-300x169.jpg\" alt=\"\" width=\"300\" height=\"169\" srcset=\"https:\/\/jabietz.de\/fregatte-luebeck\/wp-content\/uploads\/2017\/07\/20150620-03-300x169.jpg 300w, https:\/\/jabietz.de\/fregatte-luebeck\/wp-content\/uploads\/2017\/07\/20150620-03-768x431.jpg 768w, https:\/\/jabietz.de\/fregatte-luebeck\/wp-content\/uploads\/2017\/07\/20150620-03-1024x575.jpg 1024w, https:\/\/jabietz.de\/fregatte-luebeck\/wp-content\/uploads\/2017\/07\/20150620-03-500x281.jpg 500w, https:\/\/jabietz.de\/fregatte-luebeck\/wp-content\/uploads\/2017\/07\/20150620-03.jpg 1200w\" sizes=\"auto, (max-width: 300px) 100vw, 300px\" \/><\/a> <a href=\"https:\/\/jabietz.de\/fregatte-luebeck\/wp-content\/uploads\/2017\/07\/20150620-04.jpg\" rel=\"lightbox[20150620]\" data-lbwps-width=\"1200\" data-lbwps-height=\"674\" data-lbwps-srcsmall=\"https:\/\/jabietz.de\/fregatte-luebeck\/wp-content\/uploads\/2017\/07\/20150620-04-300x169.jpg\"><img loading=\"lazy\" decoding=\"async\" class=\"alignnone wp-image-1085 size-medium\" title=\"Kieler Woche 2015\" src=\"https:\/\/jabietz.de\/fregatte-luebeck\/wp-content\/uploads\/2017\/07\/20150620-04-300x169.jpg\" alt=\"\" width=\"300\" height=\"169\" srcset=\"https:\/\/jabietz.de\/fregatte-luebeck\/wp-content\/uploads\/2017\/07\/20150620-04-300x169.jpg 300w, https:\/\/jabietz.de\/fregatte-luebeck\/wp-content\/uploads\/2017\/07\/20150620-04-768x431.jpg 768w, https:\/\/jabietz.de\/fregatte-luebeck\/wp-content\/uploads\/2017\/07\/20150620-04-1024x575.jpg 1024w, https:\/\/jabietz.de\/fregatte-luebeck\/wp-content\/uploads\/2017\/07\/20150620-04-500x281.jpg 500w, https:\/\/jabietz.de\/fregatte-luebeck\/wp-content\/uploads\/2017\/07\/20150620-04.jpg 1200w\" sizes=\"auto, (max-width: 300px) 100vw, 300px\" \/><\/a> <a href=\"https:\/\/jabietz.de\/fregatte-luebeck\/wp-content\/uploads\/2017\/07\/20150620-05.jpg\" rel=\"lightbox[20150620]\" data-lbwps-width=\"1200\" data-lbwps-height=\"674\" data-lbwps-srcsmall=\"https:\/\/jabietz.de\/fregatte-luebeck\/wp-content\/uploads\/2017\/07\/20150620-05-300x169.jpg\"><img loading=\"lazy\" decoding=\"async\" class=\"alignnone wp-image-1086 size-medium\" title=\"Kieler Woche 2015\" src=\"https:\/\/jabietz.de\/fregatte-luebeck\/wp-content\/uploads\/2017\/07\/20150620-05-300x169.jpg\" alt=\"\" width=\"300\" height=\"169\" srcset=\"https:\/\/jabietz.de\/fregatte-luebeck\/wp-content\/uploads\/2017\/07\/20150620-05-300x169.jpg 300w, https:\/\/jabietz.de\/fregatte-luebeck\/wp-content\/uploads\/2017\/07\/20150620-05-768x431.jpg 768w, https:\/\/jabietz.de\/fregatte-luebeck\/wp-content\/uploads\/2017\/07\/20150620-05-1024x575.jpg 1024w, https:\/\/jabietz.de\/fregatte-luebeck\/wp-content\/uploads\/2017\/07\/20150620-05-500x281.jpg 500w, https:\/\/jabietz.de\/fregatte-luebeck\/wp-content\/uploads\/2017\/07\/20150620-05.jpg 1200w\" sizes=\"auto, (max-width: 300px) 100vw, 300px\" \/><\/a> <a href=\"https:\/\/jabietz.de\/fregatte-luebeck\/wp-content\/uploads\/2017\/07\/20150620-06.jpg\" rel=\"lightbox[20150620]\" data-lbwps-width=\"1200\" data-lbwps-height=\"674\" data-lbwps-srcsmall=\"https:\/\/jabietz.de\/fregatte-luebeck\/wp-content\/uploads\/2017\/07\/20150620-06-300x169.jpg\"><img loading=\"lazy\" decoding=\"async\" class=\"alignnone wp-image-1087 size-medium\" title=\"Kieler Woche 2015\" src=\"https:\/\/jabietz.de\/fregatte-luebeck\/wp-content\/uploads\/2017\/07\/20150620-06-300x169.jpg\" alt=\"\" width=\"300\" height=\"169\" srcset=\"https:\/\/jabietz.de\/fregatte-luebeck\/wp-content\/uploads\/2017\/07\/20150620-06-300x169.jpg 300w, https:\/\/jabietz.de\/fregatte-luebeck\/wp-content\/uploads\/2017\/07\/20150620-06-768x431.jpg 768w, https:\/\/jabietz.de\/fregatte-luebeck\/wp-content\/uploads\/2017\/07\/20150620-06-1024x575.jpg 1024w, https:\/\/jabietz.de\/fregatte-luebeck\/wp-content\/uploads\/2017\/07\/20150620-06-500x281.jpg 500w, https:\/\/jabietz.de\/fregatte-luebeck\/wp-content\/uploads\/2017\/07\/20150620-06.jpg 1200w\" sizes=\"auto, (max-width: 300px) 100vw, 300px\" \/><\/a> <a href=\"https:\/\/jabietz.de\/fregatte-luebeck\/wp-content\/uploads\/2017\/07\/20150620-07.jpg\" rel=\"lightbox[20150620]\" data-lbwps-width=\"1200\" data-lbwps-height=\"674\" data-lbwps-srcsmall=\"https:\/\/jabietz.de\/fregatte-luebeck\/wp-content\/uploads\/2017\/07\/20150620-07-300x169.jpg\"><img loading=\"lazy\" decoding=\"async\" class=\"alignnone wp-image-1088 size-medium\" title=\"Kieler Woche 2015\" src=\"https:\/\/jabietz.de\/fregatte-luebeck\/wp-content\/uploads\/2017\/07\/20150620-07-300x169.jpg\" alt=\"\" width=\"300\" height=\"169\" srcset=\"https:\/\/jabietz.de\/fregatte-luebeck\/wp-content\/uploads\/2017\/07\/20150620-07-300x169.jpg 300w, https:\/\/jabietz.de\/fregatte-luebeck\/wp-content\/uploads\/2017\/07\/20150620-07-768x431.jpg 768w, https:\/\/jabietz.de\/fregatte-luebeck\/wp-content\/uploads\/2017\/07\/20150620-07-1024x575.jpg 1024w, https:\/\/jabietz.de\/fregatte-luebeck\/wp-content\/uploads\/2017\/07\/20150620-07-500x281.jpg 500w, https:\/\/jabietz.de\/fregatte-luebeck\/wp-content\/uploads\/2017\/07\/20150620-07.jpg 1200w\" sizes=\"auto, (max-width: 300px) 100vw, 300px\" \/><\/a> <a href=\"https:\/\/jabietz.de\/fregatte-luebeck\/wp-content\/uploads\/2017\/07\/20150620-08.jpg\" rel=\"lightbox[20150620]\" data-lbwps-width=\"1200\" data-lbwps-height=\"674\" data-lbwps-srcsmall=\"https:\/\/jabietz.de\/fregatte-luebeck\/wp-content\/uploads\/2017\/07\/20150620-08-300x169.jpg\"><img loading=\"lazy\" decoding=\"async\" class=\"alignnone wp-image-1089 size-medium\" title=\"Kieler Woche 2015\" src=\"https:\/\/jabietz.de\/fregatte-luebeck\/wp-content\/uploads\/2017\/07\/20150620-08-300x169.jpg\" alt=\"\" width=\"300\" height=\"169\" srcset=\"https:\/\/jabietz.de\/fregatte-luebeck\/wp-content\/uploads\/2017\/07\/20150620-08-300x169.jpg 300w, https:\/\/jabietz.de\/fregatte-luebeck\/wp-content\/uploads\/2017\/07\/20150620-08-768x431.jpg 768w, https:\/\/jabietz.de\/fregatte-luebeck\/wp-content\/uploads\/2017\/07\/20150620-08-1024x575.jpg 1024w, https:\/\/jabietz.de\/fregatte-luebeck\/wp-content\/uploads\/2017\/07\/20150620-08-500x281.jpg 500w, https:\/\/jabietz.de\/fregatte-luebeck\/wp-content\/uploads\/2017\/07\/20150620-08.jpg 1200w\" sizes=\"auto, (max-width: 300px) 100vw, 300px\" \/><\/a> <a href=\"https:\/\/jabietz.de\/fregatte-luebeck\/wp-content\/uploads\/2017\/07\/20150620-09.jpg\" rel=\"lightbox[20150620]\" data-lbwps-width=\"1200\" data-lbwps-height=\"674\" data-lbwps-srcsmall=\"https:\/\/jabietz.de\/fregatte-luebeck\/wp-content\/uploads\/2017\/07\/20150620-09-300x169.jpg\"><img loading=\"lazy\" decoding=\"async\" class=\"alignnone wp-image-1090 size-medium\" title=\"Kieler Woche 2015\" src=\"https:\/\/jabietz.de\/fregatte-luebeck\/wp-content\/uploads\/2017\/07\/20150620-09-300x169.jpg\" alt=\"\" width=\"300\" height=\"169\" srcset=\"https:\/\/jabietz.de\/fregatte-luebeck\/wp-content\/uploads\/2017\/07\/20150620-09-300x169.jpg 300w, https:\/\/jabietz.de\/fregatte-luebeck\/wp-content\/uploads\/2017\/07\/20150620-09-768x431.jpg 768w, https:\/\/jabietz.de\/fregatte-luebeck\/wp-content\/uploads\/2017\/07\/20150620-09-1024x575.jpg 1024w, https:\/\/jabietz.de\/fregatte-luebeck\/wp-content\/uploads\/2017\/07\/20150620-09-500x281.jpg 500w, https:\/\/jabietz.de\/fregatte-luebeck\/wp-content\/uploads\/2017\/07\/20150620-09.jpg 1200w\" sizes=\"auto, (max-width: 300px) 100vw, 300px\" \/><\/a> <a href=\"https:\/\/jabietz.de\/fregatte-luebeck\/wp-content\/uploads\/2017\/07\/20150620-10.jpg\" rel=\"lightbox[20150620]\" data-lbwps-width=\"1200\" data-lbwps-height=\"674\" data-lbwps-srcsmall=\"https:\/\/jabietz.de\/fregatte-luebeck\/wp-content\/uploads\/2017\/07\/20150620-10-300x169.jpg\"><img loading=\"lazy\" decoding=\"async\" class=\"alignnone wp-image-1091 size-medium\" title=\"Kieler Woche 2015\" src=\"https:\/\/jabietz.de\/fregatte-luebeck\/wp-content\/uploads\/2017\/07\/20150620-10-300x169.jpg\" alt=\"\" width=\"300\" height=\"169\" srcset=\"https:\/\/jabietz.de\/fregatte-luebeck\/wp-content\/uploads\/2017\/07\/20150620-10-300x169.jpg 300w, https:\/\/jabietz.de\/fregatte-luebeck\/wp-content\/uploads\/2017\/07\/20150620-10-768x431.jpg 768w, https:\/\/jabietz.de\/fregatte-luebeck\/wp-content\/uploads\/2017\/07\/20150620-10-1024x575.jpg 1024w, https:\/\/jabietz.de\/fregatte-luebeck\/wp-content\/uploads\/2017\/07\/20150620-10-500x281.jpg 500w, https:\/\/jabietz.de\/fregatte-luebeck\/wp-content\/uploads\/2017\/07\/20150620-10.jpg 1200w\" sizes=\"auto, (max-width: 300px) 100vw, 300px\" \/><\/a> <a href=\"https:\/\/jabietz.de\/fregatte-luebeck\/wp-content\/uploads\/2017\/07\/20150620-11.jpg\" rel=\"lightbox[20150620]\" data-lbwps-width=\"1200\" data-lbwps-height=\"674\" data-lbwps-srcsmall=\"https:\/\/jabietz.de\/fregatte-luebeck\/wp-content\/uploads\/2017\/07\/20150620-11-300x169.jpg\"><img loading=\"lazy\" decoding=\"async\" class=\"alignnone wp-image-1092 size-medium\" title=\"Kieler Woche 2015\" src=\"https:\/\/jabietz.de\/fregatte-luebeck\/wp-content\/uploads\/2017\/07\/20150620-11-300x169.jpg\" alt=\"\" width=\"300\" height=\"169\" srcset=\"https:\/\/jabietz.de\/fregatte-luebeck\/wp-content\/uploads\/2017\/07\/20150620-11-300x169.jpg 300w, https:\/\/jabietz.de\/fregatte-luebeck\/wp-content\/uploads\/2017\/07\/20150620-11-768x431.jpg 768w, https:\/\/jabietz.de\/fregatte-luebeck\/wp-content\/uploads\/2017\/07\/20150620-11-1024x575.jpg 1024w, https:\/\/jabietz.de\/fregatte-luebeck\/wp-content\/uploads\/2017\/07\/20150620-11-500x281.jpg 500w, https:\/\/jabietz.de\/fregatte-luebeck\/wp-content\/uploads\/2017\/07\/20150620-11.jpg 1200w\" sizes=\"auto, (max-width: 300px) 100vw, 300px\" \/><\/a><\/p>\n<p style=\"text-align: justify;\">Am Eingang zum Marinest\u00fctzpunkt gab es auch wieder den Verkaufsstand mit den Ersttagsbl\u00e4tter und Bordstempeln f\u00fcr die Philatelisten, an denen auch ich nicht vorbei gehen konnte.<\/p>\n<p><a href=\"https:\/\/jabietz.de\/fregatte-luebeck\/wp-content\/uploads\/2017\/07\/20150620-12.jpg\" rel=\"lightbox[20150620]\" data-lbwps-width=\"300\" data-lbwps-height=\"431\" data-lbwps-srcsmall=\"https:\/\/jabietz.de\/fregatte-luebeck\/wp-content\/uploads\/2017\/07\/20150620-12-209x300.jpg\"><img loading=\"lazy\" decoding=\"async\" class=\"alignnone wp-image-1093 size-medium\" title=\"Kieler Woche 2015\" src=\"https:\/\/jabietz.de\/fregatte-luebeck\/wp-content\/uploads\/2017\/07\/20150620-12-209x300.jpg\" alt=\"\" width=\"209\" height=\"300\" srcset=\"https:\/\/jabietz.de\/fregatte-luebeck\/wp-content\/uploads\/2017\/07\/20150620-12-209x300.jpg 209w, https:\/\/jabietz.de\/fregatte-luebeck\/wp-content\/uploads\/2017\/07\/20150620-12.jpg 300w\" sizes=\"auto, (max-width: 209px) 100vw, 209px\" \/><\/a> <a href=\"https:\/\/jabietz.de\/fregatte-luebeck\/wp-content\/uploads\/2017\/07\/20150620-13.jpg\" rel=\"lightbox[20150620]\" data-lbwps-width=\"300\" data-lbwps-height=\"417\" data-lbwps-srcsmall=\"https:\/\/jabietz.de\/fregatte-luebeck\/wp-content\/uploads\/2017\/07\/20150620-13-216x300.jpg\"><img loading=\"lazy\" decoding=\"async\" class=\"alignnone wp-image-1094 size-medium\" title=\"Kieler Woche 2015\" src=\"https:\/\/jabietz.de\/fregatte-luebeck\/wp-content\/uploads\/2017\/07\/20150620-13-216x300.jpg\" alt=\"\" width=\"216\" height=\"300\" srcset=\"https:\/\/jabietz.de\/fregatte-luebeck\/wp-content\/uploads\/2017\/07\/20150620-13-216x300.jpg 216w, https:\/\/jabietz.de\/fregatte-luebeck\/wp-content\/uploads\/2017\/07\/20150620-13.jpg 300w\" sizes=\"auto, (max-width: 216px) 100vw, 216px\" \/><\/a><\/p>\n<hr \/>\n<h1><span style=\"font-size: 18pt;\"><strong>Bilder vom Einlaufen in Wilhelmshaven am 27.02.2015<\/strong><\/span><\/h1>\n<p style=\"text-align: justify;\">Die folgenden Bilder von der R\u00fcckkehr vom Auslandseinsatz am Horn von Afrika verdanke ich Thomas Scholz aus Moers, der mir die Genehmigung zur Ver\u00f6ffentlichung erteilt hat.<\/p>\n<p><a href=\"https:\/\/jabietz.de\/fregatte-luebeck\/wp-content\/uploads\/2017\/07\/20150307-01.jpg\" rel=\"lightbox[20150227]\" data-lbwps-width=\"1200\" data-lbwps-height=\"900\" data-lbwps-srcsmall=\"https:\/\/jabietz.de\/fregatte-luebeck\/wp-content\/uploads\/2017\/07\/20150307-01-300x225.jpg\"><img loading=\"lazy\" decoding=\"async\" class=\"alignnone wp-image-1096 size-medium\" title=\"Einlaufen WHV\" src=\"https:\/\/jabietz.de\/fregatte-luebeck\/wp-content\/uploads\/2017\/07\/20150307-01-300x225.jpg\" alt=\"\" width=\"300\" height=\"225\" srcset=\"https:\/\/jabietz.de\/fregatte-luebeck\/wp-content\/uploads\/2017\/07\/20150307-01-300x225.jpg 300w, https:\/\/jabietz.de\/fregatte-luebeck\/wp-content\/uploads\/2017\/07\/20150307-01-768x576.jpg 768w, https:\/\/jabietz.de\/fregatte-luebeck\/wp-content\/uploads\/2017\/07\/20150307-01-1024x768.jpg 1024w, https:\/\/jabietz.de\/fregatte-luebeck\/wp-content\/uploads\/2017\/07\/20150307-01-400x300.jpg 400w, https:\/\/jabietz.de\/fregatte-luebeck\/wp-content\/uploads\/2017\/07\/20150307-01.jpg 1200w\" sizes=\"auto, (max-width: 300px) 100vw, 300px\" \/><\/a> <a href=\"https:\/\/jabietz.de\/fregatte-luebeck\/wp-content\/uploads\/2017\/07\/20150307-02.jpg\" rel=\"lightbox[20150227]\" data-lbwps-width=\"1200\" data-lbwps-height=\"900\" data-lbwps-srcsmall=\"https:\/\/jabietz.de\/fregatte-luebeck\/wp-content\/uploads\/2017\/07\/20150307-02-300x225.jpg\"><img loading=\"lazy\" decoding=\"async\" class=\"alignnone wp-image-1097 size-medium\" title=\"Einlaufen WHV\" src=\"https:\/\/jabietz.de\/fregatte-luebeck\/wp-content\/uploads\/2017\/07\/20150307-02-300x225.jpg\" alt=\"\" width=\"300\" height=\"225\" srcset=\"https:\/\/jabietz.de\/fregatte-luebeck\/wp-content\/uploads\/2017\/07\/20150307-02-300x225.jpg 300w, https:\/\/jabietz.de\/fregatte-luebeck\/wp-content\/uploads\/2017\/07\/20150307-02-768x576.jpg 768w, https:\/\/jabietz.de\/fregatte-luebeck\/wp-content\/uploads\/2017\/07\/20150307-02-1024x768.jpg 1024w, https:\/\/jabietz.de\/fregatte-luebeck\/wp-content\/uploads\/2017\/07\/20150307-02-400x300.jpg 400w, https:\/\/jabietz.de\/fregatte-luebeck\/wp-content\/uploads\/2017\/07\/20150307-02.jpg 1200w\" sizes=\"auto, (max-width: 300px) 100vw, 300px\" \/><\/a> <a href=\"https:\/\/jabietz.de\/fregatte-luebeck\/wp-content\/uploads\/2017\/07\/20150307-03.jpg\" rel=\"lightbox[20150227]\" data-lbwps-width=\"1200\" data-lbwps-height=\"900\" data-lbwps-srcsmall=\"https:\/\/jabietz.de\/fregatte-luebeck\/wp-content\/uploads\/2017\/07\/20150307-03-300x225.jpg\"><img loading=\"lazy\" decoding=\"async\" class=\"alignnone wp-image-1098 size-medium\" title=\"Einlaufen WHV\" src=\"https:\/\/jabietz.de\/fregatte-luebeck\/wp-content\/uploads\/2017\/07\/20150307-03-300x225.jpg\" alt=\"\" width=\"300\" height=\"225\" srcset=\"https:\/\/jabietz.de\/fregatte-luebeck\/wp-content\/uploads\/2017\/07\/20150307-03-300x225.jpg 300w, https:\/\/jabietz.de\/fregatte-luebeck\/wp-content\/uploads\/2017\/07\/20150307-03-768x576.jpg 768w, https:\/\/jabietz.de\/fregatte-luebeck\/wp-content\/uploads\/2017\/07\/20150307-03-1024x768.jpg 1024w, https:\/\/jabietz.de\/fregatte-luebeck\/wp-content\/uploads\/2017\/07\/20150307-03-400x300.jpg 400w, https:\/\/jabietz.de\/fregatte-luebeck\/wp-content\/uploads\/2017\/07\/20150307-03.jpg 1200w\" sizes=\"auto, (max-width: 300px) 100vw, 300px\" \/><\/a> <a href=\"https:\/\/jabietz.de\/fregatte-luebeck\/wp-content\/uploads\/2017\/07\/20150307-04.jpg\" rel=\"lightbox[20150227]\" data-lbwps-width=\"1200\" data-lbwps-height=\"900\" data-lbwps-srcsmall=\"https:\/\/jabietz.de\/fregatte-luebeck\/wp-content\/uploads\/2017\/07\/20150307-04-300x225.jpg\"><img loading=\"lazy\" decoding=\"async\" class=\"alignnone wp-image-1099 size-medium\" title=\"Einlaufen WHV\" src=\"https:\/\/jabietz.de\/fregatte-luebeck\/wp-content\/uploads\/2017\/07\/20150307-04-300x225.jpg\" alt=\"\" width=\"300\" height=\"225\" srcset=\"https:\/\/jabietz.de\/fregatte-luebeck\/wp-content\/uploads\/2017\/07\/20150307-04-300x225.jpg 300w, https:\/\/jabietz.de\/fregatte-luebeck\/wp-content\/uploads\/2017\/07\/20150307-04-768x576.jpg 768w, https:\/\/jabietz.de\/fregatte-luebeck\/wp-content\/uploads\/2017\/07\/20150307-04-1024x768.jpg 1024w, https:\/\/jabietz.de\/fregatte-luebeck\/wp-content\/uploads\/2017\/07\/20150307-04-400x300.jpg 400w, https:\/\/jabietz.de\/fregatte-luebeck\/wp-content\/uploads\/2017\/07\/20150307-04.jpg 1200w\" sizes=\"auto, (max-width: 300px) 100vw, 300px\" \/><\/a> <a href=\"https:\/\/jabietz.de\/fregatte-luebeck\/wp-content\/uploads\/2017\/07\/20150307-05.jpg\" rel=\"lightbox[20150227]\" data-lbwps-width=\"1200\" data-lbwps-height=\"900\" data-lbwps-srcsmall=\"https:\/\/jabietz.de\/fregatte-luebeck\/wp-content\/uploads\/2017\/07\/20150307-05-300x225.jpg\"><img loading=\"lazy\" decoding=\"async\" class=\"alignnone wp-image-1100 size-medium\" title=\"Einlaufen WHV\" src=\"https:\/\/jabietz.de\/fregatte-luebeck\/wp-content\/uploads\/2017\/07\/20150307-05-300x225.jpg\" alt=\"\" width=\"300\" height=\"225\" srcset=\"https:\/\/jabietz.de\/fregatte-luebeck\/wp-content\/uploads\/2017\/07\/20150307-05-300x225.jpg 300w, https:\/\/jabietz.de\/fregatte-luebeck\/wp-content\/uploads\/2017\/07\/20150307-05-768x576.jpg 768w, https:\/\/jabietz.de\/fregatte-luebeck\/wp-content\/uploads\/2017\/07\/20150307-05-1024x768.jpg 1024w, https:\/\/jabietz.de\/fregatte-luebeck\/wp-content\/uploads\/2017\/07\/20150307-05-400x300.jpg 400w, https:\/\/jabietz.de\/fregatte-luebeck\/wp-content\/uploads\/2017\/07\/20150307-05.jpg 1200w\" sizes=\"auto, (max-width: 300px) 100vw, 300px\" \/><\/a> <a href=\"https:\/\/jabietz.de\/fregatte-luebeck\/wp-content\/uploads\/2017\/07\/20150307-06.jpg\" rel=\"lightbox[20150227]\" data-lbwps-width=\"1200\" data-lbwps-height=\"900\" data-lbwps-srcsmall=\"https:\/\/jabietz.de\/fregatte-luebeck\/wp-content\/uploads\/2017\/07\/20150307-06-300x225.jpg\"><img loading=\"lazy\" decoding=\"async\" class=\"alignnone wp-image-1101 size-medium\" title=\"Einlaufen WHV\" src=\"https:\/\/jabietz.de\/fregatte-luebeck\/wp-content\/uploads\/2017\/07\/20150307-06-300x225.jpg\" alt=\"\" width=\"300\" height=\"225\" srcset=\"https:\/\/jabietz.de\/fregatte-luebeck\/wp-content\/uploads\/2017\/07\/20150307-06-300x225.jpg 300w, https:\/\/jabietz.de\/fregatte-luebeck\/wp-content\/uploads\/2017\/07\/20150307-06-768x576.jpg 768w, https:\/\/jabietz.de\/fregatte-luebeck\/wp-content\/uploads\/2017\/07\/20150307-06-1024x768.jpg 1024w, https:\/\/jabietz.de\/fregatte-luebeck\/wp-content\/uploads\/2017\/07\/20150307-06-400x300.jpg 400w, https:\/\/jabietz.de\/fregatte-luebeck\/wp-content\/uploads\/2017\/07\/20150307-06.jpg 1200w\" sizes=\"auto, (max-width: 300px) 100vw, 300px\" \/><\/a> <a href=\"https:\/\/jabietz.de\/fregatte-luebeck\/wp-content\/uploads\/2017\/07\/20150307-07.jpg\" rel=\"lightbox[20150227]\" data-lbwps-width=\"1200\" data-lbwps-height=\"900\" data-lbwps-srcsmall=\"https:\/\/jabietz.de\/fregatte-luebeck\/wp-content\/uploads\/2017\/07\/20150307-07-300x225.jpg\"><img loading=\"lazy\" decoding=\"async\" class=\"alignnone wp-image-1102 size-medium\" title=\"Einlaufen WHV\" src=\"https:\/\/jabietz.de\/fregatte-luebeck\/wp-content\/uploads\/2017\/07\/20150307-07-300x225.jpg\" alt=\"\" width=\"300\" height=\"225\" srcset=\"https:\/\/jabietz.de\/fregatte-luebeck\/wp-content\/uploads\/2017\/07\/20150307-07-300x225.jpg 300w, https:\/\/jabietz.de\/fregatte-luebeck\/wp-content\/uploads\/2017\/07\/20150307-07-768x576.jpg 768w, https:\/\/jabietz.de\/fregatte-luebeck\/wp-content\/uploads\/2017\/07\/20150307-07-1024x768.jpg 1024w, https:\/\/jabietz.de\/fregatte-luebeck\/wp-content\/uploads\/2017\/07\/20150307-07-400x300.jpg 400w, https:\/\/jabietz.de\/fregatte-luebeck\/wp-content\/uploads\/2017\/07\/20150307-07.jpg 1200w\" sizes=\"auto, (max-width: 300px) 100vw, 300px\" \/><\/a> <a href=\"https:\/\/jabietz.de\/fregatte-luebeck\/wp-content\/uploads\/2017\/07\/20150307-08.jpg\" rel=\"lightbox[20150227]\" data-lbwps-width=\"1200\" data-lbwps-height=\"900\" data-lbwps-srcsmall=\"https:\/\/jabietz.de\/fregatte-luebeck\/wp-content\/uploads\/2017\/07\/20150307-08-300x225.jpg\"><img loading=\"lazy\" decoding=\"async\" class=\"alignnone wp-image-1103 size-medium\" title=\"Einlaufen WHV\" src=\"https:\/\/jabietz.de\/fregatte-luebeck\/wp-content\/uploads\/2017\/07\/20150307-08-300x225.jpg\" alt=\"\" width=\"300\" height=\"225\" srcset=\"https:\/\/jabietz.de\/fregatte-luebeck\/wp-content\/uploads\/2017\/07\/20150307-08-300x225.jpg 300w, https:\/\/jabietz.de\/fregatte-luebeck\/wp-content\/uploads\/2017\/07\/20150307-08-768x576.jpg 768w, https:\/\/jabietz.de\/fregatte-luebeck\/wp-content\/uploads\/2017\/07\/20150307-08-1024x768.jpg 1024w, https:\/\/jabietz.de\/fregatte-luebeck\/wp-content\/uploads\/2017\/07\/20150307-08-400x300.jpg 400w, https:\/\/jabietz.de\/fregatte-luebeck\/wp-content\/uploads\/2017\/07\/20150307-08.jpg 1200w\" sizes=\"auto, (max-width: 300px) 100vw, 300px\" \/><\/a> <a href=\"https:\/\/jabietz.de\/fregatte-luebeck\/wp-content\/uploads\/2017\/07\/20150307-09.jpg\" rel=\"lightbox[20150227]\" data-lbwps-width=\"1200\" data-lbwps-height=\"900\" data-lbwps-srcsmall=\"https:\/\/jabietz.de\/fregatte-luebeck\/wp-content\/uploads\/2017\/07\/20150307-09-300x225.jpg\"><img loading=\"lazy\" decoding=\"async\" class=\"alignnone wp-image-1104 size-medium\" title=\"Einlaufen WHV\" src=\"https:\/\/jabietz.de\/fregatte-luebeck\/wp-content\/uploads\/2017\/07\/20150307-09-300x225.jpg\" alt=\"\" width=\"300\" height=\"225\" srcset=\"https:\/\/jabietz.de\/fregatte-luebeck\/wp-content\/uploads\/2017\/07\/20150307-09-300x225.jpg 300w, https:\/\/jabietz.de\/fregatte-luebeck\/wp-content\/uploads\/2017\/07\/20150307-09-768x576.jpg 768w, https:\/\/jabietz.de\/fregatte-luebeck\/wp-content\/uploads\/2017\/07\/20150307-09-1024x768.jpg 1024w, https:\/\/jabietz.de\/fregatte-luebeck\/wp-content\/uploads\/2017\/07\/20150307-09-400x300.jpg 400w, https:\/\/jabietz.de\/fregatte-luebeck\/wp-content\/uploads\/2017\/07\/20150307-09.jpg 1200w\" sizes=\"auto, (max-width: 300px) 100vw, 300px\" \/><\/a> <a href=\"https:\/\/jabietz.de\/fregatte-luebeck\/wp-content\/uploads\/2017\/07\/20150307-10.jpg\" rel=\"lightbox[20150227]\" data-lbwps-width=\"1200\" data-lbwps-height=\"900\" data-lbwps-srcsmall=\"https:\/\/jabietz.de\/fregatte-luebeck\/wp-content\/uploads\/2017\/07\/20150307-10-300x225.jpg\"><img loading=\"lazy\" decoding=\"async\" class=\"alignnone wp-image-1105 size-medium\" title=\"Einlaufen WHV\" src=\"https:\/\/jabietz.de\/fregatte-luebeck\/wp-content\/uploads\/2017\/07\/20150307-10-300x225.jpg\" alt=\"\" width=\"300\" height=\"225\" srcset=\"https:\/\/jabietz.de\/fregatte-luebeck\/wp-content\/uploads\/2017\/07\/20150307-10-300x225.jpg 300w, https:\/\/jabietz.de\/fregatte-luebeck\/wp-content\/uploads\/2017\/07\/20150307-10-768x576.jpg 768w, https:\/\/jabietz.de\/fregatte-luebeck\/wp-content\/uploads\/2017\/07\/20150307-10-1024x768.jpg 1024w, https:\/\/jabietz.de\/fregatte-luebeck\/wp-content\/uploads\/2017\/07\/20150307-10-400x300.jpg 400w, https:\/\/jabietz.de\/fregatte-luebeck\/wp-content\/uploads\/2017\/07\/20150307-10.jpg 1200w\" sizes=\"auto, (max-width: 300px) 100vw, 300px\" \/><\/a> <a href=\"https:\/\/jabietz.de\/fregatte-luebeck\/wp-content\/uploads\/2017\/07\/20150307-11.jpg\" rel=\"lightbox[20150227]\" data-lbwps-width=\"1200\" data-lbwps-height=\"900\" data-lbwps-srcsmall=\"https:\/\/jabietz.de\/fregatte-luebeck\/wp-content\/uploads\/2017\/07\/20150307-11-300x225.jpg\"><img loading=\"lazy\" decoding=\"async\" class=\"alignnone wp-image-1106 size-medium\" title=\"Einlaufen WHV\" src=\"https:\/\/jabietz.de\/fregatte-luebeck\/wp-content\/uploads\/2017\/07\/20150307-11-300x225.jpg\" alt=\"\" width=\"300\" height=\"225\" srcset=\"https:\/\/jabietz.de\/fregatte-luebeck\/wp-content\/uploads\/2017\/07\/20150307-11-300x225.jpg 300w, https:\/\/jabietz.de\/fregatte-luebeck\/wp-content\/uploads\/2017\/07\/20150307-11-768x576.jpg 768w, https:\/\/jabietz.de\/fregatte-luebeck\/wp-content\/uploads\/2017\/07\/20150307-11-1024x768.jpg 1024w, https:\/\/jabietz.de\/fregatte-luebeck\/wp-content\/uploads\/2017\/07\/20150307-11-400x300.jpg 400w, https:\/\/jabietz.de\/fregatte-luebeck\/wp-content\/uploads\/2017\/07\/20150307-11.jpg 1200w\" sizes=\"auto, (max-width: 300px) 100vw, 300px\" \/><\/a> <a href=\"https:\/\/jabietz.de\/fregatte-luebeck\/wp-content\/uploads\/2017\/07\/20150307-12.jpg\" rel=\"lightbox[20150227]\" data-lbwps-width=\"1200\" data-lbwps-height=\"900\" data-lbwps-srcsmall=\"https:\/\/jabietz.de\/fregatte-luebeck\/wp-content\/uploads\/2017\/07\/20150307-12-300x225.jpg\"><img loading=\"lazy\" decoding=\"async\" class=\"alignnone wp-image-1107 size-medium\" title=\"Einlaufen WHV\" src=\"https:\/\/jabietz.de\/fregatte-luebeck\/wp-content\/uploads\/2017\/07\/20150307-12-300x225.jpg\" alt=\"\" width=\"300\" height=\"225\" srcset=\"https:\/\/jabietz.de\/fregatte-luebeck\/wp-content\/uploads\/2017\/07\/20150307-12-300x225.jpg 300w, https:\/\/jabietz.de\/fregatte-luebeck\/wp-content\/uploads\/2017\/07\/20150307-12-768x576.jpg 768w, https:\/\/jabietz.de\/fregatte-luebeck\/wp-content\/uploads\/2017\/07\/20150307-12-1024x768.jpg 1024w, https:\/\/jabietz.de\/fregatte-luebeck\/wp-content\/uploads\/2017\/07\/20150307-12-400x300.jpg 400w, https:\/\/jabietz.de\/fregatte-luebeck\/wp-content\/uploads\/2017\/07\/20150307-12.jpg 1200w\" sizes=\"auto, (max-width: 300px) 100vw, 300px\" \/><\/a> <a href=\"https:\/\/jabietz.de\/fregatte-luebeck\/wp-content\/uploads\/2017\/07\/20150307-13.jpg\" rel=\"lightbox[20150227]\" data-lbwps-width=\"1200\" data-lbwps-height=\"900\" data-lbwps-srcsmall=\"https:\/\/jabietz.de\/fregatte-luebeck\/wp-content\/uploads\/2017\/07\/20150307-13-300x225.jpg\"><img loading=\"lazy\" decoding=\"async\" class=\"alignnone wp-image-1108 size-medium\" title=\"Einlaufen WHV\" src=\"https:\/\/jabietz.de\/fregatte-luebeck\/wp-content\/uploads\/2017\/07\/20150307-13-300x225.jpg\" alt=\"\" width=\"300\" height=\"225\" srcset=\"https:\/\/jabietz.de\/fregatte-luebeck\/wp-content\/uploads\/2017\/07\/20150307-13-300x225.jpg 300w, https:\/\/jabietz.de\/fregatte-luebeck\/wp-content\/uploads\/2017\/07\/20150307-13-768x576.jpg 768w, https:\/\/jabietz.de\/fregatte-luebeck\/wp-content\/uploads\/2017\/07\/20150307-13-1024x768.jpg 1024w, https:\/\/jabietz.de\/fregatte-luebeck\/wp-content\/uploads\/2017\/07\/20150307-13-400x300.jpg 400w, https:\/\/jabietz.de\/fregatte-luebeck\/wp-content\/uploads\/2017\/07\/20150307-13.jpg 1200w\" sizes=\"auto, (max-width: 300px) 100vw, 300px\" \/><\/a> <a href=\"https:\/\/jabietz.de\/fregatte-luebeck\/wp-content\/uploads\/2017\/07\/20150307-14.jpg\" rel=\"lightbox[20150227]\" data-lbwps-width=\"1200\" data-lbwps-height=\"900\" data-lbwps-srcsmall=\"https:\/\/jabietz.de\/fregatte-luebeck\/wp-content\/uploads\/2017\/07\/20150307-14-300x225.jpg\"><img loading=\"lazy\" decoding=\"async\" class=\"alignnone wp-image-1109 size-medium\" title=\"Einlaufen WHV\" src=\"https:\/\/jabietz.de\/fregatte-luebeck\/wp-content\/uploads\/2017\/07\/20150307-14-300x225.jpg\" alt=\"\" width=\"300\" height=\"225\" srcset=\"https:\/\/jabietz.de\/fregatte-luebeck\/wp-content\/uploads\/2017\/07\/20150307-14-300x225.jpg 300w, https:\/\/jabietz.de\/fregatte-luebeck\/wp-content\/uploads\/2017\/07\/20150307-14-768x576.jpg 768w, https:\/\/jabietz.de\/fregatte-luebeck\/wp-content\/uploads\/2017\/07\/20150307-14-1024x768.jpg 1024w, https:\/\/jabietz.de\/fregatte-luebeck\/wp-content\/uploads\/2017\/07\/20150307-14-400x300.jpg 400w, https:\/\/jabietz.de\/fregatte-luebeck\/wp-content\/uploads\/2017\/07\/20150307-14.jpg 1200w\" sizes=\"auto, (max-width: 300px) 100vw, 300px\" \/><\/a> <a href=\"https:\/\/jabietz.de\/fregatte-luebeck\/wp-content\/uploads\/2017\/07\/20150307-15.jpg\" rel=\"lightbox[20150227]\" data-lbwps-width=\"1200\" data-lbwps-height=\"900\" data-lbwps-srcsmall=\"https:\/\/jabietz.de\/fregatte-luebeck\/wp-content\/uploads\/2017\/07\/20150307-15-300x225.jpg\"><img loading=\"lazy\" decoding=\"async\" class=\"alignnone wp-image-1110 size-medium\" title=\"Einlaufen WHV\" src=\"https:\/\/jabietz.de\/fregatte-luebeck\/wp-content\/uploads\/2017\/07\/20150307-15-300x225.jpg\" alt=\"\" width=\"300\" height=\"225\" srcset=\"https:\/\/jabietz.de\/fregatte-luebeck\/wp-content\/uploads\/2017\/07\/20150307-15-300x225.jpg 300w, https:\/\/jabietz.de\/fregatte-luebeck\/wp-content\/uploads\/2017\/07\/20150307-15-768x576.jpg 768w, https:\/\/jabietz.de\/fregatte-luebeck\/wp-content\/uploads\/2017\/07\/20150307-15-1024x768.jpg 1024w, https:\/\/jabietz.de\/fregatte-luebeck\/wp-content\/uploads\/2017\/07\/20150307-15-400x300.jpg 400w, https:\/\/jabietz.de\/fregatte-luebeck\/wp-content\/uploads\/2017\/07\/20150307-15.jpg 1200w\" sizes=\"auto, (max-width: 300px) 100vw, 300px\" \/><\/a> <a href=\"https:\/\/jabietz.de\/fregatte-luebeck\/wp-content\/uploads\/2017\/07\/20150307-16.jpg\" rel=\"lightbox[20150227]\" data-lbwps-width=\"1200\" data-lbwps-height=\"900\" data-lbwps-srcsmall=\"https:\/\/jabietz.de\/fregatte-luebeck\/wp-content\/uploads\/2017\/07\/20150307-16-300x225.jpg\"><img loading=\"lazy\" decoding=\"async\" class=\"alignnone wp-image-1111 size-medium\" title=\"Einlaufen WHV\" src=\"https:\/\/jabietz.de\/fregatte-luebeck\/wp-content\/uploads\/2017\/07\/20150307-16-300x225.jpg\" alt=\"\" width=\"300\" height=\"225\" srcset=\"https:\/\/jabietz.de\/fregatte-luebeck\/wp-content\/uploads\/2017\/07\/20150307-16-300x225.jpg 300w, https:\/\/jabietz.de\/fregatte-luebeck\/wp-content\/uploads\/2017\/07\/20150307-16-768x576.jpg 768w, https:\/\/jabietz.de\/fregatte-luebeck\/wp-content\/uploads\/2017\/07\/20150307-16-1024x768.jpg 1024w, https:\/\/jabietz.de\/fregatte-luebeck\/wp-content\/uploads\/2017\/07\/20150307-16-400x300.jpg 400w, https:\/\/jabietz.de\/fregatte-luebeck\/wp-content\/uploads\/2017\/07\/20150307-16.jpg 1200w\" sizes=\"auto, (max-width: 300px) 100vw, 300px\" \/><\/a> <a href=\"https:\/\/jabietz.de\/fregatte-luebeck\/wp-content\/uploads\/2017\/07\/20150307-17.jpg\" rel=\"lightbox[20150227]\" data-lbwps-width=\"1200\" data-lbwps-height=\"900\" data-lbwps-srcsmall=\"https:\/\/jabietz.de\/fregatte-luebeck\/wp-content\/uploads\/2017\/07\/20150307-17-300x225.jpg\"><img loading=\"lazy\" decoding=\"async\" class=\"alignnone wp-image-1112 size-medium\" title=\"Einlaufen WHV\" src=\"https:\/\/jabietz.de\/fregatte-luebeck\/wp-content\/uploads\/2017\/07\/20150307-17-300x225.jpg\" alt=\"\" width=\"300\" height=\"225\" srcset=\"https:\/\/jabietz.de\/fregatte-luebeck\/wp-content\/uploads\/2017\/07\/20150307-17-300x225.jpg 300w, https:\/\/jabietz.de\/fregatte-luebeck\/wp-content\/uploads\/2017\/07\/20150307-17-768x576.jpg 768w, https:\/\/jabietz.de\/fregatte-luebeck\/wp-content\/uploads\/2017\/07\/20150307-17-1024x768.jpg 1024w, https:\/\/jabietz.de\/fregatte-luebeck\/wp-content\/uploads\/2017\/07\/20150307-17-400x300.jpg 400w, https:\/\/jabietz.de\/fregatte-luebeck\/wp-content\/uploads\/2017\/07\/20150307-17.jpg 1200w\" sizes=\"auto, (max-width: 300px) 100vw, 300px\" \/><\/a> <a href=\"https:\/\/jabietz.de\/fregatte-luebeck\/wp-content\/uploads\/2017\/07\/20150307-18.jpg\" rel=\"lightbox[20150227]\" data-lbwps-width=\"1200\" data-lbwps-height=\"900\" data-lbwps-srcsmall=\"https:\/\/jabietz.de\/fregatte-luebeck\/wp-content\/uploads\/2017\/07\/20150307-18-300x225.jpg\"><img loading=\"lazy\" decoding=\"async\" class=\"alignnone wp-image-1113 size-medium\" title=\"Einlaufen WHV\" src=\"https:\/\/jabietz.de\/fregatte-luebeck\/wp-content\/uploads\/2017\/07\/20150307-18-300x225.jpg\" alt=\"\" width=\"300\" height=\"225\" srcset=\"https:\/\/jabietz.de\/fregatte-luebeck\/wp-content\/uploads\/2017\/07\/20150307-18-300x225.jpg 300w, https:\/\/jabietz.de\/fregatte-luebeck\/wp-content\/uploads\/2017\/07\/20150307-18-768x576.jpg 768w, https:\/\/jabietz.de\/fregatte-luebeck\/wp-content\/uploads\/2017\/07\/20150307-18-1024x768.jpg 1024w, https:\/\/jabietz.de\/fregatte-luebeck\/wp-content\/uploads\/2017\/07\/20150307-18-400x300.jpg 400w, https:\/\/jabietz.de\/fregatte-luebeck\/wp-content\/uploads\/2017\/07\/20150307-18.jpg 1200w\" sizes=\"auto, (max-width: 300px) 100vw, 300px\" \/><\/a> <a href=\"https:\/\/jabietz.de\/fregatte-luebeck\/wp-content\/uploads\/2017\/07\/20150307-19.jpg\" rel=\"lightbox[20150227]\" data-lbwps-width=\"1200\" data-lbwps-height=\"900\" data-lbwps-srcsmall=\"https:\/\/jabietz.de\/fregatte-luebeck\/wp-content\/uploads\/2017\/07\/20150307-19-300x225.jpg\"><img loading=\"lazy\" decoding=\"async\" class=\"alignnone wp-image-1114 size-medium\" title=\"Einlaufen WHV\" src=\"https:\/\/jabietz.de\/fregatte-luebeck\/wp-content\/uploads\/2017\/07\/20150307-19-300x225.jpg\" alt=\"\" width=\"300\" height=\"225\" srcset=\"https:\/\/jabietz.de\/fregatte-luebeck\/wp-content\/uploads\/2017\/07\/20150307-19-300x225.jpg 300w, https:\/\/jabietz.de\/fregatte-luebeck\/wp-content\/uploads\/2017\/07\/20150307-19-768x576.jpg 768w, https:\/\/jabietz.de\/fregatte-luebeck\/wp-content\/uploads\/2017\/07\/20150307-19-1024x768.jpg 1024w, https:\/\/jabietz.de\/fregatte-luebeck\/wp-content\/uploads\/2017\/07\/20150307-19-400x300.jpg 400w, https:\/\/jabietz.de\/fregatte-luebeck\/wp-content\/uploads\/2017\/07\/20150307-19.jpg 1200w\" sizes=\"auto, (max-width: 300px) 100vw, 300px\" \/><\/a> <a href=\"https:\/\/jabietz.de\/fregatte-luebeck\/wp-content\/uploads\/2017\/07\/20150307-20.jpg\" rel=\"lightbox[20150227]\" data-lbwps-width=\"1200\" data-lbwps-height=\"900\" data-lbwps-srcsmall=\"https:\/\/jabietz.de\/fregatte-luebeck\/wp-content\/uploads\/2017\/07\/20150307-20-300x225.jpg\"><img loading=\"lazy\" decoding=\"async\" class=\"alignnone wp-image-1115 size-medium\" title=\"Einlaufen WHV\" src=\"https:\/\/jabietz.de\/fregatte-luebeck\/wp-content\/uploads\/2017\/07\/20150307-20-300x225.jpg\" alt=\"\" width=\"300\" height=\"225\" srcset=\"https:\/\/jabietz.de\/fregatte-luebeck\/wp-content\/uploads\/2017\/07\/20150307-20-300x225.jpg 300w, https:\/\/jabietz.de\/fregatte-luebeck\/wp-content\/uploads\/2017\/07\/20150307-20-768x576.jpg 768w, https:\/\/jabietz.de\/fregatte-luebeck\/wp-content\/uploads\/2017\/07\/20150307-20-1024x768.jpg 1024w, https:\/\/jabietz.de\/fregatte-luebeck\/wp-content\/uploads\/2017\/07\/20150307-20-400x300.jpg 400w, https:\/\/jabietz.de\/fregatte-luebeck\/wp-content\/uploads\/2017\/07\/20150307-20.jpg 1200w\" sizes=\"auto, (max-width: 300px) 100vw, 300px\" \/><\/a> <a href=\"https:\/\/jabietz.de\/fregatte-luebeck\/wp-content\/uploads\/2017\/07\/20150307-21.jpg\" rel=\"lightbox[20150227]\" data-lbwps-width=\"1200\" data-lbwps-height=\"900\" data-lbwps-srcsmall=\"https:\/\/jabietz.de\/fregatte-luebeck\/wp-content\/uploads\/2017\/07\/20150307-21-300x225.jpg\"><img loading=\"lazy\" decoding=\"async\" class=\"alignnone wp-image-1116 size-medium\" title=\"Einlaufen WHV\" src=\"https:\/\/jabietz.de\/fregatte-luebeck\/wp-content\/uploads\/2017\/07\/20150307-21-300x225.jpg\" alt=\"\" width=\"300\" height=\"225\" srcset=\"https:\/\/jabietz.de\/fregatte-luebeck\/wp-content\/uploads\/2017\/07\/20150307-21-300x225.jpg 300w, https:\/\/jabietz.de\/fregatte-luebeck\/wp-content\/uploads\/2017\/07\/20150307-21-768x576.jpg 768w, https:\/\/jabietz.de\/fregatte-luebeck\/wp-content\/uploads\/2017\/07\/20150307-21-1024x768.jpg 1024w, https:\/\/jabietz.de\/fregatte-luebeck\/wp-content\/uploads\/2017\/07\/20150307-21-400x300.jpg 400w, https:\/\/jabietz.de\/fregatte-luebeck\/wp-content\/uploads\/2017\/07\/20150307-21.jpg 1200w\" sizes=\"auto, (max-width: 300px) 100vw, 300px\" \/><\/a> <a href=\"https:\/\/jabietz.de\/fregatte-luebeck\/wp-content\/uploads\/2017\/07\/20150307-22.jpg\" rel=\"lightbox[20150227]\" data-lbwps-width=\"1200\" data-lbwps-height=\"900\" data-lbwps-srcsmall=\"https:\/\/jabietz.de\/fregatte-luebeck\/wp-content\/uploads\/2017\/07\/20150307-22-300x225.jpg\"><img loading=\"lazy\" decoding=\"async\" class=\"alignnone wp-image-1117 size-medium\" title=\"Einlaufen WHV\" src=\"https:\/\/jabietz.de\/fregatte-luebeck\/wp-content\/uploads\/2017\/07\/20150307-22-300x225.jpg\" alt=\"\" width=\"300\" height=\"225\" srcset=\"https:\/\/jabietz.de\/fregatte-luebeck\/wp-content\/uploads\/2017\/07\/20150307-22-300x225.jpg 300w, https:\/\/jabietz.de\/fregatte-luebeck\/wp-content\/uploads\/2017\/07\/20150307-22-768x576.jpg 768w, https:\/\/jabietz.de\/fregatte-luebeck\/wp-content\/uploads\/2017\/07\/20150307-22-1024x768.jpg 1024w, https:\/\/jabietz.de\/fregatte-luebeck\/wp-content\/uploads\/2017\/07\/20150307-22-400x300.jpg 400w, https:\/\/jabietz.de\/fregatte-luebeck\/wp-content\/uploads\/2017\/07\/20150307-22.jpg 1200w\" sizes=\"auto, (max-width: 300px) 100vw, 300px\" \/><\/a> <a href=\"https:\/\/jabietz.de\/fregatte-luebeck\/wp-content\/uploads\/2017\/07\/20150307-23.jpg\" rel=\"lightbox[20150227]\" data-lbwps-width=\"1200\" data-lbwps-height=\"900\" data-lbwps-srcsmall=\"https:\/\/jabietz.de\/fregatte-luebeck\/wp-content\/uploads\/2017\/07\/20150307-23-300x225.jpg\"><img loading=\"lazy\" decoding=\"async\" class=\"alignnone wp-image-1118 size-medium\" title=\"Einlaufen WHV\" src=\"https:\/\/jabietz.de\/fregatte-luebeck\/wp-content\/uploads\/2017\/07\/20150307-23-300x225.jpg\" alt=\"\" width=\"300\" height=\"225\" srcset=\"https:\/\/jabietz.de\/fregatte-luebeck\/wp-content\/uploads\/2017\/07\/20150307-23-300x225.jpg 300w, https:\/\/jabietz.de\/fregatte-luebeck\/wp-content\/uploads\/2017\/07\/20150307-23-768x576.jpg 768w, https:\/\/jabietz.de\/fregatte-luebeck\/wp-content\/uploads\/2017\/07\/20150307-23-1024x768.jpg 1024w, https:\/\/jabietz.de\/fregatte-luebeck\/wp-content\/uploads\/2017\/07\/20150307-23-400x300.jpg 400w, https:\/\/jabietz.de\/fregatte-luebeck\/wp-content\/uploads\/2017\/07\/20150307-23.jpg 1200w\" sizes=\"auto, (max-width: 300px) 100vw, 300px\" \/><\/a> <a href=\"https:\/\/jabietz.de\/fregatte-luebeck\/wp-content\/uploads\/2017\/07\/20150307-24.jpg\" rel=\"lightbox[20150227]\" data-lbwps-width=\"1200\" data-lbwps-height=\"900\" data-lbwps-srcsmall=\"https:\/\/jabietz.de\/fregatte-luebeck\/wp-content\/uploads\/2017\/07\/20150307-24-300x225.jpg\"><img loading=\"lazy\" decoding=\"async\" class=\"alignnone wp-image-1119 size-medium\" title=\"Einlaufen WHV\" src=\"https:\/\/jabietz.de\/fregatte-luebeck\/wp-content\/uploads\/2017\/07\/20150307-24-300x225.jpg\" alt=\"\" width=\"300\" height=\"225\" srcset=\"https:\/\/jabietz.de\/fregatte-luebeck\/wp-content\/uploads\/2017\/07\/20150307-24-300x225.jpg 300w, https:\/\/jabietz.de\/fregatte-luebeck\/wp-content\/uploads\/2017\/07\/20150307-24-768x576.jpg 768w, https:\/\/jabietz.de\/fregatte-luebeck\/wp-content\/uploads\/2017\/07\/20150307-24-1024x768.jpg 1024w, https:\/\/jabietz.de\/fregatte-luebeck\/wp-content\/uploads\/2017\/07\/20150307-24-400x300.jpg 400w, https:\/\/jabietz.de\/fregatte-luebeck\/wp-content\/uploads\/2017\/07\/20150307-24.jpg 1200w\" sizes=\"auto, (max-width: 300px) 100vw, 300px\" \/><\/a> <a href=\"https:\/\/jabietz.de\/fregatte-luebeck\/wp-content\/uploads\/2017\/07\/20150307-25.jpg\" rel=\"lightbox[20150227]\" data-lbwps-width=\"1200\" data-lbwps-height=\"900\" data-lbwps-srcsmall=\"https:\/\/jabietz.de\/fregatte-luebeck\/wp-content\/uploads\/2017\/07\/20150307-25-300x225.jpg\"><img loading=\"lazy\" decoding=\"async\" class=\"alignnone wp-image-1120 size-medium\" title=\"Einlaufen WHV\" src=\"https:\/\/jabietz.de\/fregatte-luebeck\/wp-content\/uploads\/2017\/07\/20150307-25-300x225.jpg\" alt=\"\" width=\"300\" height=\"225\" srcset=\"https:\/\/jabietz.de\/fregatte-luebeck\/wp-content\/uploads\/2017\/07\/20150307-25-300x225.jpg 300w, https:\/\/jabietz.de\/fregatte-luebeck\/wp-content\/uploads\/2017\/07\/20150307-25-768x576.jpg 768w, https:\/\/jabietz.de\/fregatte-luebeck\/wp-content\/uploads\/2017\/07\/20150307-25-1024x768.jpg 1024w, https:\/\/jabietz.de\/fregatte-luebeck\/wp-content\/uploads\/2017\/07\/20150307-25-400x300.jpg 400w, https:\/\/jabietz.de\/fregatte-luebeck\/wp-content\/uploads\/2017\/07\/20150307-25.jpg 1200w\" sizes=\"auto, (max-width: 300px) 100vw, 300px\" \/><\/a> <a href=\"https:\/\/jabietz.de\/fregatte-luebeck\/wp-content\/uploads\/2017\/07\/20150307-26.jpg\" rel=\"lightbox[20150227]\" data-lbwps-width=\"1200\" data-lbwps-height=\"900\" data-lbwps-srcsmall=\"https:\/\/jabietz.de\/fregatte-luebeck\/wp-content\/uploads\/2017\/07\/20150307-26-300x225.jpg\"><img loading=\"lazy\" decoding=\"async\" class=\"alignnone wp-image-1121 size-medium\" title=\"Einlaufen WHV\" src=\"https:\/\/jabietz.de\/fregatte-luebeck\/wp-content\/uploads\/2017\/07\/20150307-26-300x225.jpg\" alt=\"\" width=\"300\" height=\"225\" srcset=\"https:\/\/jabietz.de\/fregatte-luebeck\/wp-content\/uploads\/2017\/07\/20150307-26-300x225.jpg 300w, https:\/\/jabietz.de\/fregatte-luebeck\/wp-content\/uploads\/2017\/07\/20150307-26-768x576.jpg 768w, https:\/\/jabietz.de\/fregatte-luebeck\/wp-content\/uploads\/2017\/07\/20150307-26-1024x768.jpg 1024w, https:\/\/jabietz.de\/fregatte-luebeck\/wp-content\/uploads\/2017\/07\/20150307-26-400x300.jpg 400w, https:\/\/jabietz.de\/fregatte-luebeck\/wp-content\/uploads\/2017\/07\/20150307-26.jpg 1200w\" sizes=\"auto, (max-width: 300px) 100vw, 300px\" \/><\/a><\/p>\n<hr \/>\n<p>&nbsp;<\/p>\n<h1><span style=\"font-size: 18pt;\"><strong>Patenschaftsbesuch in L\u00fcbeck 04.04. &#8211; 07.04.2014<\/strong><\/span><\/h1>\n<h1><span style=\"font-size: 14pt;\">Bilder vom Auslaufen am Montag, den 7.April<\/span><\/h1>\n<p style=\"text-align: justify;\">P\u00fcnktlich um 9:00 Uhr war Man\u00f6veranpfiff und die beiden Schlepper &#8222;SIMSON&#8220; und &#8222;KITZEBERG&#8220; zogen die Fregatte &#8222;L\u00dcBECK von der Pier weg Richtung Nadel\u00f6hr der Klappbr\u00fccke und aus dem L\u00fcbecker Burgtorhafen.<\/p>\n<p><a href=\"https:\/\/jabietz.de\/fregatte-luebeck\/wp-content\/uploads\/2017\/07\/20140407-01.jpg\" rel=\"lightbox[20140404]\" data-lbwps-width=\"1200\" data-lbwps-height=\"674\" data-lbwps-srcsmall=\"https:\/\/jabietz.de\/fregatte-luebeck\/wp-content\/uploads\/2017\/07\/20140407-01-300x169.jpg\"><img loading=\"lazy\" decoding=\"async\" class=\"alignnone wp-image-1148 size-medium\" title=\"Patenschaftsbesuch 2014\" src=\"https:\/\/jabietz.de\/fregatte-luebeck\/wp-content\/uploads\/2017\/07\/20140407-01-300x169.jpg\" alt=\"\" width=\"300\" height=\"169\" srcset=\"https:\/\/jabietz.de\/fregatte-luebeck\/wp-content\/uploads\/2017\/07\/20140407-01-300x169.jpg 300w, https:\/\/jabietz.de\/fregatte-luebeck\/wp-content\/uploads\/2017\/07\/20140407-01-768x431.jpg 768w, https:\/\/jabietz.de\/fregatte-luebeck\/wp-content\/uploads\/2017\/07\/20140407-01-1024x575.jpg 1024w, https:\/\/jabietz.de\/fregatte-luebeck\/wp-content\/uploads\/2017\/07\/20140407-01-500x281.jpg 500w, https:\/\/jabietz.de\/fregatte-luebeck\/wp-content\/uploads\/2017\/07\/20140407-01.jpg 1200w\" sizes=\"auto, (max-width: 300px) 100vw, 300px\" \/><\/a> <a href=\"https:\/\/jabietz.de\/fregatte-luebeck\/wp-content\/uploads\/2017\/07\/20140407-02.jpg\" rel=\"lightbox[20140404]\" data-lbwps-width=\"1200\" data-lbwps-height=\"674\" data-lbwps-srcsmall=\"https:\/\/jabietz.de\/fregatte-luebeck\/wp-content\/uploads\/2017\/07\/20140407-02-300x169.jpg\"><img loading=\"lazy\" decoding=\"async\" class=\"alignnone wp-image-1149 size-medium\" title=\"Patenschaftsbesuch 2014\" src=\"https:\/\/jabietz.de\/fregatte-luebeck\/wp-content\/uploads\/2017\/07\/20140407-02-300x169.jpg\" alt=\"\" width=\"300\" height=\"169\" srcset=\"https:\/\/jabietz.de\/fregatte-luebeck\/wp-content\/uploads\/2017\/07\/20140407-02-300x169.jpg 300w, https:\/\/jabietz.de\/fregatte-luebeck\/wp-content\/uploads\/2017\/07\/20140407-02-768x431.jpg 768w, https:\/\/jabietz.de\/fregatte-luebeck\/wp-content\/uploads\/2017\/07\/20140407-02-1024x575.jpg 1024w, https:\/\/jabietz.de\/fregatte-luebeck\/wp-content\/uploads\/2017\/07\/20140407-02-500x281.jpg 500w, https:\/\/jabietz.de\/fregatte-luebeck\/wp-content\/uploads\/2017\/07\/20140407-02.jpg 1200w\" sizes=\"auto, (max-width: 300px) 100vw, 300px\" \/><\/a><\/p>\n<p>Ist sie nicht sch\u00f6\u00f6\u00f6\u00f6n??<\/p>\n<p><a href=\"https:\/\/jabietz.de\/fregatte-luebeck\/wp-content\/uploads\/2017\/07\/20140407-03.jpg\" rel=\"lightbox[20140404]\" data-lbwps-width=\"1200\" data-lbwps-height=\"674\" data-lbwps-srcsmall=\"https:\/\/jabietz.de\/fregatte-luebeck\/wp-content\/uploads\/2017\/07\/20140407-03-300x169.jpg\"><img loading=\"lazy\" decoding=\"async\" class=\"alignnone wp-image-1150 size-medium\" title=\"Patenschaftsbesuch 2014\" src=\"https:\/\/jabietz.de\/fregatte-luebeck\/wp-content\/uploads\/2017\/07\/20140407-03-300x169.jpg\" alt=\"\" width=\"300\" height=\"169\" srcset=\"https:\/\/jabietz.de\/fregatte-luebeck\/wp-content\/uploads\/2017\/07\/20140407-03-300x169.jpg 300w, https:\/\/jabietz.de\/fregatte-luebeck\/wp-content\/uploads\/2017\/07\/20140407-03-768x431.jpg 768w, https:\/\/jabietz.de\/fregatte-luebeck\/wp-content\/uploads\/2017\/07\/20140407-03-1024x575.jpg 1024w, https:\/\/jabietz.de\/fregatte-luebeck\/wp-content\/uploads\/2017\/07\/20140407-03-500x281.jpg 500w, https:\/\/jabietz.de\/fregatte-luebeck\/wp-content\/uploads\/2017\/07\/20140407-03.jpg 1200w\" sizes=\"auto, (max-width: 300px) 100vw, 300px\" \/><\/a><\/p>\n<p style=\"text-align: justify;\">Hier noch einmal ein Bild vom Hangardach mit den neuen(?) Sensoren<\/p>\n<p><a href=\"https:\/\/jabietz.de\/fregatte-luebeck\/wp-content\/uploads\/2017\/07\/20140407-04.jpg\" rel=\"lightbox[20140404]\" data-lbwps-width=\"1200\" data-lbwps-height=\"674\" data-lbwps-srcsmall=\"https:\/\/jabietz.de\/fregatte-luebeck\/wp-content\/uploads\/2017\/07\/20140407-04-300x169.jpg\"><img loading=\"lazy\" decoding=\"async\" class=\"alignnone wp-image-1151 size-medium\" title=\"Patenschaftsbesuch 2014\" src=\"https:\/\/jabietz.de\/fregatte-luebeck\/wp-content\/uploads\/2017\/07\/20140407-04-300x169.jpg\" alt=\"\" width=\"300\" height=\"169\" srcset=\"https:\/\/jabietz.de\/fregatte-luebeck\/wp-content\/uploads\/2017\/07\/20140407-04-300x169.jpg 300w, https:\/\/jabietz.de\/fregatte-luebeck\/wp-content\/uploads\/2017\/07\/20140407-04-768x431.jpg 768w, https:\/\/jabietz.de\/fregatte-luebeck\/wp-content\/uploads\/2017\/07\/20140407-04-1024x575.jpg 1024w, https:\/\/jabietz.de\/fregatte-luebeck\/wp-content\/uploads\/2017\/07\/20140407-04-500x281.jpg 500w, https:\/\/jabietz.de\/fregatte-luebeck\/wp-content\/uploads\/2017\/07\/20140407-04.jpg 1200w\" sizes=\"auto, (max-width: 300px) 100vw, 300px\" \/><\/a><\/p>\n<p>Ja, und dann war sie durch &#8230;<\/p>\n<p><a href=\"https:\/\/jabietz.de\/fregatte-luebeck\/wp-content\/uploads\/2017\/07\/20140407-05.jpg\" rel=\"lightbox[20140404]\" data-lbwps-width=\"1200\" data-lbwps-height=\"674\" data-lbwps-srcsmall=\"https:\/\/jabietz.de\/fregatte-luebeck\/wp-content\/uploads\/2017\/07\/20140407-05-300x169.jpg\"><img loading=\"lazy\" decoding=\"async\" class=\"alignnone wp-image-1152 size-medium\" title=\"Patenschaftsbesuch 2014\" src=\"https:\/\/jabietz.de\/fregatte-luebeck\/wp-content\/uploads\/2017\/07\/20140407-05-300x169.jpg\" alt=\"\" width=\"300\" height=\"169\" srcset=\"https:\/\/jabietz.de\/fregatte-luebeck\/wp-content\/uploads\/2017\/07\/20140407-05-300x169.jpg 300w, https:\/\/jabietz.de\/fregatte-luebeck\/wp-content\/uploads\/2017\/07\/20140407-05-768x431.jpg 768w, https:\/\/jabietz.de\/fregatte-luebeck\/wp-content\/uploads\/2017\/07\/20140407-05-1024x575.jpg 1024w, https:\/\/jabietz.de\/fregatte-luebeck\/wp-content\/uploads\/2017\/07\/20140407-05-500x281.jpg 500w, https:\/\/jabietz.de\/fregatte-luebeck\/wp-content\/uploads\/2017\/07\/20140407-05.jpg 1200w\" sizes=\"auto, (max-width: 300px) 100vw, 300px\" \/><\/a> <a href=\"https:\/\/jabietz.de\/fregatte-luebeck\/wp-content\/uploads\/2017\/07\/20140407-06.jpg\" rel=\"lightbox[20140404]\" data-lbwps-width=\"1200\" data-lbwps-height=\"674\" data-lbwps-srcsmall=\"https:\/\/jabietz.de\/fregatte-luebeck\/wp-content\/uploads\/2017\/07\/20140407-06-300x169.jpg\"><img loading=\"lazy\" decoding=\"async\" class=\"alignnone wp-image-1153 size-medium\" title=\"Patenschaftsbesuch 2014\" src=\"https:\/\/jabietz.de\/fregatte-luebeck\/wp-content\/uploads\/2017\/07\/20140407-06-300x169.jpg\" alt=\"\" width=\"300\" height=\"169\" srcset=\"https:\/\/jabietz.de\/fregatte-luebeck\/wp-content\/uploads\/2017\/07\/20140407-06-300x169.jpg 300w, https:\/\/jabietz.de\/fregatte-luebeck\/wp-content\/uploads\/2017\/07\/20140407-06-768x431.jpg 768w, https:\/\/jabietz.de\/fregatte-luebeck\/wp-content\/uploads\/2017\/07\/20140407-06-1024x575.jpg 1024w, https:\/\/jabietz.de\/fregatte-luebeck\/wp-content\/uploads\/2017\/07\/20140407-06-500x281.jpg 500w, https:\/\/jabietz.de\/fregatte-luebeck\/wp-content\/uploads\/2017\/07\/20140407-06.jpg 1200w\" sizes=\"auto, (max-width: 300px) 100vw, 300px\" \/><\/a><\/p>\n<p style=\"text-align: justify;\">Die Fregatte &#8222;L\u00dcBECK&#8220; verabschiedet sich aus L\u00fcbeck und f\u00e4hrt nun als deutsche Vertretung zu den Feierlichkeiten zum 200j\u00e4hrigen Bestehen der norwegischen Marine nach Bergen. Ich hoffe, dass sie im n\u00e4chsten Jahr ihren eigenen 25sten Geburtstag in der Patenstadt feiern wird &#8211; wie auch schon den 20sten &#8211; und w\u00fcnsche ihr bis dahin immer eine Handbreit Wasser unter dem Kiel und der Besatzung alles Gute.<\/p>\n<h2><span style=\"font-size: 14pt;\"><strong>Bilder vom OpenShip am Sonntag, den 6.April<\/strong><\/span><\/h2>\n<p style=\"text-align: justify;\">Leider durfte man sich w\u00e4hrend des Open-Ship nur an Oberdeck aufhalten und einen Rundgang machen. Schade eigentlich, dass kein Br\u00fcckenbesuch m\u00f6glich war, weil\u00a0<i>&#8222;der Aufstieg dorthin ein gewisses Unfallrisiko beinhaltet&#8220;<\/i>. Schade auch, dass es nicht mal eine Cola oder ein Bierchen gab, auch war keine Grillwurst zu bekommen &#8211; das war fr\u00fcher definitiv anders. Daf\u00fcr gab es Feuerzeuge, T-Shirts und M\u00fctzen.<\/p>\n<p><a href=\"https:\/\/jabietz.de\/fregatte-luebeck\/wp-content\/uploads\/2017\/07\/20140406-01.jpg\" rel=\"lightbox[20140404]\" data-lbwps-width=\"1200\" data-lbwps-height=\"674\" data-lbwps-srcsmall=\"https:\/\/jabietz.de\/fregatte-luebeck\/wp-content\/uploads\/2017\/07\/20140406-01-300x169.jpg\"><img loading=\"lazy\" decoding=\"async\" class=\"alignnone wp-image-1136 size-medium\" title=\"Patenschaftsbesuch 2014\" src=\"https:\/\/jabietz.de\/fregatte-luebeck\/wp-content\/uploads\/2017\/07\/20140406-01-300x169.jpg\" alt=\"\" width=\"300\" height=\"169\" srcset=\"https:\/\/jabietz.de\/fregatte-luebeck\/wp-content\/uploads\/2017\/07\/20140406-01-300x169.jpg 300w, https:\/\/jabietz.de\/fregatte-luebeck\/wp-content\/uploads\/2017\/07\/20140406-01-768x431.jpg 768w, https:\/\/jabietz.de\/fregatte-luebeck\/wp-content\/uploads\/2017\/07\/20140406-01-1024x575.jpg 1024w, https:\/\/jabietz.de\/fregatte-luebeck\/wp-content\/uploads\/2017\/07\/20140406-01-500x281.jpg 500w, https:\/\/jabietz.de\/fregatte-luebeck\/wp-content\/uploads\/2017\/07\/20140406-01.jpg 1200w\" sizes=\"auto, (max-width: 300px) 100vw, 300px\" \/><\/a> <a href=\"https:\/\/jabietz.de\/fregatte-luebeck\/wp-content\/uploads\/2017\/07\/20140406-02.jpg\" rel=\"lightbox[20140404]\" data-lbwps-width=\"1200\" data-lbwps-height=\"674\" data-lbwps-srcsmall=\"https:\/\/jabietz.de\/fregatte-luebeck\/wp-content\/uploads\/2017\/07\/20140406-02-300x169.jpg\"><img loading=\"lazy\" decoding=\"async\" class=\"alignnone wp-image-1137 size-medium\" title=\"Patenschaftsbesuch 2014\" src=\"https:\/\/jabietz.de\/fregatte-luebeck\/wp-content\/uploads\/2017\/07\/20140406-02-300x169.jpg\" alt=\"\" width=\"300\" height=\"169\" srcset=\"https:\/\/jabietz.de\/fregatte-luebeck\/wp-content\/uploads\/2017\/07\/20140406-02-300x169.jpg 300w, https:\/\/jabietz.de\/fregatte-luebeck\/wp-content\/uploads\/2017\/07\/20140406-02-768x431.jpg 768w, https:\/\/jabietz.de\/fregatte-luebeck\/wp-content\/uploads\/2017\/07\/20140406-02-1024x575.jpg 1024w, https:\/\/jabietz.de\/fregatte-luebeck\/wp-content\/uploads\/2017\/07\/20140406-02-500x281.jpg 500w, https:\/\/jabietz.de\/fregatte-luebeck\/wp-content\/uploads\/2017\/07\/20140406-02.jpg 1200w\" sizes=\"auto, (max-width: 300px) 100vw, 300px\" \/><\/a> <a href=\"https:\/\/jabietz.de\/fregatte-luebeck\/wp-content\/uploads\/2017\/07\/20140406-03.jpg\" rel=\"lightbox[20140404]\" data-lbwps-width=\"1200\" data-lbwps-height=\"674\" data-lbwps-srcsmall=\"https:\/\/jabietz.de\/fregatte-luebeck\/wp-content\/uploads\/2017\/07\/20140406-03-300x169.jpg\"><img loading=\"lazy\" decoding=\"async\" class=\"alignnone wp-image-1138 size-medium\" title=\"Patenschaftsbesuch 2014\" src=\"https:\/\/jabietz.de\/fregatte-luebeck\/wp-content\/uploads\/2017\/07\/20140406-03-300x169.jpg\" alt=\"\" width=\"300\" height=\"169\" srcset=\"https:\/\/jabietz.de\/fregatte-luebeck\/wp-content\/uploads\/2017\/07\/20140406-03-300x169.jpg 300w, https:\/\/jabietz.de\/fregatte-luebeck\/wp-content\/uploads\/2017\/07\/20140406-03-768x431.jpg 768w, https:\/\/jabietz.de\/fregatte-luebeck\/wp-content\/uploads\/2017\/07\/20140406-03-1024x575.jpg 1024w, https:\/\/jabietz.de\/fregatte-luebeck\/wp-content\/uploads\/2017\/07\/20140406-03-500x281.jpg 500w, https:\/\/jabietz.de\/fregatte-luebeck\/wp-content\/uploads\/2017\/07\/20140406-03.jpg 1200w\" sizes=\"auto, (max-width: 300px) 100vw, 300px\" \/><\/a> <a href=\"https:\/\/jabietz.de\/fregatte-luebeck\/wp-content\/uploads\/2017\/07\/20140406-04.jpg\" rel=\"lightbox[20140404]\" data-lbwps-width=\"1200\" data-lbwps-height=\"674\" data-lbwps-srcsmall=\"https:\/\/jabietz.de\/fregatte-luebeck\/wp-content\/uploads\/2017\/07\/20140406-04-300x169.jpg\"><img loading=\"lazy\" decoding=\"async\" class=\"alignnone wp-image-1139 size-medium\" title=\"Patenschaftsbesuch 2014\" src=\"https:\/\/jabietz.de\/fregatte-luebeck\/wp-content\/uploads\/2017\/07\/20140406-04-300x169.jpg\" alt=\"\" width=\"300\" height=\"169\" srcset=\"https:\/\/jabietz.de\/fregatte-luebeck\/wp-content\/uploads\/2017\/07\/20140406-04-300x169.jpg 300w, https:\/\/jabietz.de\/fregatte-luebeck\/wp-content\/uploads\/2017\/07\/20140406-04-768x431.jpg 768w, https:\/\/jabietz.de\/fregatte-luebeck\/wp-content\/uploads\/2017\/07\/20140406-04-1024x575.jpg 1024w, https:\/\/jabietz.de\/fregatte-luebeck\/wp-content\/uploads\/2017\/07\/20140406-04-500x281.jpg 500w, https:\/\/jabietz.de\/fregatte-luebeck\/wp-content\/uploads\/2017\/07\/20140406-04.jpg 1200w\" sizes=\"auto, (max-width: 300px) 100vw, 300px\" \/><\/a> <a href=\"https:\/\/jabietz.de\/fregatte-luebeck\/wp-content\/uploads\/2017\/07\/20140406-05.jpg\" rel=\"lightbox[20140404]\" data-lbwps-width=\"1200\" data-lbwps-height=\"674\" data-lbwps-srcsmall=\"https:\/\/jabietz.de\/fregatte-luebeck\/wp-content\/uploads\/2017\/07\/20140406-05-300x169.jpg\"><img loading=\"lazy\" decoding=\"async\" class=\"alignnone wp-image-1140 size-medium\" title=\"Patenschaftsbesuch 2014\" src=\"https:\/\/jabietz.de\/fregatte-luebeck\/wp-content\/uploads\/2017\/07\/20140406-05-300x169.jpg\" alt=\"\" width=\"300\" height=\"169\" srcset=\"https:\/\/jabietz.de\/fregatte-luebeck\/wp-content\/uploads\/2017\/07\/20140406-05-300x169.jpg 300w, https:\/\/jabietz.de\/fregatte-luebeck\/wp-content\/uploads\/2017\/07\/20140406-05-768x431.jpg 768w, https:\/\/jabietz.de\/fregatte-luebeck\/wp-content\/uploads\/2017\/07\/20140406-05-1024x575.jpg 1024w, https:\/\/jabietz.de\/fregatte-luebeck\/wp-content\/uploads\/2017\/07\/20140406-05-500x281.jpg 500w, https:\/\/jabietz.de\/fregatte-luebeck\/wp-content\/uploads\/2017\/07\/20140406-05.jpg 1200w\" sizes=\"auto, (max-width: 300px) 100vw, 300px\" \/><\/a> <a href=\"https:\/\/jabietz.de\/fregatte-luebeck\/wp-content\/uploads\/2017\/07\/20140406-06.jpg\" rel=\"lightbox[20140404]\" data-lbwps-width=\"1200\" data-lbwps-height=\"674\" data-lbwps-srcsmall=\"https:\/\/jabietz.de\/fregatte-luebeck\/wp-content\/uploads\/2017\/07\/20140406-06-300x169.jpg\"><img loading=\"lazy\" decoding=\"async\" class=\"alignnone wp-image-1141 size-medium\" title=\"Patenschaftsbesuch 2014\" src=\"https:\/\/jabietz.de\/fregatte-luebeck\/wp-content\/uploads\/2017\/07\/20140406-06-300x169.jpg\" alt=\"\" width=\"300\" height=\"169\" srcset=\"https:\/\/jabietz.de\/fregatte-luebeck\/wp-content\/uploads\/2017\/07\/20140406-06-300x169.jpg 300w, https:\/\/jabietz.de\/fregatte-luebeck\/wp-content\/uploads\/2017\/07\/20140406-06-768x431.jpg 768w, https:\/\/jabietz.de\/fregatte-luebeck\/wp-content\/uploads\/2017\/07\/20140406-06-1024x575.jpg 1024w, https:\/\/jabietz.de\/fregatte-luebeck\/wp-content\/uploads\/2017\/07\/20140406-06-500x281.jpg 500w, https:\/\/jabietz.de\/fregatte-luebeck\/wp-content\/uploads\/2017\/07\/20140406-06.jpg 1200w\" sizes=\"auto, (max-width: 300px) 100vw, 300px\" \/><\/a> <a href=\"https:\/\/jabietz.de\/fregatte-luebeck\/wp-content\/uploads\/2017\/07\/20140406-07.jpg\" rel=\"lightbox[20140404]\" data-lbwps-width=\"1200\" data-lbwps-height=\"674\" data-lbwps-srcsmall=\"https:\/\/jabietz.de\/fregatte-luebeck\/wp-content\/uploads\/2017\/07\/20140406-07-300x169.jpg\"><img loading=\"lazy\" decoding=\"async\" class=\"alignnone wp-image-1142 size-medium\" title=\"Patenschaftsbesuch 2014\" src=\"https:\/\/jabietz.de\/fregatte-luebeck\/wp-content\/uploads\/2017\/07\/20140406-07-300x169.jpg\" alt=\"\" width=\"300\" height=\"169\" srcset=\"https:\/\/jabietz.de\/fregatte-luebeck\/wp-content\/uploads\/2017\/07\/20140406-07-300x169.jpg 300w, https:\/\/jabietz.de\/fregatte-luebeck\/wp-content\/uploads\/2017\/07\/20140406-07-768x431.jpg 768w, https:\/\/jabietz.de\/fregatte-luebeck\/wp-content\/uploads\/2017\/07\/20140406-07-1024x575.jpg 1024w, https:\/\/jabietz.de\/fregatte-luebeck\/wp-content\/uploads\/2017\/07\/20140406-07-500x281.jpg 500w, https:\/\/jabietz.de\/fregatte-luebeck\/wp-content\/uploads\/2017\/07\/20140406-07.jpg 1200w\" sizes=\"auto, (max-width: 300px) 100vw, 300px\" \/><\/a> <a href=\"https:\/\/jabietz.de\/fregatte-luebeck\/wp-content\/uploads\/2017\/07\/20140406-08.jpg\" rel=\"lightbox[20140404]\" data-lbwps-width=\"1200\" data-lbwps-height=\"674\" data-lbwps-srcsmall=\"https:\/\/jabietz.de\/fregatte-luebeck\/wp-content\/uploads\/2017\/07\/20140406-08-300x169.jpg\"><img loading=\"lazy\" decoding=\"async\" class=\"alignnone wp-image-1143 size-medium\" title=\"Patenschaftsbesuch 2014\" src=\"https:\/\/jabietz.de\/fregatte-luebeck\/wp-content\/uploads\/2017\/07\/20140406-08-300x169.jpg\" alt=\"\" width=\"300\" height=\"169\" srcset=\"https:\/\/jabietz.de\/fregatte-luebeck\/wp-content\/uploads\/2017\/07\/20140406-08-300x169.jpg 300w, https:\/\/jabietz.de\/fregatte-luebeck\/wp-content\/uploads\/2017\/07\/20140406-08-768x431.jpg 768w, https:\/\/jabietz.de\/fregatte-luebeck\/wp-content\/uploads\/2017\/07\/20140406-08-1024x575.jpg 1024w, https:\/\/jabietz.de\/fregatte-luebeck\/wp-content\/uploads\/2017\/07\/20140406-08-500x281.jpg 500w, https:\/\/jabietz.de\/fregatte-luebeck\/wp-content\/uploads\/2017\/07\/20140406-08.jpg 1200w\" sizes=\"auto, (max-width: 300px) 100vw, 300px\" \/><\/a> <a href=\"https:\/\/jabietz.de\/fregatte-luebeck\/wp-content\/uploads\/2017\/07\/20140406-09.jpg\" rel=\"lightbox[20140404]\" data-lbwps-width=\"674\" data-lbwps-height=\"1200\" data-lbwps-srcsmall=\"https:\/\/jabietz.de\/fregatte-luebeck\/wp-content\/uploads\/2017\/07\/20140406-09-169x300.jpg\"><img loading=\"lazy\" decoding=\"async\" class=\"alignnone wp-image-1144 size-medium\" title=\"Patenschaftsbesuch 2014\" src=\"https:\/\/jabietz.de\/fregatte-luebeck\/wp-content\/uploads\/2017\/07\/20140406-09-169x300.jpg\" alt=\"\" width=\"169\" height=\"300\" srcset=\"https:\/\/jabietz.de\/fregatte-luebeck\/wp-content\/uploads\/2017\/07\/20140406-09-169x300.jpg 169w, https:\/\/jabietz.de\/fregatte-luebeck\/wp-content\/uploads\/2017\/07\/20140406-09-575x1024.jpg 575w, https:\/\/jabietz.de\/fregatte-luebeck\/wp-content\/uploads\/2017\/07\/20140406-09.jpg 674w\" sizes=\"auto, (max-width: 169px) 100vw, 169px\" \/><\/a> <a href=\"https:\/\/jabietz.de\/fregatte-luebeck\/wp-content\/uploads\/2017\/07\/20140406-10.jpg\" rel=\"lightbox[20140404]\" data-lbwps-width=\"1200\" data-lbwps-height=\"674\" data-lbwps-srcsmall=\"https:\/\/jabietz.de\/fregatte-luebeck\/wp-content\/uploads\/2017\/07\/20140406-10-300x169.jpg\"><img loading=\"lazy\" decoding=\"async\" class=\"alignnone wp-image-1145 size-medium\" title=\"Patenschaftsbesuch 2014\" src=\"https:\/\/jabietz.de\/fregatte-luebeck\/wp-content\/uploads\/2017\/07\/20140406-10-300x169.jpg\" alt=\"\" width=\"300\" height=\"169\" srcset=\"https:\/\/jabietz.de\/fregatte-luebeck\/wp-content\/uploads\/2017\/07\/20140406-10-300x169.jpg 300w, https:\/\/jabietz.de\/fregatte-luebeck\/wp-content\/uploads\/2017\/07\/20140406-10-768x431.jpg 768w, https:\/\/jabietz.de\/fregatte-luebeck\/wp-content\/uploads\/2017\/07\/20140406-10-1024x575.jpg 1024w, https:\/\/jabietz.de\/fregatte-luebeck\/wp-content\/uploads\/2017\/07\/20140406-10-500x281.jpg 500w, https:\/\/jabietz.de\/fregatte-luebeck\/wp-content\/uploads\/2017\/07\/20140406-10.jpg 1200w\" sizes=\"auto, (max-width: 300px) 100vw, 300px\" \/><\/a> <a href=\"https:\/\/jabietz.de\/fregatte-luebeck\/wp-content\/uploads\/2017\/07\/20140406-11.jpg\" rel=\"lightbox[20140404]\" data-lbwps-width=\"1200\" data-lbwps-height=\"674\" data-lbwps-srcsmall=\"https:\/\/jabietz.de\/fregatte-luebeck\/wp-content\/uploads\/2017\/07\/20140406-11-300x169.jpg\"><img loading=\"lazy\" decoding=\"async\" class=\"alignnone wp-image-1146 size-medium\" title=\"Patenschaftsbesuch 2014\" src=\"https:\/\/jabietz.de\/fregatte-luebeck\/wp-content\/uploads\/2017\/07\/20140406-11-300x169.jpg\" alt=\"\" width=\"300\" height=\"169\" srcset=\"https:\/\/jabietz.de\/fregatte-luebeck\/wp-content\/uploads\/2017\/07\/20140406-11-300x169.jpg 300w, https:\/\/jabietz.de\/fregatte-luebeck\/wp-content\/uploads\/2017\/07\/20140406-11-768x431.jpg 768w, https:\/\/jabietz.de\/fregatte-luebeck\/wp-content\/uploads\/2017\/07\/20140406-11-1024x575.jpg 1024w, https:\/\/jabietz.de\/fregatte-luebeck\/wp-content\/uploads\/2017\/07\/20140406-11-500x281.jpg 500w, https:\/\/jabietz.de\/fregatte-luebeck\/wp-content\/uploads\/2017\/07\/20140406-11.jpg 1200w\" sizes=\"auto, (max-width: 300px) 100vw, 300px\" \/><\/a> <a href=\"https:\/\/jabietz.de\/fregatte-luebeck\/wp-content\/uploads\/2017\/07\/20140406-12.jpg\" rel=\"lightbox[20140404]\" data-lbwps-width=\"1200\" data-lbwps-height=\"674\" data-lbwps-srcsmall=\"https:\/\/jabietz.de\/fregatte-luebeck\/wp-content\/uploads\/2017\/07\/20140406-12-300x169.jpg\"><img loading=\"lazy\" decoding=\"async\" class=\"alignnone wp-image-1147 size-medium\" title=\"Patenschaftsbesuch 2014\" src=\"https:\/\/jabietz.de\/fregatte-luebeck\/wp-content\/uploads\/2017\/07\/20140406-12-300x169.jpg\" alt=\"\" width=\"300\" height=\"169\" srcset=\"https:\/\/jabietz.de\/fregatte-luebeck\/wp-content\/uploads\/2017\/07\/20140406-12-300x169.jpg 300w, https:\/\/jabietz.de\/fregatte-luebeck\/wp-content\/uploads\/2017\/07\/20140406-12-768x431.jpg 768w, https:\/\/jabietz.de\/fregatte-luebeck\/wp-content\/uploads\/2017\/07\/20140406-12-1024x575.jpg 1024w, https:\/\/jabietz.de\/fregatte-luebeck\/wp-content\/uploads\/2017\/07\/20140406-12-500x281.jpg 500w, https:\/\/jabietz.de\/fregatte-luebeck\/wp-content\/uploads\/2017\/07\/20140406-12.jpg 1200w\" sizes=\"auto, (max-width: 300px) 100vw, 300px\" \/><\/a><\/p>\n<p style=\"text-align: justify;\">Diese kleine Auswahl aus 127 gemachten Detailaufnahmen sollen den Rundgang und das dabei zu sehende zeigen. Bilder von den Gittermasten und Antennenanlagen erspare ich mir an dieser Stelle.<\/p>\n<h2><span style=\"font-size: 14pt;\"><strong>Bilder vom Einlaufen am Freitag, den 4.April<\/strong><\/span><\/h2>\n<p style=\"text-align: justify;\">Heute Morgen habe ich mich gegen 8 Uhr auf den Weg zum Brodtner Steilufer gemacht und bei lausigen 6\u00b0C sowie 4 bis 5 Bft gesehen, dass gegen 8:30 Uhr der Lotse l\u00e4ngsseits gegangen ist. Neben dem Lotsen ist auch die Presse und die Stadtpr\u00e4sidentin an Bord gegangen.<\/p>\n<p><a href=\"https:\/\/jabietz.de\/fregatte-luebeck\/wp-content\/uploads\/2017\/07\/20140404-01.jpg\" rel=\"lightbox[20140404]\" data-lbwps-width=\"1200\" data-lbwps-height=\"674\" data-lbwps-srcsmall=\"https:\/\/jabietz.de\/fregatte-luebeck\/wp-content\/uploads\/2017\/07\/20140404-01-300x169.jpg\"><img loading=\"lazy\" decoding=\"async\" class=\"alignnone wp-image-1124 size-medium\" title=\"Patenschaftsbesuch 2014\" src=\"https:\/\/jabietz.de\/fregatte-luebeck\/wp-content\/uploads\/2017\/07\/20140404-01-300x169.jpg\" alt=\"\" width=\"300\" height=\"169\" srcset=\"https:\/\/jabietz.de\/fregatte-luebeck\/wp-content\/uploads\/2017\/07\/20140404-01-300x169.jpg 300w, https:\/\/jabietz.de\/fregatte-luebeck\/wp-content\/uploads\/2017\/07\/20140404-01-768x431.jpg 768w, https:\/\/jabietz.de\/fregatte-luebeck\/wp-content\/uploads\/2017\/07\/20140404-01-1024x575.jpg 1024w, https:\/\/jabietz.de\/fregatte-luebeck\/wp-content\/uploads\/2017\/07\/20140404-01-500x281.jpg 500w, https:\/\/jabietz.de\/fregatte-luebeck\/wp-content\/uploads\/2017\/07\/20140404-01.jpg 1200w\" sizes=\"auto, (max-width: 300px) 100vw, 300px\" \/><\/a><\/p>\n<p style=\"text-align: justify;\">Nach einigen Kringeln in der L\u00fcbecker Bucht nahm die &#8222;L\u00dcBECK&#8220; gegen 9 Uhr Fahrt auf und steuerte die Mole von Travem\u00fcnde an.<\/p>\n<p><a href=\"https:\/\/jabietz.de\/fregatte-luebeck\/wp-content\/uploads\/2017\/07\/20140404-02.jpg\" rel=\"lightbox[20140404]\" data-lbwps-width=\"1200\" data-lbwps-height=\"674\" data-lbwps-srcsmall=\"https:\/\/jabietz.de\/fregatte-luebeck\/wp-content\/uploads\/2017\/07\/20140404-02-300x169.jpg\"><img loading=\"lazy\" decoding=\"async\" class=\"alignnone wp-image-1125 size-medium\" title=\"Patenschaftsbesuch 2014\" src=\"https:\/\/jabietz.de\/fregatte-luebeck\/wp-content\/uploads\/2017\/07\/20140404-02-300x169.jpg\" alt=\"\" width=\"300\" height=\"169\" srcset=\"https:\/\/jabietz.de\/fregatte-luebeck\/wp-content\/uploads\/2017\/07\/20140404-02-300x169.jpg 300w, https:\/\/jabietz.de\/fregatte-luebeck\/wp-content\/uploads\/2017\/07\/20140404-02-768x431.jpg 768w, https:\/\/jabietz.de\/fregatte-luebeck\/wp-content\/uploads\/2017\/07\/20140404-02-1024x575.jpg 1024w, https:\/\/jabietz.de\/fregatte-luebeck\/wp-content\/uploads\/2017\/07\/20140404-02-500x281.jpg 500w, https:\/\/jabietz.de\/fregatte-luebeck\/wp-content\/uploads\/2017\/07\/20140404-02.jpg 1200w\" sizes=\"auto, (max-width: 300px) 100vw, 300px\" \/><\/a><\/p>\n<p>Ein Bild mit der &#8222;Passat&#8220; im Hintergrund durfte nat\u00fcrlich nicht verpasst werden.<\/p>\n<p><a href=\"https:\/\/jabietz.de\/fregatte-luebeck\/wp-content\/uploads\/2017\/07\/20140404-03.jpg\" rel=\"lightbox[20140404]\" data-lbwps-width=\"1200\" data-lbwps-height=\"674\" data-lbwps-srcsmall=\"https:\/\/jabietz.de\/fregatte-luebeck\/wp-content\/uploads\/2017\/07\/20140404-03-300x169.jpg\"><img loading=\"lazy\" decoding=\"async\" class=\"alignnone wp-image-1126 size-medium\" title=\"Patenschaftsbesuch 2014\" src=\"https:\/\/jabietz.de\/fregatte-luebeck\/wp-content\/uploads\/2017\/07\/20140404-03-300x169.jpg\" alt=\"\" width=\"300\" height=\"169\" srcset=\"https:\/\/jabietz.de\/fregatte-luebeck\/wp-content\/uploads\/2017\/07\/20140404-03-300x169.jpg 300w, https:\/\/jabietz.de\/fregatte-luebeck\/wp-content\/uploads\/2017\/07\/20140404-03-768x431.jpg 768w, https:\/\/jabietz.de\/fregatte-luebeck\/wp-content\/uploads\/2017\/07\/20140404-03-1024x575.jpg 1024w, https:\/\/jabietz.de\/fregatte-luebeck\/wp-content\/uploads\/2017\/07\/20140404-03-500x281.jpg 500w, https:\/\/jabietz.de\/fregatte-luebeck\/wp-content\/uploads\/2017\/07\/20140404-03.jpg 1200w\" sizes=\"auto, (max-width: 300px) 100vw, 300px\" \/><\/a> <a href=\"https:\/\/jabietz.de\/fregatte-luebeck\/wp-content\/uploads\/2017\/07\/20140404-04.jpg\" rel=\"lightbox[20140404]\" data-lbwps-width=\"1200\" data-lbwps-height=\"674\" data-lbwps-srcsmall=\"https:\/\/jabietz.de\/fregatte-luebeck\/wp-content\/uploads\/2017\/07\/20140404-04-300x169.jpg\"><img loading=\"lazy\" decoding=\"async\" class=\"alignnone wp-image-1127 size-medium\" title=\"Patenschaftsbesuch 2014\" src=\"https:\/\/jabietz.de\/fregatte-luebeck\/wp-content\/uploads\/2017\/07\/20140404-04-300x169.jpg\" alt=\"\" width=\"300\" height=\"169\" srcset=\"https:\/\/jabietz.de\/fregatte-luebeck\/wp-content\/uploads\/2017\/07\/20140404-04-300x169.jpg 300w, https:\/\/jabietz.de\/fregatte-luebeck\/wp-content\/uploads\/2017\/07\/20140404-04-768x431.jpg 768w, https:\/\/jabietz.de\/fregatte-luebeck\/wp-content\/uploads\/2017\/07\/20140404-04-1024x575.jpg 1024w, https:\/\/jabietz.de\/fregatte-luebeck\/wp-content\/uploads\/2017\/07\/20140404-04-500x281.jpg 500w, https:\/\/jabietz.de\/fregatte-luebeck\/wp-content\/uploads\/2017\/07\/20140404-04.jpg 1200w\" sizes=\"auto, (max-width: 300px) 100vw, 300px\" \/><\/a><\/p>\n<p style=\"text-align: justify;\">Das Licht war zum Photografieren von Schiffen in der Farbe RAL 7000 fast optimal. Keine Sonne und somit auch keine Schlagschatten, die aus Grau Wei\u00df oder fast Schwarz gemacht h\u00e4tte.<\/p>\n<p>Im L\u00fcbecker Stadtteil Herrenwyk gibt es ein Steilufer von dem man guten Blick auf die &#8222;L\u00dcBECK&#8220; hat. An dem Ort habe ich eine Menge Detailphotos von oben machen k\u00f6nnen und dabei fast eine Gesamtansicht vergessen.<\/p>\n<p><a href=\"https:\/\/jabietz.de\/fregatte-luebeck\/wp-content\/uploads\/2017\/07\/20140404-05.jpg\" rel=\"lightbox[20140404]\" data-lbwps-width=\"1200\" data-lbwps-height=\"674\" data-lbwps-srcsmall=\"https:\/\/jabietz.de\/fregatte-luebeck\/wp-content\/uploads\/2017\/07\/20140404-05-300x169.jpg\"><img loading=\"lazy\" decoding=\"async\" class=\"alignnone wp-image-1128 size-medium\" title=\"Patenschaftsbesuch 2014\" src=\"https:\/\/jabietz.de\/fregatte-luebeck\/wp-content\/uploads\/2017\/07\/20140404-05-300x169.jpg\" alt=\"\" width=\"300\" height=\"169\" srcset=\"https:\/\/jabietz.de\/fregatte-luebeck\/wp-content\/uploads\/2017\/07\/20140404-05-300x169.jpg 300w, https:\/\/jabietz.de\/fregatte-luebeck\/wp-content\/uploads\/2017\/07\/20140404-05-768x431.jpg 768w, https:\/\/jabietz.de\/fregatte-luebeck\/wp-content\/uploads\/2017\/07\/20140404-05-1024x575.jpg 1024w, https:\/\/jabietz.de\/fregatte-luebeck\/wp-content\/uploads\/2017\/07\/20140404-05-500x281.jpg 500w, https:\/\/jabietz.de\/fregatte-luebeck\/wp-content\/uploads\/2017\/07\/20140404-05.jpg 1200w\" sizes=\"auto, (max-width: 300px) 100vw, 300px\" \/><\/a><\/p>\n<p style=\"text-align: justify;\">Ein St\u00fcckchen weiter wird die Trave sehr schmal. Hier stand mal die Herrenbr\u00fccke &#8211; eine Klappbr\u00fccke, die durch den Herrentunnel ersetzt wurde. Leider ist der Bereich auf der Herreninsel etwas zugewuchert, aber man kommt ans Wasser.<\/p>\n<p><a href=\"https:\/\/jabietz.de\/fregatte-luebeck\/wp-content\/uploads\/2017\/07\/20140404-06.jpg\" rel=\"lightbox[20140404]\" data-lbwps-width=\"1200\" data-lbwps-height=\"674\" data-lbwps-srcsmall=\"https:\/\/jabietz.de\/fregatte-luebeck\/wp-content\/uploads\/2017\/07\/20140404-06-300x169.jpg\"><img loading=\"lazy\" decoding=\"async\" class=\"alignnone wp-image-1129 size-medium\" title=\"Patenschaftsbesuch 2014\" src=\"https:\/\/jabietz.de\/fregatte-luebeck\/wp-content\/uploads\/2017\/07\/20140404-06-300x169.jpg\" alt=\"\" width=\"300\" height=\"169\" srcset=\"https:\/\/jabietz.de\/fregatte-luebeck\/wp-content\/uploads\/2017\/07\/20140404-06-300x169.jpg 300w, https:\/\/jabietz.de\/fregatte-luebeck\/wp-content\/uploads\/2017\/07\/20140404-06-768x431.jpg 768w, https:\/\/jabietz.de\/fregatte-luebeck\/wp-content\/uploads\/2017\/07\/20140404-06-1024x575.jpg 1024w, https:\/\/jabietz.de\/fregatte-luebeck\/wp-content\/uploads\/2017\/07\/20140404-06-500x281.jpg 500w, https:\/\/jabietz.de\/fregatte-luebeck\/wp-content\/uploads\/2017\/07\/20140404-06.jpg 1200w\" sizes=\"auto, (max-width: 300px) 100vw, 300px\" \/><\/a><\/p>\n<p style=\"text-align: justify;\">Der weitere Verlauf der Trave f\u00fchrt die Fregatte am NSG Schellbruch vorbei bis in die H\u00e4fen in Innenstadtn\u00e4he. Hier wartet das n\u00e4chste Nadel\u00f6hr, die Eric-Warburg-Br\u00fccke &#8211; eine Klappbr\u00fccke. Zuvor wurde die &#8222;L\u00dcBECK&#8220; mit Schlepperhilfe gedreht, um sie dann r\u00fcckw\u00e4rts im Burgtorhafen einzuparken.<\/p>\n<p><a href=\"https:\/\/jabietz.de\/fregatte-luebeck\/wp-content\/uploads\/2017\/07\/20140404-07.jpg\" rel=\"lightbox[20140404]\" data-lbwps-width=\"1200\" data-lbwps-height=\"674\" data-lbwps-srcsmall=\"https:\/\/jabietz.de\/fregatte-luebeck\/wp-content\/uploads\/2017\/07\/20140404-07-300x169.jpg\"><img loading=\"lazy\" decoding=\"async\" class=\"alignnone wp-image-1130 size-medium\" title=\"Patenschaftsbesuch 2014\" src=\"https:\/\/jabietz.de\/fregatte-luebeck\/wp-content\/uploads\/2017\/07\/20140404-07-300x169.jpg\" alt=\"\" width=\"300\" height=\"169\" srcset=\"https:\/\/jabietz.de\/fregatte-luebeck\/wp-content\/uploads\/2017\/07\/20140404-07-300x169.jpg 300w, https:\/\/jabietz.de\/fregatte-luebeck\/wp-content\/uploads\/2017\/07\/20140404-07-768x431.jpg 768w, https:\/\/jabietz.de\/fregatte-luebeck\/wp-content\/uploads\/2017\/07\/20140404-07-1024x575.jpg 1024w, https:\/\/jabietz.de\/fregatte-luebeck\/wp-content\/uploads\/2017\/07\/20140404-07-500x281.jpg 500w, https:\/\/jabietz.de\/fregatte-luebeck\/wp-content\/uploads\/2017\/07\/20140404-07.jpg 1200w\" sizes=\"auto, (max-width: 300px) 100vw, 300px\" \/><\/a> <a href=\"https:\/\/jabietz.de\/fregatte-luebeck\/wp-content\/uploads\/2017\/07\/20140404-08.jpg\" rel=\"lightbox[20140404]\" data-lbwps-width=\"1200\" data-lbwps-height=\"674\" data-lbwps-srcsmall=\"https:\/\/jabietz.de\/fregatte-luebeck\/wp-content\/uploads\/2017\/07\/20140404-08-300x169.jpg\"><img loading=\"lazy\" decoding=\"async\" class=\"alignnone wp-image-1131 size-medium\" title=\"Patenschaftsbesuch 2014\" src=\"https:\/\/jabietz.de\/fregatte-luebeck\/wp-content\/uploads\/2017\/07\/20140404-08-300x169.jpg\" alt=\"\" width=\"300\" height=\"169\" srcset=\"https:\/\/jabietz.de\/fregatte-luebeck\/wp-content\/uploads\/2017\/07\/20140404-08-300x169.jpg 300w, https:\/\/jabietz.de\/fregatte-luebeck\/wp-content\/uploads\/2017\/07\/20140404-08-768x431.jpg 768w, https:\/\/jabietz.de\/fregatte-luebeck\/wp-content\/uploads\/2017\/07\/20140404-08-1024x575.jpg 1024w, https:\/\/jabietz.de\/fregatte-luebeck\/wp-content\/uploads\/2017\/07\/20140404-08-500x281.jpg 500w, https:\/\/jabietz.de\/fregatte-luebeck\/wp-content\/uploads\/2017\/07\/20140404-08.jpg 1200w\" sizes=\"auto, (max-width: 300px) 100vw, 300px\" \/><\/a> <a href=\"https:\/\/jabietz.de\/fregatte-luebeck\/wp-content\/uploads\/2017\/07\/20140404-09.jpg\" rel=\"lightbox[20140404]\" data-lbwps-width=\"1200\" data-lbwps-height=\"674\" data-lbwps-srcsmall=\"https:\/\/jabietz.de\/fregatte-luebeck\/wp-content\/uploads\/2017\/07\/20140404-09-300x169.jpg\"><img loading=\"lazy\" decoding=\"async\" class=\"alignnone wp-image-1132 size-medium\" title=\"Patenschaftsbesuch 2014\" src=\"https:\/\/jabietz.de\/fregatte-luebeck\/wp-content\/uploads\/2017\/07\/20140404-09-300x169.jpg\" alt=\"\" width=\"300\" height=\"169\" srcset=\"https:\/\/jabietz.de\/fregatte-luebeck\/wp-content\/uploads\/2017\/07\/20140404-09-300x169.jpg 300w, https:\/\/jabietz.de\/fregatte-luebeck\/wp-content\/uploads\/2017\/07\/20140404-09-768x431.jpg 768w, https:\/\/jabietz.de\/fregatte-luebeck\/wp-content\/uploads\/2017\/07\/20140404-09-1024x575.jpg 1024w, https:\/\/jabietz.de\/fregatte-luebeck\/wp-content\/uploads\/2017\/07\/20140404-09-500x281.jpg 500w, https:\/\/jabietz.de\/fregatte-luebeck\/wp-content\/uploads\/2017\/07\/20140404-09.jpg 1200w\" sizes=\"auto, (max-width: 300px) 100vw, 300px\" \/><\/a> <a href=\"https:\/\/jabietz.de\/fregatte-luebeck\/wp-content\/uploads\/2017\/07\/20140404-10.jpg\" rel=\"lightbox[20140404]\" data-lbwps-width=\"1200\" data-lbwps-height=\"674\" data-lbwps-srcsmall=\"https:\/\/jabietz.de\/fregatte-luebeck\/wp-content\/uploads\/2017\/07\/20140404-10-300x169.jpg\"><img loading=\"lazy\" decoding=\"async\" class=\"alignnone wp-image-1133 size-medium\" title=\"Patenschaftsbesuch 2014\" src=\"https:\/\/jabietz.de\/fregatte-luebeck\/wp-content\/uploads\/2017\/07\/20140404-10-300x169.jpg\" alt=\"\" width=\"300\" height=\"169\" srcset=\"https:\/\/jabietz.de\/fregatte-luebeck\/wp-content\/uploads\/2017\/07\/20140404-10-300x169.jpg 300w, https:\/\/jabietz.de\/fregatte-luebeck\/wp-content\/uploads\/2017\/07\/20140404-10-768x431.jpg 768w, https:\/\/jabietz.de\/fregatte-luebeck\/wp-content\/uploads\/2017\/07\/20140404-10-1024x575.jpg 1024w, https:\/\/jabietz.de\/fregatte-luebeck\/wp-content\/uploads\/2017\/07\/20140404-10-500x281.jpg 500w, https:\/\/jabietz.de\/fregatte-luebeck\/wp-content\/uploads\/2017\/07\/20140404-10.jpg 1200w\" sizes=\"auto, (max-width: 300px) 100vw, 300px\" \/><\/a> <a href=\"https:\/\/jabietz.de\/fregatte-luebeck\/wp-content\/uploads\/2017\/07\/20140404-11.jpg\" rel=\"lightbox[20140404]\" data-lbwps-width=\"1200\" data-lbwps-height=\"674\" data-lbwps-srcsmall=\"https:\/\/jabietz.de\/fregatte-luebeck\/wp-content\/uploads\/2017\/07\/20140404-11-300x169.jpg\"><img loading=\"lazy\" decoding=\"async\" class=\"alignnone wp-image-1134 size-medium\" title=\"Patenschaftsbesuch 2014\" src=\"https:\/\/jabietz.de\/fregatte-luebeck\/wp-content\/uploads\/2017\/07\/20140404-11-300x169.jpg\" alt=\"\" width=\"300\" height=\"169\" srcset=\"https:\/\/jabietz.de\/fregatte-luebeck\/wp-content\/uploads\/2017\/07\/20140404-11-300x169.jpg 300w, https:\/\/jabietz.de\/fregatte-luebeck\/wp-content\/uploads\/2017\/07\/20140404-11-768x431.jpg 768w, https:\/\/jabietz.de\/fregatte-luebeck\/wp-content\/uploads\/2017\/07\/20140404-11-1024x575.jpg 1024w, https:\/\/jabietz.de\/fregatte-luebeck\/wp-content\/uploads\/2017\/07\/20140404-11-500x281.jpg 500w, https:\/\/jabietz.de\/fregatte-luebeck\/wp-content\/uploads\/2017\/07\/20140404-11.jpg 1200w\" sizes=\"auto, (max-width: 300px) 100vw, 300px\" \/><\/a> <a href=\"https:\/\/jabietz.de\/fregatte-luebeck\/wp-content\/uploads\/2017\/07\/20140404-12.jpg\" rel=\"lightbox[20140404]\" data-lbwps-width=\"1200\" data-lbwps-height=\"674\" data-lbwps-srcsmall=\"https:\/\/jabietz.de\/fregatte-luebeck\/wp-content\/uploads\/2017\/07\/20140404-12-300x169.jpg\"><img loading=\"lazy\" decoding=\"async\" class=\"alignnone wp-image-1135 size-medium\" title=\"Patenschaftsbesuch 2014\" src=\"https:\/\/jabietz.de\/fregatte-luebeck\/wp-content\/uploads\/2017\/07\/20140404-12-300x169.jpg\" alt=\"\" width=\"300\" height=\"169\" srcset=\"https:\/\/jabietz.de\/fregatte-luebeck\/wp-content\/uploads\/2017\/07\/20140404-12-300x169.jpg 300w, https:\/\/jabietz.de\/fregatte-luebeck\/wp-content\/uploads\/2017\/07\/20140404-12-768x431.jpg 768w, https:\/\/jabietz.de\/fregatte-luebeck\/wp-content\/uploads\/2017\/07\/20140404-12-1024x575.jpg 1024w, https:\/\/jabietz.de\/fregatte-luebeck\/wp-content\/uploads\/2017\/07\/20140404-12-500x281.jpg 500w, https:\/\/jabietz.de\/fregatte-luebeck\/wp-content\/uploads\/2017\/07\/20140404-12.jpg 1200w\" sizes=\"auto, (max-width: 300px) 100vw, 300px\" \/><\/a><\/p>\n<p style=\"text-align: justify;\">Etwas entt\u00e4uscht bin ich von der Begr\u00fc\u00dfung von Seiten der Hansestadt oder auch der Marinekameradschaft am Hafen selbst. Es waren h\u00f6chstens 30 Personen, viele mit Photoapparat bewaffnet, anwesend, aber au\u00dfer der Stadtpr\u00e4sidentin und ihrem Vertreter niemand Offizielles und auch keine Musik. Das war fr\u00fcher anders, aber die Marine hat mit ihren &#8222;Kriegsschiffen&#8220; heute eben keine Lobby mehr &#8230; schon gar nicht in L\u00fcbeck. Vielleicht wird es im n\u00e4chsten Jahr anders, falls die &#8222;L\u00dcBECK&#8220; ihren 25. Geburtstag in der Patenstadt feiern sollte.<\/p>\n<hr \/>\n<p style=\"text-align: justify;\">\n","protected":false},"excerpt":{"rendered":"<p>Viele der hier gezeigten Bilder, Zeitungsausschnitte, Einladungskarten und Urkunden habe ich von meinem Vater geerbt, der in W\u00fcrdigung seiner Verdienste um die enge Verbundenheit zwischen der Marinekameradschaft L\u00fcbeck und den Portepeeunteroffizieren der Fregatte &#8222;L\u00dcBECK&#8220; im Juni 1993 die Ehrenmitgliedschaft der Portepeeunteroffiziers-Messe verliehen wurde. Gleichzeitig hat er ein Kartonmodell der Fregatte &#8222;L\u00dcBECK&#8220; Klasse 120 der Portepeemesse [&hellip;]<\/p>\n","protected":false},"author":1,"featured_media":0,"parent":0,"menu_order":0,"comment_status":"closed","ping_status":"closed","template":"","meta":{"footnotes":""},"class_list":["post-54","page","type-page","status-publish","hentry","post-preview"],"_links":{"self":[{"href":"https:\/\/jabietz.de\/fregatte-luebeck\/wp-json\/wp\/v2\/pages\/54","targetHints":{"allow":["GET"]}}],"collection":[{"href":"https:\/\/jabietz.de\/fregatte-luebeck\/wp-json\/wp\/v2\/pages"}],"about":[{"href":"https:\/\/jabietz.de\/fregatte-luebeck\/wp-json\/wp\/v2\/types\/page"}],"author":[{"embeddable":true,"href":"https:\/\/jabietz.de\/fregatte-luebeck\/wp-json\/wp\/v2\/users\/1"}],"replies":[{"embeddable":true,"href":"https:\/\/jabietz.de\/fregatte-luebeck\/wp-json\/wp\/v2\/comments?post=54"}],"version-history":[{"count":0,"href":"https:\/\/jabietz.de\/fregatte-luebeck\/wp-json\/wp\/v2\/pages\/54\/revisions"}],"wp:attachment":[{"href":"https:\/\/jabietz.de\/fregatte-luebeck\/wp-json\/wp\/v2\/media?parent=54"}],"curies":[{"name":"wp","href":"https:\/\/api.w.org\/{rel}","templated":true}]}}